{"id":12351,"date":"2025-05-13T06:06:31","date_gmt":"2025-05-13T06:06:31","guid":{"rendered":"https:\/\/msa-matratzen.de\/?page_id=12351"},"modified":"2025-05-20T04:53:58","modified_gmt":"2025-05-20T04:53:58","slug":"products","status":"publish","type":"page","link":"https:\/\/msa-matratzen.de\/de\/products\/","title":{"rendered":"Produkte"},"content":{"rendered":"\n<div style=\"height:60px\" aria-hidden=\"true\" class=\"wp-block-spacer uag-hide-mob\"><\/div>\n\n\n\n<div style=\"height:50px\" aria-hidden=\"true\" class=\"wp-block-spacer uag-hide-desktop uag-hide-tab\"><\/div>\n\n\n\n<div class=\"wp-block-uagb-container uagb-block-9c31bf22 alignfull uagb-is-root-container\">\n<h1 class=\"wp-block-heading has-text-color has-link-color has-jost-font-family uag-hide-mob wp-elements-c516efccea48d65d411b0abe52c8a32f\" style=\"color:#151515;margin-top:0px;margin-bottom:0px;font-size:40px;font-style:normal;font-weight:400;line-height:1.1\">Unsere Produkte<\/h1>\n\n\n\n<h1 class=\"wp-block-heading has-text-color has-link-color has-jost-font-family uag-hide-desktop uag-hide-tab wp-elements-5675e499cafdb3f5885438d6cd9c279c\" style=\"color:#151515;margin-top:0px;margin-bottom:0px;font-size:40px;font-style:normal;font-weight:400;line-height:1.1\">Produktkategorien<\/h1>\n\n\n\n<div class=\"wp-block-uagb-container product-grid-container uagb-block-2efe09c9\">\n<div class=\"wp-block-uagb-container uag-hide-mob uagb-block-a4ba4d6f\">\n<div class=\"filter-buttons\">\n  <label class=\"toggle-label\">\n    <label class=\"switch\">\n      <input type=\"checkbox\" class=\"toggle-input\" data-filter=\"spring\" \/>\n      <span class=\"slider round\"><\/span>\n    <\/label>\n    Federkernmatratzen\n  <\/label>\n\n  <label class=\"toggle-label\">\n    <label class=\"switch\">\n      <input type=\"checkbox\" class=\"toggle-input\" data-filter=\"foam\" \/>\n      <span class=\"slider round\"><\/span>\n    <\/label>\n    Schaummatratz\n  <\/label>\n\n  <label class=\"toggle-label\">\n    <label class=\"switch\">\n      <input type=\"checkbox\" class=\"toggle-input\" data-filter=\"hybrid\" \/>\n      <span class=\"slider round\"><\/span>\n    <\/label>\n    Hybridmatratzen\n  <\/label>\n<\/div>\n<\/div>\n\n\n\n<div class=\"wp-block-group main-product-grid uag-hide-mob is-layout-grid wp-container-core-group-is-layout-df17f90a wp-block-group-is-layout-grid\" style=\"min-height:0px;margin-top:0px;margin-bottom:0px;padding-top:0px;padding-right:0px;padding-bottom:0px;padding-left:0px\">\n<div class=\"wp-block-uagb-container mattress-item spring product-hover-container popmake-10220 uagb-block-6b15c488\">\n<div class=\"wp-block-uagb-container product-title-container uagb-block-c8dafaf8\">\n<p class=\"has-jost-font-family wp-block-paragraph\" style=\"font-size:18px;text-transform:uppercase\">Komfort KS<\/p>\n<\/div>\n\n\n\n<div class=\"wp-block-uagb-image alignleft uagb-block-aa74df5b wp-block-uagb-image--layout-default wp-block-uagb-image--effect-static wp-block-uagb-image--align-left product-image-default\"><figure class=\"wp-block-uagb-image__figure\"><img decoding=\"async\" srcset=\"https:\/\/msa-matratzen.de\/wp-content\/uploads\/2025\/02\/Comfort-KS.webp ,https:\/\/msa-matratzen.de\/wp-content\/uploads\/2025\/02\/Comfort-KS.webp 780w, https:\/\/msa-matratzen.de\/wp-content\/uploads\/2025\/02\/Comfort-KS.webp 360w\" sizes=\"auto, (max-width: 480px) 150px\" src=\"https:\/\/msa-matratzen.de\/wp-content\/uploads\/2025\/02\/Comfort-KS.webp\" alt=\"Comfort KS\" class=\"uag-image-9443\" width=\"286\" height=\"135\" title=\"Comfort KS\" loading=\"lazy\" role=\"img\"\/><\/figure><\/div>\n\n\n\n<div class=\"wp-block-uagb-image alignleft uagb-block-1991fe72 wp-block-uagb-image--layout-default wp-block-uagb-image--effect-static wp-block-uagb-image--align-left product-image-hover\"><figure class=\"wp-block-uagb-image__figure\"><img decoding=\"async\" srcset=\"https:\/\/msa-matratzen.de\/wp-content\/uploads\/2025\/02\/ComfortKS_02-1024x592.webp ,https:\/\/msa-matratzen.de\/wp-content\/uploads\/2025\/02\/ComfortKS_02-scaled.webp 780w, https:\/\/msa-matratzen.de\/wp-content\/uploads\/2025\/02\/ComfortKS_02-scaled.webp 360w\" sizes=\"auto, (max-width: 480px) 150px\" src=\"https:\/\/msa-matratzen.de\/wp-content\/uploads\/2025\/02\/ComfortKS_02-1024x592.webp\" alt=\"Comfort KS\" class=\"uag-image-9482\" width=\"286\" height=\"135\" title=\"Comfort KS\" loading=\"lazy\" role=\"img\"\/><\/figure><\/div>\n<\/div>\n\n\n\n<div class=\"wp-block-uagb-container mattress-item spring product-hover-container popmake-10415 uagb-block-19eb8289\">\n<div class=\"wp-block-uagb-container product-title-container uagb-block-771b9cdf\">\n<p class=\"has-jost-font-family wp-block-paragraph\" style=\"font-size:18px;text-transform:uppercase\">Komfort PU<\/p>\n<\/div>\n\n\n\n<div class=\"wp-block-uagb-image alignleft uagb-block-18576d3b wp-block-uagb-image--layout-default wp-block-uagb-image--effect-static wp-block-uagb-image--align-left product-image-default\"><figure class=\"wp-block-uagb-image__figure\"><img decoding=\"async\" srcset=\"https:\/\/msa-matratzen.de\/wp-content\/uploads\/2025\/02\/Comfort-PU.webp ,https:\/\/msa-matratzen.de\/wp-content\/uploads\/2025\/02\/Comfort-PU.webp 780w, https:\/\/msa-matratzen.de\/wp-content\/uploads\/2025\/02\/Comfort-PU.webp 360w\" sizes=\"auto, (max-width: 480px) 150px\" src=\"https:\/\/msa-matratzen.de\/wp-content\/uploads\/2025\/02\/Comfort-PU.webp\" alt=\"Comfort PU\" class=\"uag-image-9444\" width=\"286\" height=\"135\" title=\"Comfort PU\" loading=\"lazy\" role=\"img\"\/><\/figure><\/div>\n\n\n\n<div class=\"wp-block-uagb-image alignleft uagb-block-fc88d92c wp-block-uagb-image--layout-default wp-block-uagb-image--effect-static wp-block-uagb-image--align-left product-image-hover\"><figure class=\"wp-block-uagb-image__figure\"><img decoding=\"async\" srcset=\"https:\/\/msa-matratzen.de\/wp-content\/uploads\/2025\/02\/Comfort-PU-1-1024x615.webp ,https:\/\/msa-matratzen.de\/wp-content\/uploads\/2025\/02\/Comfort-PU-1-scaled.webp 780w, https:\/\/msa-matratzen.de\/wp-content\/uploads\/2025\/02\/Comfort-PU-1-scaled.webp 360w\" sizes=\"auto, (max-width: 480px) 150px\" src=\"https:\/\/msa-matratzen.de\/wp-content\/uploads\/2025\/02\/Comfort-PU-1-1024x615.webp\" alt=\"Comfort PU\" class=\"uag-image-9485\" width=\"286\" height=\"135\" title=\"Comfort PU\" loading=\"lazy\" role=\"img\"\/><\/figure><\/div>\n<\/div>\n\n\n\n<div class=\"wp-block-uagb-container mattress-item greyline spring product-hover-container popmake-10422 uagb-block-dc372275\">\n<div class=\"wp-block-uagb-container product-title-container uagb-block-009c7851\">\n<p class=\"has-jost-font-family wp-block-paragraph\" style=\"font-size:18px;text-transform:uppercase\">Grey Line Dynamic<\/p>\n<\/div>\n\n\n\n<div class=\"wp-block-uagb-container container-greyline-default-product-image uagb-block-a2a9a1b4\">\n<div class=\"wp-block-uagb-image alignleft uagb-block-b1484260 wp-block-uagb-image--layout-default wp-block-uagb-image--effect-static wp-block-uagb-image--align-left product-image-default\"><figure class=\"wp-block-uagb-image__figure\"><img decoding=\"async\" srcset=\"https:\/\/msa-matratzen.de\/wp-content\/uploads\/2025\/03\/Grey-Line-Dynamic.webp ,https:\/\/msa-matratzen.de\/wp-content\/uploads\/2025\/03\/Grey-Line-Dynamic.webp 780w, https:\/\/msa-matratzen.de\/wp-content\/uploads\/2025\/03\/Grey-Line-Dynamic.webp 360w\" sizes=\"auto, (max-width: 480px) 150px\" src=\"https:\/\/msa-matratzen.de\/wp-content\/uploads\/2025\/03\/Grey-Line-Dynamic.webp\" alt=\"Grey Line Dynamic\" class=\"uag-image-11031\" width=\"286\" height=\"135\" title=\"Grey Line Dynamic\" loading=\"lazy\" role=\"img\"\/><\/figure><\/div>\n\n\n\n<div class=\"wp-block-uagb-container product-chips uagb-block-e1b883b6\">\n<p class=\"has-text-align-center has-custom-accent-custom-color has-text-color has-link-color has-jost-font-family wp-elements-cee7b1d5cd00456d3f5ea2fd221ad430 wp-block-paragraph\" style=\"font-size:8px;font-style:normal;font-weight:600;line-height:1\">GreyLine<\/p>\n<\/div>\n<\/div>\n\n\n\n<div class=\"wp-block-uagb-image alignleft uagb-block-4f8e9ddd wp-block-uagb-image--layout-default wp-block-uagb-image--effect-static wp-block-uagb-image--align-left product-image-hover\"><figure class=\"wp-block-uagb-image__figure\"><img decoding=\"async\" srcset=\"https:\/\/msa-matratzen.de\/wp-content\/uploads\/2025\/02\/Grey-Line-Dynamic-1-1024x637.webp ,https:\/\/msa-matratzen.de\/wp-content\/uploads\/2025\/02\/Grey-Line-Dynamic-1-scaled.webp 780w, https:\/\/msa-matratzen.de\/wp-content\/uploads\/2025\/02\/Grey-Line-Dynamic-1-scaled.webp 360w\" sizes=\"auto, (max-width: 480px) 150px\" src=\"https:\/\/msa-matratzen.de\/wp-content\/uploads\/2025\/02\/Grey-Line-Dynamic-1-1024x637.webp\" alt=\"Grey Line Dynamic\" class=\"uag-image-9487\" width=\"286\" height=\"135\" title=\"Grey Line Dynamic\" loading=\"lazy\" role=\"img\"\/><\/figure><\/div>\n<\/div>\n\n\n\n<div class=\"wp-block-uagb-container mattress-item greyline spring product-hover-container popmake-10427 uagb-block-71028425\">\n<div class=\"wp-block-uagb-container product-title-container uagb-block-067d4fc3\">\n<p class=\"has-jost-font-family wp-block-paragraph\" style=\"font-size:18px;text-transform:uppercase\">Grey Line Element<\/p>\n<\/div>\n\n\n\n<div class=\"wp-block-uagb-container container-greyline-default-product-image uagb-block-d0ea2aff\">\n<div class=\"wp-block-uagb-image alignleft uagb-block-90a26788 wp-block-uagb-image--layout-default wp-block-uagb-image--effect-static wp-block-uagb-image--align-left product-image-default\"><figure class=\"wp-block-uagb-image__figure\"><img decoding=\"async\" srcset=\"https:\/\/msa-matratzen.de\/wp-content\/uploads\/2025\/03\/Grey-Line-Element.webp ,https:\/\/msa-matratzen.de\/wp-content\/uploads\/2025\/03\/Grey-Line-Element.webp 780w, https:\/\/msa-matratzen.de\/wp-content\/uploads\/2025\/03\/Grey-Line-Element.webp 360w\" sizes=\"auto, (max-width: 480px) 150px\" src=\"https:\/\/msa-matratzen.de\/wp-content\/uploads\/2025\/03\/Grey-Line-Element.webp\" alt=\"Grey Line Element\" class=\"uag-image-11030\" width=\"286\" height=\"135\" title=\"Grey Line Element\" loading=\"lazy\" role=\"img\"\/><\/figure><\/div>\n\n\n\n<div class=\"wp-block-uagb-container product-chips uagb-block-d8df06b8\">\n<p class=\"has-text-align-center has-custom-accent-custom-color has-text-color has-link-color has-jost-font-family wp-elements-6d77785df26d96687732cebff209e427 wp-block-paragraph\" style=\"font-size:8px;font-style:normal;font-weight:600;line-height:1\">GreyLine<\/p>\n<\/div>\n<\/div>\n\n\n\n<div class=\"wp-block-uagb-image alignleft uagb-block-cbda3877 wp-block-uagb-image--layout-default wp-block-uagb-image--effect-static wp-block-uagb-image--align-left product-image-hover\"><figure class=\"wp-block-uagb-image__figure\"><img decoding=\"async\" srcset=\"https:\/\/msa-matratzen.de\/wp-content\/uploads\/2025\/02\/Grey-Line-Element-1-1024x637.webp ,https:\/\/msa-matratzen.de\/wp-content\/uploads\/2025\/02\/Grey-Line-Element-1-scaled.webp 780w, https:\/\/msa-matratzen.de\/wp-content\/uploads\/2025\/02\/Grey-Line-Element-1-scaled.webp 360w\" sizes=\"auto, (max-width: 480px) 150px\" src=\"https:\/\/msa-matratzen.de\/wp-content\/uploads\/2025\/02\/Grey-Line-Element-1-1024x637.webp\" alt=\"Grey Line Element\" class=\"uag-image-9488\" width=\"286\" height=\"135\" title=\"Grey Line Element\" loading=\"lazy\" role=\"img\"\/><\/figure><\/div>\n<\/div>\n\n\n\n<div class=\"wp-block-uagb-container mattress-item greyline foam product-hover-container popmake-10434 uagb-block-eb629d5d\">\n<div class=\"wp-block-uagb-container product-title-container uagb-block-3e2b2f03\">\n<p class=\"has-jost-font-family wp-block-paragraph\" style=\"font-size:18px;text-transform:uppercase\">Grey Line Fusion 2 in 1<\/p>\n<\/div>\n\n\n\n<div class=\"wp-block-uagb-container container-greyline-default-product-image uagb-block-196400c0\">\n<div class=\"wp-block-uagb-image alignleft uagb-block-a5454fe5 wp-block-uagb-image--layout-default wp-block-uagb-image--effect-static wp-block-uagb-image--align-left product-image-default\"><figure class=\"wp-block-uagb-image__figure\"><img decoding=\"async\" srcset=\"https:\/\/msa-matratzen.de\/wp-content\/uploads\/2025\/03\/Grey-Line-Fusion-2-in-1.webp ,https:\/\/msa-matratzen.de\/wp-content\/uploads\/2025\/03\/Grey-Line-Fusion-2-in-1.webp 780w, https:\/\/msa-matratzen.de\/wp-content\/uploads\/2025\/03\/Grey-Line-Fusion-2-in-1.webp 360w\" sizes=\"auto, (max-width: 480px) 150px\" src=\"https:\/\/msa-matratzen.de\/wp-content\/uploads\/2025\/03\/Grey-Line-Fusion-2-in-1.webp\" alt=\"Grey Line Fusion 2 in 1\" class=\"uag-image-11029\" width=\"286\" height=\"135\" title=\"Grey Line Fusion 2 in 1\" loading=\"lazy\" role=\"img\"\/><\/figure><\/div>\n\n\n\n<div class=\"wp-block-uagb-container product-chips uagb-block-16e6a1bd\">\n<p class=\"has-text-align-center has-custom-accent-custom-color has-text-color has-link-color has-jost-font-family wp-elements-cee7b1d5cd00456d3f5ea2fd221ad430 wp-block-paragraph\" style=\"font-size:8px;font-style:normal;font-weight:600;line-height:1\">GreyLine<\/p>\n<\/div>\n<\/div>\n\n\n\n<div class=\"wp-block-uagb-image alignleft uagb-block-2e0848c5 wp-block-uagb-image--layout-default wp-block-uagb-image--effect-static wp-block-uagb-image--align-left product-image-hover\"><figure class=\"wp-block-uagb-image__figure\"><img decoding=\"async\" srcset=\"https:\/\/msa-matratzen.de\/wp-content\/uploads\/2025\/02\/Grey-Line-Fusion-2in1-1024x589.webp ,https:\/\/msa-matratzen.de\/wp-content\/uploads\/2025\/02\/Grey-Line-Fusion-2in1-scaled.webp 780w, https:\/\/msa-matratzen.de\/wp-content\/uploads\/2025\/02\/Grey-Line-Fusion-2in1-scaled.webp 360w\" sizes=\"auto, (max-width: 480px) 150px\" src=\"https:\/\/msa-matratzen.de\/wp-content\/uploads\/2025\/02\/Grey-Line-Fusion-2in1-1024x589.webp\" alt=\"Grey Line Fusion 2 in 1\" class=\"uag-image-9489\" width=\"286\" height=\"135\" title=\"Grey Line Fusion 2in1\" loading=\"lazy\" role=\"img\"\/><\/figure><\/div>\n<\/div>\n\n\n\n<div class=\"wp-block-uagb-container mattress-item greyline spring product-hover-container popmake-10449 uagb-block-b79a6efd\">\n<div class=\"wp-block-uagb-container product-title-container uagb-block-a00f2738\">\n<p class=\"has-jost-font-family wp-block-paragraph\" style=\"font-size:18px;text-transform:uppercase\">Grey Line Synesis<\/p>\n<\/div>\n\n\n\n<div class=\"wp-block-uagb-container container-greyline-default-product-image uagb-block-52700cf3\">\n<div class=\"wp-block-uagb-image alignleft uagb-block-e694abd2 wp-block-uagb-image--layout-default wp-block-uagb-image--effect-static wp-block-uagb-image--align-left product-image-default\"><figure class=\"wp-block-uagb-image__figure\"><img decoding=\"async\" srcset=\"https:\/\/msa-matratzen.de\/wp-content\/uploads\/2025\/03\/Grey-Line-Synesis-1.webp ,https:\/\/msa-matratzen.de\/wp-content\/uploads\/2025\/03\/Grey-Line-Synesis-1.webp 780w, https:\/\/msa-matratzen.de\/wp-content\/uploads\/2025\/03\/Grey-Line-Synesis-1.webp 360w\" sizes=\"auto, (max-width: 480px) 150px\" src=\"https:\/\/msa-matratzen.de\/wp-content\/uploads\/2025\/03\/Grey-Line-Synesis-1.webp\" alt=\"Grey Line Synesis\" class=\"uag-image-11028\" width=\"286\" height=\"135\" title=\"Grey Line Synesis\" loading=\"lazy\" role=\"img\"\/><\/figure><\/div>\n\n\n\n<div class=\"wp-block-uagb-container product-chips uagb-block-0f14eb84\">\n<p class=\"has-text-align-center has-custom-accent-custom-color has-text-color has-link-color has-jost-font-family wp-elements-cee7b1d5cd00456d3f5ea2fd221ad430 wp-block-paragraph\" style=\"font-size:8px;font-style:normal;font-weight:600;line-height:1\">GreyLine<\/p>\n<\/div>\n<\/div>\n\n\n\n<div class=\"wp-block-uagb-image alignleft uagb-block-cf8e17b6 wp-block-uagb-image--layout-default wp-block-uagb-image--effect-static wp-block-uagb-image--align-left product-image-hover\"><figure class=\"wp-block-uagb-image__figure\"><img decoding=\"async\" srcset=\"https:\/\/msa-matratzen.de\/wp-content\/uploads\/2025\/02\/Grey-Line-Synesis-1-1024x652.webp ,https:\/\/msa-matratzen.de\/wp-content\/uploads\/2025\/02\/Grey-Line-Synesis-1-scaled.webp 780w, https:\/\/msa-matratzen.de\/wp-content\/uploads\/2025\/02\/Grey-Line-Synesis-1-scaled.webp 360w\" sizes=\"auto, (max-width: 480px) 150px\" src=\"https:\/\/msa-matratzen.de\/wp-content\/uploads\/2025\/02\/Grey-Line-Synesis-1-1024x652.webp\" alt=\"Grey Line Synesis\" class=\"uag-image-9490\" width=\"286\" height=\"135\" title=\"Grey Line Synesis\" loading=\"lazy\" role=\"img\"\/><\/figure><\/div>\n<\/div>\n\n\n\n<div class=\"wp-block-uagb-container mattress-item greyline foam product-hover-container popmake-10454 uagb-block-9e42f93e\">\n<div class=\"wp-block-uagb-container product-title-container uagb-block-ac7cb12b\">\n<p class=\"has-jost-font-family wp-block-paragraph\" style=\"font-size:18px;text-transform:uppercase\">Grey Line Wave<\/p>\n<\/div>\n\n\n\n<div class=\"wp-block-uagb-container container-greyline-default-product-image uagb-block-32b308de\">\n<div class=\"wp-block-uagb-image alignleft uagb-block-8e520e63 wp-block-uagb-image--layout-default wp-block-uagb-image--effect-static wp-block-uagb-image--align-left product-image-default\"><figure class=\"wp-block-uagb-image__figure\"><img decoding=\"async\" srcset=\"https:\/\/msa-matratzen.de\/wp-content\/uploads\/2025\/03\/Grey-Line-Wave.webp ,https:\/\/msa-matratzen.de\/wp-content\/uploads\/2025\/03\/Grey-Line-Wave.webp 780w, https:\/\/msa-matratzen.de\/wp-content\/uploads\/2025\/03\/Grey-Line-Wave.webp 360w\" sizes=\"auto, (max-width: 480px) 150px\" src=\"https:\/\/msa-matratzen.de\/wp-content\/uploads\/2025\/03\/Grey-Line-Wave.webp\" alt=\"Grey Line Wave\" class=\"uag-image-11027\" width=\"286\" height=\"135\" title=\"Grey Line Wave\" loading=\"lazy\" role=\"img\"\/><\/figure><\/div>\n\n\n\n<div class=\"wp-block-uagb-container product-chips uagb-block-38616def\">\n<p class=\"has-text-align-center has-custom-accent-custom-color has-text-color has-link-color has-jost-font-family wp-elements-cee7b1d5cd00456d3f5ea2fd221ad430 wp-block-paragraph\" style=\"font-size:8px;font-style:normal;font-weight:600;line-height:1\">GreyLine<\/p>\n<\/div>\n<\/div>\n\n\n\n<div class=\"wp-block-uagb-image alignleft uagb-block-b2fe8f21 wp-block-uagb-image--layout-default wp-block-uagb-image--effect-static wp-block-uagb-image--align-left product-image-hover\"><figure class=\"wp-block-uagb-image__figure\"><img decoding=\"async\" srcset=\"https:\/\/msa-matratzen.de\/wp-content\/uploads\/2025\/02\/Grey-Line-Wave-1-1024x639.webp ,https:\/\/msa-matratzen.de\/wp-content\/uploads\/2025\/02\/Grey-Line-Wave-1-scaled.webp 780w, https:\/\/msa-matratzen.de\/wp-content\/uploads\/2025\/02\/Grey-Line-Wave-1-scaled.webp 360w\" sizes=\"auto, (max-width: 480px) 150px\" src=\"https:\/\/msa-matratzen.de\/wp-content\/uploads\/2025\/02\/Grey-Line-Wave-1-1024x639.webp\" alt=\"Grey Line Wave\" class=\"uag-image-9491\" width=\"286\" height=\"135\" title=\"Grey Line Wave\" loading=\"lazy\" role=\"img\"\/><\/figure><\/div>\n<\/div>\n\n\n\n<div class=\"wp-block-uagb-container mattress-item spring product-hover-container popmake-10455 uagb-block-dbd16126\">\n<div class=\"wp-block-uagb-container product-title-container uagb-block-3e6b018b\">\n<p class=\"has-jost-font-family wp-block-paragraph\" style=\"font-size:18px;text-transform:uppercase\">Hygiene Star<\/p>\n<\/div>\n\n\n\n<div class=\"wp-block-uagb-image alignleft uagb-block-65040daf wp-block-uagb-image--layout-default wp-block-uagb-image--effect-static wp-block-uagb-image--align-left product-image-default\"><figure class=\"wp-block-uagb-image__figure\"><img decoding=\"async\" srcset=\"https:\/\/msa-matratzen.de\/wp-content\/uploads\/2025\/02\/Hygiene-Star.webp ,https:\/\/msa-matratzen.de\/wp-content\/uploads\/2025\/02\/Hygiene-Star.webp 780w, https:\/\/msa-matratzen.de\/wp-content\/uploads\/2025\/02\/Hygiene-Star.webp 360w\" sizes=\"auto, (max-width: 480px) 150px\" src=\"https:\/\/msa-matratzen.de\/wp-content\/uploads\/2025\/02\/Hygiene-Star.webp\" alt=\"\" class=\"uag-image-9453\" width=\"286\" height=\"135\" title=\"Hygiene Star\" loading=\"lazy\" role=\"img\"\/><\/figure><\/div>\n\n\n\n<div class=\"wp-block-uagb-image alignleft uagb-block-bca182af wp-block-uagb-image--layout-default wp-block-uagb-image--effect-static wp-block-uagb-image--align-left product-image-hover\"><figure class=\"wp-block-uagb-image__figure\"><img decoding=\"async\" srcset=\"https:\/\/msa-matratzen.de\/wp-content\/uploads\/2025\/02\/Hygiene-Star-1-1024x645.webp ,https:\/\/msa-matratzen.de\/wp-content\/uploads\/2025\/02\/Hygiene-Star-1-scaled.webp 780w, https:\/\/msa-matratzen.de\/wp-content\/uploads\/2025\/02\/Hygiene-Star-1-scaled.webp 360w\" sizes=\"auto, (max-width: 480px) 150px\" src=\"https:\/\/msa-matratzen.de\/wp-content\/uploads\/2025\/02\/Hygiene-Star-1-1024x645.webp\" alt=\"Hygiene Star\" class=\"uag-image-9496\" width=\"286\" height=\"135\" title=\"Hygiene Star\" loading=\"lazy\" role=\"img\"\/><\/figure><\/div>\n<\/div>\n\n\n\n<div class=\"wp-block-uagb-container mattress-item spring product-hover-container popmake-10508 uagb-block-7d849cd9\">\n<div class=\"wp-block-uagb-container product-title-container uagb-block-f9ec2a3a\">\n<p class=\"has-jost-font-family wp-block-paragraph\" style=\"font-size:18px;text-transform:uppercase\">Modern KS<\/p>\n<\/div>\n\n\n\n<div class=\"wp-block-uagb-image alignleft uagb-block-bc922468 wp-block-uagb-image--layout-default wp-block-uagb-image--effect-static wp-block-uagb-image--align-left product-image-default\"><figure class=\"wp-block-uagb-image__figure\"><img decoding=\"async\" srcset=\"https:\/\/msa-matratzen.de\/wp-content\/uploads\/2025\/02\/Modern-KS.webp ,https:\/\/msa-matratzen.de\/wp-content\/uploads\/2025\/02\/Modern-KS.webp 780w, https:\/\/msa-matratzen.de\/wp-content\/uploads\/2025\/02\/Modern-KS.webp 360w\" sizes=\"auto, (max-width: 480px) 150px\" src=\"https:\/\/msa-matratzen.de\/wp-content\/uploads\/2025\/02\/Modern-KS.webp\" alt=\"Modern KS\" class=\"uag-image-9462\" width=\"286\" height=\"135\" title=\"Modern KS\" loading=\"lazy\" role=\"img\"\/><\/figure><\/div>\n\n\n\n<div class=\"wp-block-uagb-image alignleft uagb-block-6607226d wp-block-uagb-image--layout-default wp-block-uagb-image--effect-static wp-block-uagb-image--align-left product-image-hover\"><figure class=\"wp-block-uagb-image__figure\"><img decoding=\"async\" srcset=\"https:\/\/msa-matratzen.de\/wp-content\/uploads\/2025\/02\/Modern-KS-1-1024x637.webp ,https:\/\/msa-matratzen.de\/wp-content\/uploads\/2025\/02\/Modern-KS-1-scaled.webp 780w, https:\/\/msa-matratzen.de\/wp-content\/uploads\/2025\/02\/Modern-KS-1-scaled.webp 360w\" sizes=\"auto, (max-width: 480px) 150px\" src=\"https:\/\/msa-matratzen.de\/wp-content\/uploads\/2025\/02\/Modern-KS-1-1024x637.webp\" alt=\"Modern KS\" class=\"uag-image-9497\" width=\"286\" height=\"135\" title=\"Modern KS\" loading=\"lazy\" role=\"img\"\/><\/figure><\/div>\n<\/div>\n\n\n\n<div class=\"wp-block-uagb-container mattress-item spring product-hover-container popmake-10510 uag-hide-desktop uag-hide-tab uag-hide-mob uagb-block-53827daa\">\n<div class=\"wp-block-uagb-container product-title-container uagb-block-b9209918\">\n<p class=\"has-jost-font-family wp-block-paragraph\" style=\"font-size:18px;text-transform:uppercase\">Modern Visco<\/p>\n<\/div>\n\n\n\n<div class=\"wp-block-uagb-image alignleft uagb-block-9c2c0195 wp-block-uagb-image--layout-default wp-block-uagb-image--effect-static wp-block-uagb-image--align-left product-image-default\"><figure class=\"wp-block-uagb-image__figure\"><img decoding=\"async\" srcset=\"https:\/\/msa-matratzen.de\/wp-content\/uploads\/2025\/02\/Modern-Visco.webp ,https:\/\/msa-matratzen.de\/wp-content\/uploads\/2025\/02\/Modern-Visco.webp 780w, https:\/\/msa-matratzen.de\/wp-content\/uploads\/2025\/02\/Modern-Visco.webp 360w\" sizes=\"auto, (max-width: 480px) 150px\" src=\"https:\/\/msa-matratzen.de\/wp-content\/uploads\/2025\/02\/Modern-Visco.webp\" alt=\"Modern Visco\" class=\"uag-image-9463\" width=\"286\" height=\"135\" title=\"Modern Visco\" loading=\"lazy\" role=\"img\"\/><\/figure><\/div>\n\n\n\n<div class=\"wp-block-uagb-image alignleft uagb-block-8171074d wp-block-uagb-image--layout-default wp-block-uagb-image--effect-static wp-block-uagb-image--align-left product-image-hover\"><figure class=\"wp-block-uagb-image__figure\"><img decoding=\"async\" srcset=\"https:\/\/msa-matratzen.de\/wp-content\/uploads\/2025\/02\/ModernVisco_02-1024x609.png ,https:\/\/msa-matratzen.de\/wp-content\/uploads\/2025\/02\/ModernVisco_02.png 780w, https:\/\/msa-matratzen.de\/wp-content\/uploads\/2025\/02\/ModernVisco_02.png 360w\" sizes=\"auto, (max-width: 480px) 150px\" src=\"https:\/\/msa-matratzen.de\/wp-content\/uploads\/2025\/02\/ModernVisco_02-1024x609.png\" alt=\"Modern Visco\" class=\"uag-image-7141\" width=\"286\" height=\"135\" title=\"Modern Visco\" loading=\"lazy\" role=\"img\"\/><\/figure><\/div>\n<\/div>\n\n\n\n<div class=\"wp-block-uagb-container mattress-item spring product-hover-container popmake-10513 uagb-block-bc4b8f17\">\n<div class=\"wp-block-uagb-container product-title-container uagb-block-2f2d91be\">\n<p class=\"has-jost-font-family wp-block-paragraph\" style=\"font-size:18px;text-transform:uppercase\">Neon 2 in 1<\/p>\n<\/div>\n\n\n\n<div class=\"wp-block-uagb-image alignleft uagb-block-72c272cc wp-block-uagb-image--layout-default wp-block-uagb-image--effect-static wp-block-uagb-image--align-left product-image-default\"><figure class=\"wp-block-uagb-image__figure\"><img decoding=\"async\" srcset=\"https:\/\/msa-matratzen.de\/wp-content\/uploads\/2025\/02\/Neon-2-in-1.webp ,https:\/\/msa-matratzen.de\/wp-content\/uploads\/2025\/02\/Neon-2-in-1.webp 780w, https:\/\/msa-matratzen.de\/wp-content\/uploads\/2025\/02\/Neon-2-in-1.webp 360w\" sizes=\"auto, (max-width: 480px) 150px\" src=\"https:\/\/msa-matratzen.de\/wp-content\/uploads\/2025\/02\/Neon-2-in-1.webp\" alt=\"Neon 2 in 1\" class=\"uag-image-9465\" width=\"286\" height=\"135\" title=\"Neon 2 in 1\" loading=\"lazy\" role=\"img\"\/><\/figure><\/div>\n\n\n\n<div class=\"wp-block-uagb-image alignleft uagb-block-3102e697 wp-block-uagb-image--layout-default wp-block-uagb-image--effect-static wp-block-uagb-image--align-left product-image-hover\"><figure class=\"wp-block-uagb-image__figure\"><img decoding=\"async\" srcset=\"https:\/\/msa-matratzen.de\/wp-content\/uploads\/2025\/02\/neon-2in1-1024x651.webp ,https:\/\/msa-matratzen.de\/wp-content\/uploads\/2025\/02\/neon-2in1-scaled.webp 780w, https:\/\/msa-matratzen.de\/wp-content\/uploads\/2025\/02\/neon-2in1-scaled.webp 360w\" sizes=\"auto, (max-width: 480px) 150px\" src=\"https:\/\/msa-matratzen.de\/wp-content\/uploads\/2025\/02\/neon-2in1-1024x651.webp\" alt=\"neon 2 in 1\" class=\"uag-image-9499\" width=\"286\" height=\"135\" title=\"neon 2in1\" loading=\"lazy\" role=\"img\"\/><\/figure><\/div>\n<\/div>\n\n\n\n<div class=\"wp-block-uagb-container mattress-item spring product-hover-container popmake-10521 uagb-block-1721f23d\">\n<div class=\"wp-block-uagb-container product-title-container uagb-layout-flex uagb-block-818812ae\">\n<p class=\"has-jost-font-family wp-block-paragraph\" style=\"font-size:18px;text-transform:uppercase\">Optima TFK AloeVera<\/p>\n<\/div>\n\n\n\n<div class=\"wp-block-uagb-image alignleft uagb-block-0b4f1949 wp-block-uagb-image--layout-default wp-block-uagb-image--effect-static wp-block-uagb-image--align-left product-image-default\"><figure class=\"wp-block-uagb-image__figure\"><img decoding=\"async\" srcset=\"https:\/\/msa-matratzen.de\/wp-content\/uploads\/2025\/02\/Optima-TFK-AloeVera.webp ,https:\/\/msa-matratzen.de\/wp-content\/uploads\/2025\/02\/Optima-TFK-AloeVera.webp 780w, https:\/\/msa-matratzen.de\/wp-content\/uploads\/2025\/02\/Optima-TFK-AloeVera.webp 360w\" sizes=\"auto, (max-width: 480px) 150px\" src=\"https:\/\/msa-matratzen.de\/wp-content\/uploads\/2025\/02\/Optima-TFK-AloeVera.webp\" alt=\"Optima TFK AloeVera\" class=\"uag-image-9466\" width=\"286\" height=\"135\" title=\"Optima TFK AloeVera\" loading=\"lazy\" role=\"img\"\/><\/figure><\/div>\n\n\n\n<div class=\"wp-block-uagb-image alignleft uagb-block-6e9e8673 wp-block-uagb-image--layout-default wp-block-uagb-image--effect-static wp-block-uagb-image--align-left product-image-hover\"><figure class=\"wp-block-uagb-image__figure\"><img decoding=\"async\" srcset=\"https:\/\/msa-matratzen.de\/wp-content\/uploads\/2025\/02\/Opt-TF-Kaloe-1024x600.webp ,https:\/\/msa-matratzen.de\/wp-content\/uploads\/2025\/02\/Opt-TF-Kaloe-scaled.webp 780w, https:\/\/msa-matratzen.de\/wp-content\/uploads\/2025\/02\/Opt-TF-Kaloe-scaled.webp 360w\" sizes=\"auto, (max-width: 480px) 150px\" src=\"https:\/\/msa-matratzen.de\/wp-content\/uploads\/2025\/02\/Opt-TF-Kaloe-1024x600.webp\" alt=\"Optima TFK AloeVera\" class=\"uag-image-9500\" width=\"286\" height=\"135\" title=\"Opt TFK aloe\" loading=\"lazy\" role=\"img\"\/><\/figure><\/div>\n<\/div>\n\n\n\n<div class=\"wp-block-uagb-container mattress-item spring product-hover-container popmake-10525 uagb-block-a0b95eb9\">\n<div class=\"wp-block-uagb-container product-title-container uagb-block-33caa68b\">\n<p class=\"has-jost-font-family wp-block-paragraph\" style=\"font-size:18px;text-transform:uppercase\">Optima TFK Hit<\/p>\n<\/div>\n\n\n\n<div class=\"wp-block-uagb-image alignleft uagb-block-1239c552 wp-block-uagb-image--layout-default wp-block-uagb-image--effect-static wp-block-uagb-image--align-left product-image-default\"><figure class=\"wp-block-uagb-image__figure\"><img decoding=\"async\" srcset=\"https:\/\/msa-matratzen.de\/wp-content\/uploads\/2025\/02\/Optima-TFK-Hit.webp ,https:\/\/msa-matratzen.de\/wp-content\/uploads\/2025\/02\/Optima-TFK-Hit.webp 780w, https:\/\/msa-matratzen.de\/wp-content\/uploads\/2025\/02\/Optima-TFK-Hit.webp 360w\" sizes=\"auto, (max-width: 480px) 150px\" src=\"https:\/\/msa-matratzen.de\/wp-content\/uploads\/2025\/02\/Optima-TFK-Hit.webp\" alt=\"Optima TFK Hit\" class=\"uag-image-9467\" width=\"286\" height=\"135\" title=\"Optima TFK Hit\" loading=\"lazy\" role=\"img\"\/><\/figure><\/div>\n\n\n\n<div class=\"wp-block-uagb-image alignleft uagb-block-9ec4b609 wp-block-uagb-image--layout-default wp-block-uagb-image--effect-static wp-block-uagb-image--align-left product-image-hover\"><figure class=\"wp-block-uagb-image__figure\"><img decoding=\"async\" srcset=\"https:\/\/msa-matratzen.de\/wp-content\/uploads\/2025\/02\/Opt-TFK-hit-1024x638.webp ,https:\/\/msa-matratzen.de\/wp-content\/uploads\/2025\/02\/Opt-TFK-hit-scaled.webp 780w, https:\/\/msa-matratzen.de\/wp-content\/uploads\/2025\/02\/Opt-TFK-hit-scaled.webp 360w\" sizes=\"auto, (max-width: 480px) 150px\" src=\"https:\/\/msa-matratzen.de\/wp-content\/uploads\/2025\/02\/Opt-TFK-hit-1024x638.webp\" alt=\"Optima TFK Hit\" class=\"uag-image-9508\" width=\"286\" height=\"135\" title=\"Optima TFK Hit\" loading=\"lazy\" role=\"img\"\/><\/figure><\/div>\n<\/div>\n\n\n\n<div class=\"wp-block-uagb-container mattress-item spring product-hover-container popmake-10530 uagb-block-83d743f5\">\n<div class=\"wp-block-uagb-container product-title-container uagb-block-5750720a\">\n<p class=\"has-jost-font-family wp-block-paragraph\" style=\"font-size:18px;text-transform:uppercase\">Optima TFK Star<\/p>\n<\/div>\n\n\n\n<div class=\"wp-block-uagb-image alignleft uagb-block-2a056c2c wp-block-uagb-image--layout-default wp-block-uagb-image--effect-static wp-block-uagb-image--align-left product-image-default\"><figure class=\"wp-block-uagb-image__figure\"><img decoding=\"async\" srcset=\"https:\/\/msa-matratzen.de\/wp-content\/uploads\/2025\/02\/Optima-TFK-Star.webp ,https:\/\/msa-matratzen.de\/wp-content\/uploads\/2025\/02\/Optima-TFK-Star.webp 780w, https:\/\/msa-matratzen.de\/wp-content\/uploads\/2025\/02\/Optima-TFK-Star.webp 360w\" sizes=\"auto, (max-width: 480px) 150px\" src=\"https:\/\/msa-matratzen.de\/wp-content\/uploads\/2025\/02\/Optima-TFK-Star.webp\" alt=\"Optima TFK Star\" class=\"uag-image-9468\" width=\"286\" height=\"135\" title=\"Optima TFK Star\" loading=\"lazy\" role=\"img\"\/><\/figure><\/div>\n\n\n\n<div class=\"wp-block-uagb-image alignleft uagb-block-c27d6a32 wp-block-uagb-image--layout-default wp-block-uagb-image--effect-static wp-block-uagb-image--align-left product-image-hover\"><figure class=\"wp-block-uagb-image__figure\"><img decoding=\"async\" srcset=\"https:\/\/msa-matratzen.de\/wp-content\/uploads\/2025\/02\/Opt-TFK-star-1024x608.webp ,https:\/\/msa-matratzen.de\/wp-content\/uploads\/2025\/02\/Opt-TFK-star-scaled.webp 780w, https:\/\/msa-matratzen.de\/wp-content\/uploads\/2025\/02\/Opt-TFK-star-scaled.webp 360w\" sizes=\"auto, (max-width: 480px) 150px\" src=\"https:\/\/msa-matratzen.de\/wp-content\/uploads\/2025\/02\/Opt-TFK-star-1024x608.webp\" alt=\"Optima TFK Star\" class=\"uag-image-9509\" width=\"286\" height=\"135\" title=\"Opt TFK star\" loading=\"lazy\" role=\"img\"\/><\/figure><\/div>\n<\/div>\n\n\n\n<div class=\"wp-block-uagb-container mattress-item spring product-hover-container popmake-10538 uagb-block-9e4c7ab8\">\n<div class=\"wp-block-uagb-container product-title-container uagb-block-6026804e\">\n<p class=\"has-jost-font-family wp-block-paragraph\" style=\"font-size:18px;text-transform:uppercase\">Prima<\/p>\n<\/div>\n\n\n\n<div class=\"wp-block-uagb-image alignleft uagb-block-e8ecf77b wp-block-uagb-image--layout-default wp-block-uagb-image--effect-static wp-block-uagb-image--align-left product-image-default\"><figure class=\"wp-block-uagb-image__figure\"><img decoding=\"async\" srcset=\"https:\/\/msa-matratzen.de\/wp-content\/uploads\/2025\/02\/Prima.webp ,https:\/\/msa-matratzen.de\/wp-content\/uploads\/2025\/02\/Prima.webp 780w, https:\/\/msa-matratzen.de\/wp-content\/uploads\/2025\/02\/Prima.webp 360w\" sizes=\"auto, (max-width: 480px) 150px\" src=\"https:\/\/msa-matratzen.de\/wp-content\/uploads\/2025\/02\/Prima.webp\" alt=\"Prima\" class=\"uag-image-9469\" width=\"286\" height=\"135\" title=\"Prima\" loading=\"lazy\" role=\"img\"\/><\/figure><\/div>\n\n\n\n<div class=\"wp-block-uagb-image alignleft uagb-block-96280787 wp-block-uagb-image--layout-default wp-block-uagb-image--effect-static wp-block-uagb-image--align-left product-image-hover\"><figure class=\"wp-block-uagb-image__figure\"><img decoding=\"async\" srcset=\"https:\/\/msa-matratzen.de\/wp-content\/uploads\/2025\/02\/Prima-1-1024x655.webp ,https:\/\/msa-matratzen.de\/wp-content\/uploads\/2025\/02\/Prima-1-scaled.webp 780w, https:\/\/msa-matratzen.de\/wp-content\/uploads\/2025\/02\/Prima-1-scaled.webp 360w\" sizes=\"auto, (max-width: 480px) 150px\" src=\"https:\/\/msa-matratzen.de\/wp-content\/uploads\/2025\/02\/Prima-1-1024x655.webp\" alt=\"Prima\" class=\"uag-image-9511\" width=\"286\" height=\"135\" title=\"Prima\" loading=\"lazy\" role=\"img\"\/><\/figure><\/div>\n<\/div>\n\n\n\n<div class=\"wp-block-uagb-container mattress-item spring product-hover-container popmake-10540 uagb-block-36646343\">\n<div class=\"wp-block-uagb-container product-title-container uagb-block-e996cfad\">\n<p class=\"has-jost-font-family wp-block-paragraph\" style=\"font-size:18px;text-transform:uppercase\">Prima Multi<\/p>\n<\/div>\n\n\n\n<div class=\"wp-block-uagb-image alignleft uagb-block-315f1051 wp-block-uagb-image--layout-default wp-block-uagb-image--effect-static wp-block-uagb-image--align-left product-image-default\"><figure class=\"wp-block-uagb-image__figure\"><img decoding=\"async\" srcset=\"https:\/\/msa-matratzen.de\/wp-content\/uploads\/2025\/02\/Prima-Multi.webp ,https:\/\/msa-matratzen.de\/wp-content\/uploads\/2025\/02\/Prima-Multi.webp 780w, https:\/\/msa-matratzen.de\/wp-content\/uploads\/2025\/02\/Prima-Multi.webp 360w\" sizes=\"auto, (max-width: 480px) 150px\" src=\"https:\/\/msa-matratzen.de\/wp-content\/uploads\/2025\/02\/Prima-Multi.webp\" alt=\"Prima Multi\" class=\"uag-image-9470\" width=\"286\" height=\"135\" title=\"Prima Multi\" loading=\"lazy\" role=\"img\"\/><\/figure><\/div>\n\n\n\n<div class=\"wp-block-uagb-image alignleft uagb-block-f659ead5 wp-block-uagb-image--layout-default wp-block-uagb-image--effect-static wp-block-uagb-image--align-left product-image-hover\"><figure class=\"wp-block-uagb-image__figure\"><img decoding=\"async\" srcset=\"https:\/\/msa-matratzen.de\/wp-content\/uploads\/2025\/02\/Prima-Multi-1-1024x651.webp ,https:\/\/msa-matratzen.de\/wp-content\/uploads\/2025\/02\/Prima-Multi-1-scaled.webp 780w, https:\/\/msa-matratzen.de\/wp-content\/uploads\/2025\/02\/Prima-Multi-1-scaled.webp 360w\" sizes=\"auto, (max-width: 480px) 150px\" src=\"https:\/\/msa-matratzen.de\/wp-content\/uploads\/2025\/02\/Prima-Multi-1-1024x651.webp\" alt=\"Prima Multi\" class=\"uag-image-9510\" width=\"286\" height=\"135\" title=\"Prima Multi\" loading=\"lazy\" role=\"img\"\/><\/figure><\/div>\n<\/div>\n\n\n\n<div class=\"wp-block-uagb-container mattress-item spring product-hover-container popmake-10548 uagb-block-878ef731\">\n<div class=\"wp-block-uagb-container product-title-container uagb-block-86f23aca\">\n<p class=\"has-jost-font-family wp-block-paragraph\" style=\"font-size:18px;text-transform:uppercase\">Ruby 2 in 1<\/p>\n<\/div>\n\n\n\n<div class=\"wp-block-uagb-image alignleft uagb-block-249e93f8 wp-block-uagb-image--layout-default wp-block-uagb-image--effect-static wp-block-uagb-image--align-left product-image-default\"><figure class=\"wp-block-uagb-image__figure\"><img decoding=\"async\" srcset=\"https:\/\/msa-matratzen.de\/wp-content\/uploads\/2025\/02\/Ruby-2-in-1.webp ,https:\/\/msa-matratzen.de\/wp-content\/uploads\/2025\/02\/Ruby-2-in-1.webp 780w, https:\/\/msa-matratzen.de\/wp-content\/uploads\/2025\/02\/Ruby-2-in-1.webp 360w\" sizes=\"auto, (max-width: 480px) 150px\" src=\"https:\/\/msa-matratzen.de\/wp-content\/uploads\/2025\/02\/Ruby-2-in-1.webp\" alt=\"Ruby 2 in 1\" class=\"uag-image-9471\" width=\"286\" height=\"135\" title=\"Ruby 2 in 1\" loading=\"lazy\" role=\"img\"\/><\/figure><\/div>\n\n\n\n<div class=\"wp-block-uagb-image alignleft uagb-block-9dabfcfb wp-block-uagb-image--layout-default wp-block-uagb-image--effect-static wp-block-uagb-image--align-left product-image-hover\"><figure class=\"wp-block-uagb-image__figure\"><img decoding=\"async\" srcset=\"https:\/\/msa-matratzen.de\/wp-content\/uploads\/2025\/02\/ruby-2in1-1024x661.webp ,https:\/\/msa-matratzen.de\/wp-content\/uploads\/2025\/02\/ruby-2in1-scaled.webp 780w, https:\/\/msa-matratzen.de\/wp-content\/uploads\/2025\/02\/ruby-2in1-scaled.webp 360w\" sizes=\"auto, (max-width: 480px) 150px\" src=\"https:\/\/msa-matratzen.de\/wp-content\/uploads\/2025\/02\/ruby-2in1-1024x661.webp\" alt=\"ruby 2 in 1\" class=\"uag-image-9514\" width=\"286\" height=\"135\" title=\"ruby 2in1\" loading=\"lazy\" role=\"img\"\/><\/figure><\/div>\n<\/div>\n\n\n\n<div class=\"wp-block-uagb-container mattress-item greyline spring product-hover-container popmake-10554 uag-hide-desktop uag-hide-tab uag-hide-mob uagb-block-bc5503b3\">\n<div class=\"wp-block-uagb-container product-title-container uagb-block-35f6cd17\">\n<p class=\"has-jost-font-family wp-block-paragraph\" style=\"font-size:18px;text-transform:uppercase\">Synergy OceanBlue<\/p>\n<\/div>\n\n\n\n<div class=\"wp-block-uagb-image alignleft uagb-block-352642d9 wp-block-uagb-image--layout-default wp-block-uagb-image--effect-static wp-block-uagb-image--align-left product-image-default\"><figure class=\"wp-block-uagb-image__figure\"><img decoding=\"async\" srcset=\"https:\/\/msa-matratzen.de\/wp-content\/uploads\/2025\/02\/SynergyOceanBlue.webp ,https:\/\/msa-matratzen.de\/wp-content\/uploads\/2025\/02\/SynergyOceanBlue.webp 780w, https:\/\/msa-matratzen.de\/wp-content\/uploads\/2025\/02\/SynergyOceanBlue.webp 360w\" sizes=\"auto, (max-width: 480px) 150px\" src=\"https:\/\/msa-matratzen.de\/wp-content\/uploads\/2025\/02\/SynergyOceanBlue.webp\" alt=\"Synergy Ocean Blue\" class=\"uag-image-9472\" width=\"286\" height=\"135\" title=\"SynergyOceanBlue\" loading=\"lazy\" role=\"img\"\/><\/figure><\/div>\n\n\n\n<div class=\"wp-block-uagb-image alignleft uagb-block-a4122e87 wp-block-uagb-image--layout-default wp-block-uagb-image--effect-static wp-block-uagb-image--align-left product-image-hover\"><figure class=\"wp-block-uagb-image__figure\"><img decoding=\"async\" srcset=\"https:\/\/msa-matratzen.de\/wp-content\/uploads\/2025\/02\/Synergy-OceanBlue-1024x658.webp ,https:\/\/msa-matratzen.de\/wp-content\/uploads\/2025\/02\/Synergy-OceanBlue-scaled.webp 780w, https:\/\/msa-matratzen.de\/wp-content\/uploads\/2025\/02\/Synergy-OceanBlue-scaled.webp 360w\" sizes=\"auto, (max-width: 480px) 150px\" src=\"https:\/\/msa-matratzen.de\/wp-content\/uploads\/2025\/02\/Synergy-OceanBlue-1024x658.webp\" alt=\"Synergy OceanBlue\" class=\"uag-image-9517\" width=\"285\" height=\"135\" title=\"Synergy OceanBlue\" loading=\"lazy\" role=\"img\"\/><\/figure><\/div>\n<\/div>\n\n\n\n<div class=\"wp-block-uagb-container mattress-item greyline spring hybrid product-hover-container popmake-10559 uagb-block-b0c65ef1\">\n<div class=\"wp-block-uagb-container product-title-container uagb-block-d8984df6\">\n<p class=\"has-jost-font-family wp-block-paragraph\" style=\"font-size:18px;text-transform:uppercase\">Grey Line Synergy<\/p>\n<\/div>\n\n\n\n<div class=\"wp-block-uagb-container container-greyline-default-product-image uagb-block-6296d163\">\n<div class=\"wp-block-uagb-image alignleft uagb-block-739fe3ad wp-block-uagb-image--layout-default wp-block-uagb-image--effect-static wp-block-uagb-image--align-left product-image-default\"><figure class=\"wp-block-uagb-image__figure\"><img decoding=\"async\" srcset=\"https:\/\/msa-matratzen.de\/wp-content\/uploads\/2025\/02\/SynergyLatexLike.webp ,https:\/\/msa-matratzen.de\/wp-content\/uploads\/2025\/02\/SynergyLatexLike.webp 780w, https:\/\/msa-matratzen.de\/wp-content\/uploads\/2025\/02\/SynergyLatexLike.webp 360w\" sizes=\"auto, (max-width: 480px) 150px\" src=\"https:\/\/msa-matratzen.de\/wp-content\/uploads\/2025\/02\/SynergyLatexLike.webp\" alt=\"Synergy LatexLike\" class=\"uag-image-9473\" width=\"286\" height=\"135\" title=\"Synergy LatexLike\" loading=\"lazy\" role=\"img\"\/><\/figure><\/div>\n\n\n\n<div class=\"wp-block-uagb-container product-chips uagb-block-f0003ba9\">\n<p class=\"has-text-align-center has-custom-accent-custom-color has-text-color has-link-color has-jost-font-family wp-elements-cee7b1d5cd00456d3f5ea2fd221ad430 wp-block-paragraph\" style=\"font-size:8px;font-style:normal;font-weight:600;line-height:1\">GreyLine<\/p>\n<\/div>\n<\/div>\n\n\n\n<div class=\"wp-block-uagb-image alignleft uagb-block-d50377e0 wp-block-uagb-image--layout-default wp-block-uagb-image--effect-static wp-block-uagb-image--align-left product-image-hover\"><figure class=\"wp-block-uagb-image__figure\"><img decoding=\"async\" srcset=\"https:\/\/msa-matratzen.de\/wp-content\/uploads\/2025\/02\/Synergy-LatexLike-1024x656.webp ,https:\/\/msa-matratzen.de\/wp-content\/uploads\/2025\/02\/Synergy-LatexLike-scaled.webp 780w, https:\/\/msa-matratzen.de\/wp-content\/uploads\/2025\/02\/Synergy-LatexLike-scaled.webp 360w\" sizes=\"auto, (max-width: 480px) 150px\" src=\"https:\/\/msa-matratzen.de\/wp-content\/uploads\/2025\/02\/Synergy-LatexLike-1024x656.webp\" alt=\"Synergy LatexLike\" class=\"uag-image-9516\" width=\"286\" height=\"135\" title=\"Synergy LatexLike\" loading=\"lazy\" role=\"img\"\/><\/figure><\/div>\n<\/div>\n\n\n\n<div class=\"wp-block-uagb-container mattress-item greyline spring product-hover-container popmake-10566 uag-hide-desktop uag-hide-tab uag-hide-mob uagb-block-2a6b304c\">\n<div class=\"wp-block-uagb-container product-title-container uagb-block-5172039a\">\n<p class=\"has-jost-font-family wp-block-paragraph\" style=\"font-size:18px;text-transform:uppercase\">Synergy Visco<\/p>\n<\/div>\n\n\n\n<div class=\"wp-block-uagb-image alignleft uagb-block-3c40b528 wp-block-uagb-image--layout-default wp-block-uagb-image--effect-static wp-block-uagb-image--align-left product-image-default\"><figure class=\"wp-block-uagb-image__figure\"><img decoding=\"async\" srcset=\"https:\/\/msa-matratzen.de\/wp-content\/uploads\/2025\/02\/Synergy-Visco.webp ,https:\/\/msa-matratzen.de\/wp-content\/uploads\/2025\/02\/Synergy-Visco.webp 780w, https:\/\/msa-matratzen.de\/wp-content\/uploads\/2025\/02\/Synergy-Visco.webp 360w\" sizes=\"auto, (max-width: 480px) 150px\" src=\"https:\/\/msa-matratzen.de\/wp-content\/uploads\/2025\/02\/Synergy-Visco.webp\" alt=\"Synergy Visco\" class=\"uag-image-9474\" width=\"286\" height=\"135\" title=\"Synergy Visco\" loading=\"lazy\" role=\"img\"\/><\/figure><\/div>\n\n\n\n<div class=\"wp-block-uagb-image alignleft uagb-block-87a8b479 wp-block-uagb-image--layout-default wp-block-uagb-image--effect-static wp-block-uagb-image--align-left product-image-hover\"><figure class=\"wp-block-uagb-image__figure\"><img decoding=\"async\" srcset=\"https:\/\/msa-matratzen.de\/wp-content\/uploads\/2025\/02\/Synergy-Visco-1-1024x658.webp ,https:\/\/msa-matratzen.de\/wp-content\/uploads\/2025\/02\/Synergy-Visco-1-scaled.webp 780w, https:\/\/msa-matratzen.de\/wp-content\/uploads\/2025\/02\/Synergy-Visco-1-scaled.webp 360w\" sizes=\"auto, (max-width: 480px) 150px\" src=\"https:\/\/msa-matratzen.de\/wp-content\/uploads\/2025\/02\/Synergy-Visco-1-1024x658.webp\" alt=\"Synergy Visco\" class=\"uag-image-9523\" width=\"286\" height=\"135\" title=\"Synergy Visco\" loading=\"lazy\" role=\"img\"\/><\/figure><\/div>\n<\/div>\n\n\n\n<div class=\"wp-block-uagb-container mattress-item foam basic product-hover-container popmake-10571 uagb-block-677b4023\">\n<div class=\"wp-block-uagb-container product-title-container uagb-block-124e1504\">\n<p class=\"has-jost-font-family wp-block-paragraph\" style=\"font-size:18px;text-transform:uppercase\">S4<\/p>\n<\/div>\n\n\n\n<div class=\"wp-block-uagb-image alignleft uagb-block-13467af1 wp-block-uagb-image--layout-default wp-block-uagb-image--effect-static wp-block-uagb-image--align-left product-image-default\"><figure class=\"wp-block-uagb-image__figure\"><img decoding=\"async\" srcset=\"https:\/\/msa-matratzen.de\/wp-content\/uploads\/2025\/02\/S4.webp ,https:\/\/msa-matratzen.de\/wp-content\/uploads\/2025\/02\/S4.webp 780w, https:\/\/msa-matratzen.de\/wp-content\/uploads\/2025\/02\/S4.webp 360w\" sizes=\"auto, (max-width: 480px) 150px\" src=\"https:\/\/msa-matratzen.de\/wp-content\/uploads\/2025\/02\/S4.webp\" alt=\"S4\" class=\"uag-image-9475\" width=\"286\" height=\"135\" title=\"S4\" loading=\"lazy\" role=\"img\"\/><\/figure><\/div>\n\n\n\n<div class=\"wp-block-uagb-image alignleft uagb-block-ffb75428 wp-block-uagb-image--layout-default wp-block-uagb-image--effect-static wp-block-uagb-image--align-left product-image-hover\"><figure class=\"wp-block-uagb-image__figure\"><img decoding=\"async\" srcset=\"https:\/\/msa-matratzen.de\/wp-content\/uploads\/2025\/02\/s4-1-1024x574.webp ,https:\/\/msa-matratzen.de\/wp-content\/uploads\/2025\/02\/s4-1-scaled.webp 780w, https:\/\/msa-matratzen.de\/wp-content\/uploads\/2025\/02\/s4-1-scaled.webp 360w\" sizes=\"auto, (max-width: 480px) 150px\" src=\"https:\/\/msa-matratzen.de\/wp-content\/uploads\/2025\/02\/s4-1-1024x574.webp\" alt=\"s4\" class=\"uag-image-9525\" width=\"286\" height=\"135\" title=\"s4\" loading=\"lazy\" role=\"img\"\/><\/figure><\/div>\n<\/div>\n\n\n\n<div class=\"wp-block-uagb-container mattress-item spring product-hover-container popmake-10586 uagb-block-579cb35e\">\n<div class=\"wp-block-uagb-container product-title-container uagb-block-dc245236\">\n<p class=\"has-jost-font-family wp-block-paragraph\" style=\"font-size:18px;text-transform:uppercase\">TFK Kern 18<\/p>\n<\/div>\n\n\n\n<div class=\"wp-block-uagb-image alignleft uagb-block-997ba45c wp-block-uagb-image--layout-default wp-block-uagb-image--effect-static wp-block-uagb-image--align-left product-image-default\"><figure class=\"wp-block-uagb-image__figure\"><img decoding=\"async\" srcset=\"https:\/\/msa-matratzen.de\/wp-content\/uploads\/2025\/02\/TFK-Kern-18.webp ,https:\/\/msa-matratzen.de\/wp-content\/uploads\/2025\/02\/TFK-Kern-18.webp 780w, https:\/\/msa-matratzen.de\/wp-content\/uploads\/2025\/02\/TFK-Kern-18.webp 360w\" sizes=\"auto, (max-width: 480px) 150px\" src=\"https:\/\/msa-matratzen.de\/wp-content\/uploads\/2025\/02\/TFK-Kern-18.webp\" alt=\"TFK Kern 18\" class=\"uag-image-9476\" width=\"286\" height=\"135\" title=\"TFK Kern 18\" loading=\"lazy\" role=\"img\"\/><\/figure><\/div>\n\n\n\n<div class=\"wp-block-uagb-image alignleft uagb-block-0130e457 wp-block-uagb-image--layout-default wp-block-uagb-image--effect-static wp-block-uagb-image--align-left product-image-hover\"><figure class=\"wp-block-uagb-image__figure\"><img decoding=\"async\" srcset=\"https:\/\/msa-matratzen.de\/wp-content\/uploads\/2025\/02\/TFK-kern18-1024x642.webp ,https:\/\/msa-matratzen.de\/wp-content\/uploads\/2025\/02\/TFK-kern18-scaled.webp 780w, https:\/\/msa-matratzen.de\/wp-content\/uploads\/2025\/02\/TFK-kern18-scaled.webp 360w\" sizes=\"auto, (max-width: 480px) 150px\" src=\"https:\/\/msa-matratzen.de\/wp-content\/uploads\/2025\/02\/TFK-kern18-1024x642.webp\" alt=\"TFK kern 18\" class=\"uag-image-9526\" width=\"286\" height=\"135\" title=\"TFK kern 18\" loading=\"lazy\" role=\"img\"\/><\/figure><\/div>\n<\/div>\n\n\n\n<div class=\"wp-block-uagb-container mattress-item spring product-hover-container popmake-10590 uagb-block-cbd6b6f3\">\n<div class=\"wp-block-uagb-container product-title-container uagb-block-9ddc14dc\">\n<p class=\"has-jost-font-family wp-block-paragraph\" style=\"font-size:18px;text-transform:uppercase\">TFK Kern 20<\/p>\n<\/div>\n\n\n\n<div class=\"wp-block-uagb-image alignleft uagb-block-1ff47c6a wp-block-uagb-image--layout-default wp-block-uagb-image--effect-static wp-block-uagb-image--align-left product-image-default\"><figure class=\"wp-block-uagb-image__figure\"><img decoding=\"async\" srcset=\"https:\/\/msa-matratzen.de\/wp-content\/uploads\/2025\/02\/TFK-Kern-20.webp ,https:\/\/msa-matratzen.de\/wp-content\/uploads\/2025\/02\/TFK-Kern-20.webp 780w, https:\/\/msa-matratzen.de\/wp-content\/uploads\/2025\/02\/TFK-Kern-20.webp 360w\" sizes=\"auto, (max-width: 480px) 150px\" src=\"https:\/\/msa-matratzen.de\/wp-content\/uploads\/2025\/02\/TFK-Kern-20.webp\" alt=\"TFK Kern 20\" class=\"uag-image-9477\" width=\"286\" height=\"135\" title=\"TFK Kern 20\" loading=\"lazy\" role=\"img\"\/><\/figure><\/div>\n\n\n\n<div class=\"wp-block-uagb-image alignleft uagb-block-a5e63e61 wp-block-uagb-image--layout-default wp-block-uagb-image--effect-static wp-block-uagb-image--align-left product-image-hover\"><figure class=\"wp-block-uagb-image__figure\"><img decoding=\"async\" srcset=\"https:\/\/msa-matratzen.de\/wp-content\/uploads\/2025\/02\/TFKkern-20-1024x626.webp ,https:\/\/msa-matratzen.de\/wp-content\/uploads\/2025\/02\/TFKkern-20-scaled.webp 780w, https:\/\/msa-matratzen.de\/wp-content\/uploads\/2025\/02\/TFKkern-20-scaled.webp 360w\" sizes=\"auto, (max-width: 480px) 150px\" src=\"https:\/\/msa-matratzen.de\/wp-content\/uploads\/2025\/02\/TFKkern-20-1024x626.webp\" alt=\"TFK kern 20\" class=\"uag-image-9527\" width=\"286\" height=\"135\" title=\"TFK kern 20\" loading=\"lazy\" role=\"img\"\/><\/figure><\/div>\n<\/div>\n\n\n\n<div class=\"wp-block-uagb-container mattress-item spring product-hover-container popmake-10593 uagb-block-6649699e\">\n<div class=\"wp-block-uagb-container product-title-container uagb-block-6c76b9cf\">\n<p class=\"has-jost-font-family wp-block-paragraph\" style=\"font-size:18px;text-transform:uppercase\">Tornado 2 in 1<\/p>\n<\/div>\n\n\n\n<div class=\"wp-block-uagb-image alignleft uagb-block-e3137c4a wp-block-uagb-image--layout-default wp-block-uagb-image--effect-static wp-block-uagb-image--align-left product-image-default\"><figure class=\"wp-block-uagb-image__figure\"><img decoding=\"async\" srcset=\"https:\/\/msa-matratzen.de\/wp-content\/uploads\/2025\/02\/Tornado2in1.webp ,https:\/\/msa-matratzen.de\/wp-content\/uploads\/2025\/02\/Tornado2in1.webp 780w, https:\/\/msa-matratzen.de\/wp-content\/uploads\/2025\/02\/Tornado2in1.webp 360w\" sizes=\"auto, (max-width: 480px) 150px\" src=\"https:\/\/msa-matratzen.de\/wp-content\/uploads\/2025\/02\/Tornado2in1.webp\" alt=\"Tornado 2 in 1\" class=\"uag-image-9478\" width=\"286\" height=\"135\" title=\"Tornado2in1\" loading=\"lazy\" role=\"img\"\/><\/figure><\/div>\n\n\n\n<div class=\"wp-block-uagb-image alignleft uagb-block-250e48ba wp-block-uagb-image--layout-default wp-block-uagb-image--effect-static wp-block-uagb-image--align-left product-image-hover\"><figure class=\"wp-block-uagb-image__figure\"><img decoding=\"async\" srcset=\"https:\/\/msa-matratzen.de\/wp-content\/uploads\/2025\/02\/Tornado-2in1-1024x638.webp ,https:\/\/msa-matratzen.de\/wp-content\/uploads\/2025\/02\/Tornado-2in1-scaled.webp 780w, https:\/\/msa-matratzen.de\/wp-content\/uploads\/2025\/02\/Tornado-2in1-scaled.webp 360w\" sizes=\"auto, (max-width: 480px) 150px\" src=\"https:\/\/msa-matratzen.de\/wp-content\/uploads\/2025\/02\/Tornado-2in1-1024x638.webp\" alt=\"Tornado 2 in 1\" class=\"uag-image-9528\" width=\"286\" height=\"135\" title=\"Tornado 2in1\" loading=\"lazy\" role=\"img\"\/><\/figure><\/div>\n<\/div>\n<\/div>\n\n\n\n<div class=\"wp-block-group uag-hide-desktop uag-hide-tab is-layout-grid wp-container-core-group-is-layout-787ac5e5 wp-block-group-is-layout-grid\">\n<div class=\"wp-block-uagb-container card-hover uagb-block-73f9e006\">\n<div class=\"wp-block-uagb-image alignleft uagb-block-3106e3c3 wp-block-uagb-image--layout-default wp-block-uagb-image--effect-static wp-block-uagb-image--align-left image-hover\"><figure class=\"wp-block-uagb-image__figure\"><img decoding=\"async\" srcset=\"https:\/\/msa-matratzen.de\/wp-content\/uploads\/2025\/02\/Comfort-KS.webp ,https:\/\/msa-matratzen.de\/wp-content\/uploads\/2025\/02\/Comfort-KS.webp 780w, https:\/\/msa-matratzen.de\/wp-content\/uploads\/2025\/02\/Comfort-KS.webp 360w\" sizes=\"auto, (max-width: 480px) 150px\" src=\"https:\/\/msa-matratzen.de\/wp-content\/uploads\/2025\/02\/Comfort-KS.webp\" alt=\"Comfort KS\" class=\"uag-image-9443\" width=\"178\" height=\"100\" title=\"Comfort KS\" loading=\"lazy\" role=\"img\"\/><\/figure><\/div>\n\n\n\n<div class=\"wp-block-uagb-container uagb-block-c4f33d30\">\n<p class=\"title-hover has-jost-font-family wp-block-paragraph\" style=\"font-size:14px;font-style:normal;font-weight:400;text-transform:uppercase\">Komfort<\/p>\n<\/div>\n\n\n\n<div class=\"wp-block-uagb-container product-text-list-container uagb-block-39b8625f\">\n<div class=\"wp-block-uagb-icon-list uagb-block-85dc77a4 uag-hide-desktop uag-hide-tab uag-hide-mob\"><div class=\"uagb-icon-list__wrap\">\n<div class=\"wp-block-uagb-icon-list-child uagb-block-c31feb5e\"><span class=\"uagb-icon-list__source-wrap\"><svg xmlns=\"https:\/\/www.w3.org\/2000\/svg\" viewBox=\"0 0 448 512\"><path d=\"M400 288h-352c-17.69 0-32-14.32-32-32.01s14.31-31.99 32-31.99h352c17.69 0 32 14.3 32 31.99S417.7 288 400 288z\"><\/path><\/svg><\/span><span class=\"uagb-icon-list__label\">Komfort PU<\/span><\/div>\n<\/div><\/div>\n\n\n\n<div class=\"wp-block-uagb-container uagb-block-35e5a10d\">      \n\t\t\t<div class=\"uagb-icon-wrapper uagb-block-207df1db  wp-block-uagb-icon--has-margin    \"\n\t\t\tstyle=\"\" >\n\t\t\t\t\t\t\t\t<div class='uagb-icon-margin-wrapper'>\n\t\t\t\t\t\t\t\t\t<span class=\"uagb-svg-wrapper\" \n\t\t\t\t\t aria-label=\"minus\"\t\t\t\t\ttabindex=\"0\">\t\t\n\t\t\t\t\t\t\t\t\t\t<svg xmlns=\"https:\/\/www.w3.org\/2000\/svg\" viewBox= \"0 0 448 512\" role=\"graphics-symbol\" aria-hidden=\"false\" aria-label=\"\"><path d=\"M400 288h-352c-17.69 0-32-14.32-32-32.01s14.31-31.99 32-31.99h352c17.69 0 32 14.3 32 31.99S417.7 288 400 288z\"><\/path><\/svg>\n\t\t\t\t\t\t\t\t\t<\/span>\n\t\t\t\t\t\t\t\t<\/div>\n\t\t\t\t\t\t\t<\/div>\n\t\t\t\n\n\n<div class=\"wp-block-uagb-modal uagb-block-4ca01fee uagb-modal-wrapper my-modal\" data-escpress=\"enable\" data-overlayclick=\"disable\"><span class=\"uagb-modal-text uagb-modal-trigger\">Comfort KS<\/span><div class=\"uagb-effect-default uagb-modal-popup uagb-block-4ca01fee uagb-modal-type-undefined\"><div class=\"uagb-modal-popup-wrap\"><div class=\"uagb-modal-popup-content\">\n<div class=\"wp-block-uagb-container uagb-block-6658279e alignfull uagb-is-root-container\"><div class=\"uagb-container-inner-blocks-wrap\">\n<div class=\"wp-block-uagb-container uagb-block-cfd3ff52\">\n<h1 class=\"wp-block-heading has-jost-font-family\" style=\"margin-top:0px;margin-bottom:0px;font-size:24px;font-style:normal;font-weight:400;line-height:1.1\">Comfort KS<\/h1>\n<\/div>\n\n\n\n<div class=\"wp-block-uagb-container uagb-block-9f79429f\">\n<div class=\"wp-block-uagb-container uagb-block-2f3210ac\">\n<h3 class=\"wp-block-heading has-jost-font-family\" style=\"margin-top:0px;margin-bottom:0px;font-size:18px;font-style:normal;font-weight:400;text-transform:uppercase\">HR-Kaltschaum \u2013 optimale Kombination aus Weichheit und Elastizit\u00e4t<\/h3>\n\n\n\n<p class=\"has-jost-font-family wp-block-paragraph\" style=\"font-size:16px;font-style:normal;font-weight:400\"><mark style=\"background-color:rgba(0, 0, 0, 0)\" class=\"has-inline-color has-custom-accent-custom-color\"><strong>Medizone R1000<\/strong><\/mark> \u2014 Der 7-Zonen-Taschenfederkern garantiert eine orthop\u00e4dische Unterst\u00fctzung des K\u00f6rpers w\u00e4hrend des Schlafens.<\/p>\n\n\n\n<p class=\"has-jost-font-family wp-block-paragraph\" style=\"font-size:16px;font-style:normal;font-weight:400\"><mark style=\"background-color:rgba(0, 0, 0, 0)\" class=\"has-inline-color has-custom-accent-custom-color\"><strong>Tricover System<\/strong><\/mark> \u2014 Eine innere Schutzh\u00fclle, die die Haltbarkeit der Matratze erh\u00f6ht und deren Lebensdauer verl\u00e4ngert.<\/p>\n\n\n\n<p class=\"has-jost-font-family wp-block-paragraph\" style=\"font-size:16px;font-style:normal;font-weight:400\"><mark style=\"background-color:rgba(0, 0, 0, 0)\" class=\"has-inline-color has-custom-accent-custom-color\"><strong>Sleep&amp;Clean System<\/strong><\/mark> \u2014 Erm\u00f6glicht eine einfache Matratzenpflege dank der komfortablen Bezugskonstruktion.<\/p>\n\n\n\n<p class=\"has-jost-font-family wp-block-paragraph\" style=\"font-size:16px;font-style:normal;font-weight:400\"><mark style=\"background-color:rgba(0, 0, 0, 0)\" class=\"has-inline-color has-custom-accent-custom-color\"><strong>Klima-Band<\/strong><\/mark> \u2014 Garantierte Luftw\u00e4rmeregulierung f\u00fcr ein ideales Mikroklima.<\/p>\n\n\n\n<p class=\"has-jost-font-family wp-block-paragraph\" style=\"font-size:16px;font-style:normal;font-weight:400\"><mark style=\"background-color:rgba(0, 0, 0, 0)\" class=\"has-inline-color has-custom-accent-custom-color\"><strong>HR-Kaltschaum<\/strong><\/mark> \u2014 Ein hoch elastischer Schaum, der eine Entspannung der Muskeln und der Wirbels\u00e4ule garantiert.<\/p>\n<\/div>\n\n\n\n<div class=\"wp-block-uagb-container uagb-block-d1f794a1\"><div class=\"n2-section-smartslider fitvidsignore product-popup-slider n2_clear\" data-ssid=\"7\"><div id=\"n2-ss-7-align\" class=\"n2-ss-align\"><div class=\"n2-padding\"><div id=\"n2-ss-7\" data-creator=\"Smart Slider 3\" data-responsive=\"auto\" class=\"n2-ss-slider n2-ow n2-has-hover n2notransition  \">\n\n\n\n\n\n<div class=\"n2-ss-slider-wrapper-outside\" style=\"grid-template-rows:1fr auto\">\n        <div class=\"n2-ss-slider-1 n2_ss__touch_element n2-ow\">\n            <div class=\"n2-ss-slider-2 n2-ow\">\n                                                <div class=\"n2-ss-slider-3 n2-ow\">\n\n                    <div class=\"n2-ss-slide-backgrounds n2-ow-all\"><div class=\"n2-ss-slide-background\" data-public-id=\"1\" data-mode=\"center\"><div class=\"n2-ss-slide-background-image\" data-blur=\"0\" data-opacity=\"100\" data-x=\"50\" data-y=\"50\" data-alt=\"Comfort KS\" data-title=\"\"><picture class=\"skip-lazy\" data-skip-lazy=\"1\"><img decoding=\"async\" src=\"\/\/msa-matratzen.de\/wp-content\/uploads\/2025\/02\/Comfort-KS.webp\" alt=\"Comfort KS\" title=\"\" loading=\"lazy\" class=\"skip-lazy\" data-skip-lazy=\"1\"><\/picture><\/div><div data-color=\"RGBA(255,255,255,0)\" style=\"background-color: RGBA(255,255,255,0);\" class=\"n2-ss-slide-background-color\"><\/div><\/div><div class=\"n2-ss-slide-background\" data-public-id=\"2\" data-mode=\"center\" aria-hidden=\"true\"><div class=\"n2-ss-slide-background-image\" data-blur=\"0\" data-opacity=\"100\" data-x=\"50\" data-y=\"50\" data-alt=\"\" data-title=\"\"><picture class=\"skip-lazy\" data-skip-lazy=\"1\"><img decoding=\"async\" src=\"\/\/msa-matratzen.de\/wp-content\/uploads\/2025\/02\/ComfortKS_02-1.jpg\" alt=\"\" title=\"\" loading=\"lazy\" class=\"skip-lazy\" data-skip-lazy=\"1\"><\/picture><\/div><div data-color=\"RGBA(255,255,255,0)\" style=\"background-color: RGBA(255,255,255,0);\" class=\"n2-ss-slide-background-color\"><\/div><\/div><div class=\"n2-ss-slide-background\" data-public-id=\"3\" data-mode=\"center\" aria-hidden=\"true\"><div class=\"n2-ss-slide-background-image\" data-blur=\"0\" data-opacity=\"100\" data-x=\"50\" data-y=\"50\" data-alt=\"\" data-title=\"\"><picture class=\"skip-lazy\" data-skip-lazy=\"1\"><img decoding=\"async\" src=\"\/\/msa-matratzen.de\/wp-content\/uploads\/2025\/02\/ComfortKS_02-1-4.jpg\" alt=\"\" title=\"\" loading=\"lazy\" class=\"skip-lazy\" data-skip-lazy=\"1\"><\/picture><\/div><div data-color=\"RGBA(255,255,255,0)\" style=\"background-color: RGBA(255,255,255,0);\" class=\"n2-ss-slide-background-color\"><\/div><\/div><div class=\"n2-ss-slide-background\" data-public-id=\"4\" data-mode=\"center\" aria-hidden=\"true\"><div class=\"n2-ss-slide-background-image\" data-blur=\"0\" data-opacity=\"100\" data-x=\"50\" data-y=\"50\" data-alt=\"\" data-title=\"\"><picture class=\"skip-lazy\" data-skip-lazy=\"1\"><img decoding=\"async\" src=\"\/\/msa-matratzen.de\/wp-content\/uploads\/2025\/02\/ComfortKS_02-1-3.jpg\" alt=\"\" title=\"\" loading=\"lazy\" class=\"skip-lazy\" data-skip-lazy=\"1\"><\/picture><\/div><div data-color=\"RGBA(255,255,255,0)\" style=\"background-color: RGBA(255,255,255,0);\" class=\"n2-ss-slide-background-color\"><\/div><\/div><\/div>                    <div class=\"n2-ss-slider-4 n2-ow\">\n                        <svg xmlns=\"http:\/\/www.w3.org\/2000\/svg\" viewBox=\"0 0 302 227\" data-related-device=\"desktopPortrait\" class=\"n2-ow n2-ss-preserve-size n2-ss-preserve-size--slider n2-ss-slide-limiter\"><\/svg><div data-first=\"1\" data-slide-duration=\"0\" data-id=\"67\" data-slide-public-id=\"1\" data-title=\"Comfort KS\" class=\"n2-ss-slide n2-ow  n2-ss-slide-67\"><div role=\"note\" class=\"n2-ss-slide--focus\" tabindex=\"-1\">Comfort KS<\/div><div class=\"n2-ss-layers-container n2-ss-slide-limiter n2-ow\"><div class=\"n2-ss-layer n2-ow n-uc-hTrFVrrNL8og\" data-sstype=\"slide\" data-pm=\"default\"><\/div><\/div><\/div><div data-slide-duration=\"0\" data-id=\"51\" data-slide-public-id=\"2\" aria-hidden=\"true\" data-title=\"ComfortKS_02 1\" class=\"n2-ss-slide n2-ow  n2-ss-slide-51\"><div role=\"note\" class=\"n2-ss-slide--focus\" tabindex=\"-1\">ComfortKS_02 1<\/div><div class=\"n2-ss-layers-container n2-ss-slide-limiter n2-ow\"><div class=\"n2-ss-layer n2-ow n-uc-oYV4i7FmiXL7\" data-sstype=\"slide\" data-pm=\"default\"><\/div><\/div><\/div><div data-slide-duration=\"0\" data-id=\"48\" data-slide-public-id=\"3\" aria-hidden=\"true\" data-title=\"ComfortKS_02 1 (4)\" class=\"n2-ss-slide n2-ow  n2-ss-slide-48\"><div role=\"note\" class=\"n2-ss-slide--focus\" tabindex=\"-1\">ComfortKS_02 1 (4)<\/div><div class=\"n2-ss-layers-container n2-ss-slide-limiter n2-ow\"><div class=\"n2-ss-layer n2-ow n-uc-mwannn9zKWmf\" data-sstype=\"slide\" data-pm=\"default\"><\/div><\/div><\/div><div data-slide-duration=\"0\" data-id=\"49\" data-slide-public-id=\"4\" aria-hidden=\"true\" data-title=\"ComfortKS_02 1 (3)\" class=\"n2-ss-slide n2-ow  n2-ss-slide-49\"><div role=\"note\" class=\"n2-ss-slide--focus\" tabindex=\"-1\">ComfortKS_02 1 (3)<\/div><div class=\"n2-ss-layers-container n2-ss-slide-limiter n2-ow\"><div class=\"n2-ss-layer n2-ow n-uc-lqpdyc5HcyfC\" data-sstype=\"slide\" data-pm=\"default\"><\/div><\/div><\/div>                    <\/div>\n\n                                    <\/div>\n            <\/div>\n        <\/div>\n        <div class=\"n2-ss-slider-controls n2-ss-slider-controls-below\"><div data-width-percent=\"100\" class=\"n2-ss-widget nextend-thumbnail nextend-thumbnail-default nextend-thumbnail-horizontal n2-ow-all\" style=\"width:100%;\" data-has-next=\"0\" data-has-previous=\"0\"><div class=\"nextend-thumbnail-inner n2-style-15a79241f0e1d7a7c67e7aeac0e72b98-simple \"><div class=\"nextend-thumbnail-scroller n2-align-content-space-between\" style=\"grid-template-rows:repeat(1, 1fr)\"><div class=\"n2-thumbnail-dot n2-style-e0aa9233bccbe78c417074b0d1eabb9d-dot \" data-slide-public-id=\"1\" role=\"button\" aria-label=\"Comfort KS\" tabindex=\"0\"><picture class=\"skip-lazy\" data-skip-lazy=\"1\"><img decoding=\"async\" alt=\"Comfort KS\" src=\"\/\/msa-matratzen.de\/wp-content\/uploads\/2025\/02\/Comfort-KS.webp\" width=\"100\" height=\"60\" loading=\"lazy\" class=\"skip-lazy\" data-skip-lazy=\"1\" \/><\/picture><\/div><div class=\"n2-thumbnail-dot n2-style-e0aa9233bccbe78c417074b0d1eabb9d-dot \" data-slide-public-id=\"2\" role=\"button\" aria-label=\"ComfortKS_02 1\" tabindex=\"0\"><picture class=\"skip-lazy\" data-skip-lazy=\"1\"><img decoding=\"async\" alt=\"ComfortKS_02 1\" src=\"\/\/msa-matratzen.de\/wp-content\/uploads\/2025\/02\/ComfortKS_02-1.jpg\" width=\"100\" height=\"60\" loading=\"lazy\" class=\"skip-lazy\" data-skip-lazy=\"1\" \/><\/picture><\/div><div class=\"n2-thumbnail-dot n2-style-e0aa9233bccbe78c417074b0d1eabb9d-dot \" data-slide-public-id=\"3\" role=\"button\" aria-label=\"ComfortKS_02 1 (4)\" tabindex=\"0\"><picture class=\"skip-lazy\" data-skip-lazy=\"1\"><img decoding=\"async\" alt=\"ComfortKS_02 1 (4)\" src=\"\/\/msa-matratzen.de\/wp-content\/uploads\/2025\/02\/ComfortKS_02-1-4.jpg\" width=\"100\" height=\"60\" loading=\"lazy\" class=\"skip-lazy\" data-skip-lazy=\"1\" \/><\/picture><\/div><div class=\"n2-thumbnail-dot n2-style-e0aa9233bccbe78c417074b0d1eabb9d-dot \" data-slide-public-id=\"4\" role=\"button\" aria-label=\"ComfortKS_02 1 (3)\" tabindex=\"0\"><picture class=\"skip-lazy\" data-skip-lazy=\"1\"><img decoding=\"async\" alt=\"ComfortKS_02 1 (3)\" src=\"\/\/msa-matratzen.de\/wp-content\/uploads\/2025\/02\/ComfortKS_02-1-3.jpg\" width=\"100\" height=\"60\" loading=\"lazy\" class=\"skip-lazy\" data-skip-lazy=\"1\" \/><\/picture><\/div><\/div><\/div><div class=\"nextend-thumbnail-button nextend-thumbnail-previous\"><img decoding=\"async\" width=\"26\" height=\"26\" style=\"width:26px;transform:rotateZ(-90deg);\" loading=\"lazy\" class=\"skip-lazy\" data-skip-lazy=\"1\" src=\"data:image\/svg+xml;base64,PHN2ZyB3aWR0aD0iMjYiIGhlaWdodD0iMjYiIHhtbG5zPSJodHRwOi8vd3d3LnczLm9yZy8yMDAwL3N2ZyI+CiAgICA8ZyBmaWxsPSJub25lIiBmaWxsLXJ1bGU9ImV2ZW5vZGQiPgogICAgICAgIDxjaXJjbGUgc3Ryb2tlPSIjZmZmIiBzdHJva2Utd2lkdGg9IjIiIG9wYWNpdHk9Ii41IiBmaWxsPSIjMDAwIiBjeD0iMTMiIGN5PSIxMyIgcj0iMTIiLz4KICAgICAgICA8cGF0aCBkPSJNMTMuNDM1IDkuMTc4Yy0uMTI2LS4xMjEtLjI3LS4xODItLjQzNi0uMTgyLS4xNjQgMC0uMzA2LjA2MS0uNDI4LjE4MmwtNC4zOCA0LjE3NWMtLjEyNi4xMjEtLjE4OC4yNjItLjE4OC40MjQgMCAuMTYxLjA2Mi4zMDIuMTg4LjQyM2wuNjUuNjIyYy4xMjYuMTIxLjI3My4xODIuNDQxLjE4Mi4xNyAwIC4zMTQtLjA2MS40MzYtLjE4MmwzLjMxNC0zLjE2MSAzLjI0OSAzLjE2MWMuMTI2LjEyMS4yNjkuMTgyLjQzMi4xODIuMTY0IDAgLjMwNy0uMDYxLjQzMy0uMTgybC42NjItLjYyMmMuMTI2LS4xMjEuMTg5LS4yNjIuMTg5LS40MjMgMC0uMTYyLS4wNjMtLjMwMy0uMTg5LS40MjRsLTQuMzczLTQuMTc1eiIKICAgICAgICAgICAgICBmaWxsPSIjZmZmIi8+CiAgICA8L2c+Cjwvc3ZnPg==\" alt=\"previous arrow\"><\/div><div class=\"nextend-thumbnail-button nextend-thumbnail-next\"><img decoding=\"async\" width=\"26\" height=\"26\" style=\"width:26px;transform:rotateZ(-90deg);\" loading=\"lazy\" class=\"skip-lazy\" data-skip-lazy=\"1\" src=\"data:image\/svg+xml;base64,PHN2ZyB4bWxucz0iaHR0cDovL3d3dy53My5vcmcvMjAwMC9zdmciIHdpZHRoPSIyNiIgaGVpZ2h0PSIyNiI+CiAgICA8ZyBmaWxsPSJub25lIj4KICAgICAgICA8Y2lyY2xlIGN4PSIxMyIgY3k9IjEzIiByPSIxMiIgZmlsbD0iIzAwMCIgc3Ryb2tlPSIjZmZmIiBzdHJva2Utd2lkdGg9IjIiIG9wYWNpdHk9Ii41Ii8+CiAgICAgICAgPHBhdGggZmlsbD0iI2ZmZiIKICAgICAgICAgICAgICBkPSJNMTIuNTY1IDE2LjgyMmMuMTI2LjEyLjI3LjE4Mi40MzYuMTgyLjE2OCAwIC4zMS0uMDYuNDMtLjE4Mmw0LjM4LTQuMTc1Yy4xMjgtLjEyLjE5LS4yNjIuMTktLjQyNCAwLS4xNi0uMDYyLS4zMDItLjE5LS40MjNsLS42NS0uNjIyYy0uMTI1LS4xMi0uMjcyLS4xODItLjQ0LS4xODItLjE3IDAtLjMxNC4wNi0uNDM2LjE4MmwtMy4zMTQgMy4xNi0zLjI1LTMuMTZjLS4xMjYtLjEyLS4yNy0uMTgyLS40My0uMTgyLS4xNjYgMC0uMzEuMDYtLjQzNS4xODJsLS42NjIuNjIyYy0uMTI2LjEyLS4xOS4yNjItLjE5LjQyMyAwIC4xNjIuMDY0LjMwMy4xOS40MjRsNC4zNzMgNC4xNzV6Ii8+CiAgICA8L2c+Cjwvc3ZnPg==\" alt=\"next arrow\"><\/div><\/div><\/div><\/div><\/div><ss3-loader><\/ss3-loader><\/div><\/div><div class=\"n2_clear\"><\/div><\/div><\/div>\n<\/div>\n\n\n<div class=\"kb-table-container kb-table-container12351_3a83bd-f9 wp-block-kadence-table\"><table class=\"kb-table kb-table12351_3a83bd-f9\">\n<tr class=\"kb-table-row kb-table-row12351_0d8393-a2\">\n<th class=\"kb-table-data kb-table-data12351_8f42b3-33\">\n\n<p class=\"has-text-align-center wp-block-paragraph\">H2, H3, H4, H5<\/p>\n\n<\/th>\n\n<th class=\"kb-table-data kb-table-data12351_aa4201-2a\">\n\n<p class=\"has-text-align-center wp-block-paragraph\">80<\/p>\n\n<\/th>\n\n<th class=\"kb-table-data kb-table-data12351_c893f1-3f\">\n\n<p class=\"has-text-align-center wp-block-paragraph\">90<\/p>\n\n<\/th>\n\n<th class=\"kb-table-data kb-table-data12351_344fd7-bb\">\n\n<p class=\"has-text-align-center wp-block-paragraph\">100<\/p>\n\n<\/th>\n\n<th class=\"kb-table-data kb-table-data12351_3088aa-b2\">\n\n<p class=\"has-text-align-center wp-block-paragraph\">120<\/p>\n\n<\/th>\n<\/tr>\n\n<tr class=\"kb-table-row kb-table-row12351_aad782-36\">\n<td class=\"kb-table-data kb-table-data12351_5bd9de-3e\">\n\n<p class=\"has-text-align-center wp-block-paragraph\">1,2 St\u00fcck\/LKW 100 m\u00b3 ROLL\/Fold&amp;Roll*<\/p>\n\n<\/td>\n\n<td class=\"kb-table-data kb-table-data12351_8024a0-56\">\n\n<p class=\"has-text-align-center wp-block-paragraph\">730<\/p>\n\n<\/td>\n\n<td class=\"kb-table-data kb-table-data12351_dbb94b-4f\">\n\n<p class=\"has-text-align-center wp-block-paragraph\">730<\/p>\n\n<\/td>\n\n<td class=\"kb-table-data kb-table-data12351_dd3dab-bb\">\n\n<p class=\"has-text-align-center wp-block-paragraph\">664<\/p>\n\n<\/td>\n\n<td class=\"kb-table-data kb-table-data12351_5660ba-22\">\n\n<p class=\"has-text-align-center wp-block-paragraph\">562<\/p>\n\n<\/td>\n<\/tr>\n<\/table><\/div>\n\n\n<div class=\"wp-block-uagb-container uagb-block-9b0523bd\">\n<div class=\"wp-block-kadence-advancedbtn kb-buttons-wrap kb-btns12351_8039db-5b\"><a class=\"kb-button kt-button button kb-btn12351_a0042b-0b kt-btn-size-small kt-btn-width-type-full kb-btn-global-outline  kt-btn-has-text-true kt-btn-has-svg-false  has-sf-pro-display-font-family secondary-button-interaction-styles wp-block-kadence-singlebtn\" href=\"https:\/\/msa-matratzen.de\/wp-content\/uploads\/2025\/03\/MSA_Catalog-ENG_2025.pdf\" download=\"\"><span class=\"kt-btn-inner-text\">Laden Sie Unseren Katalog Herunter<\/span><\/a>\n\n<span class=\"kb-button kt-button button kb-btn12351_dc4306-ef kt-btn-size-small kt-btn-width-type-full kb-btn-global-fill  kt-btn-has-text-true kt-btn-has-svg-false  has-sf-pro-display-font-family button-interaction-styles wp-block-kadence-singlebtn\"><span class=\"kt-btn-inner-text\">Anfrage Senden<\/span><\/span><\/div>\n<\/div>\n<\/div><\/div>\n<\/div><button class=\"uagb-modal-popup-close\" aria-label=\"Close Modal\"><svg xmlns=\"https:\/\/www.w3.org\/2000\/svg\" viewBox=\"0 0 320 512\"><path d=\"M310.6 361.4c12.5 12.5 12.5 32.75 0 45.25C304.4 412.9 296.2 416 288 416s-16.38-3.125-22.62-9.375L160 301.3L54.63 406.6C48.38 412.9 40.19 416 32 416S15.63 412.9 9.375 406.6c-12.5-12.5-12.5-32.75 0-45.25l105.4-105.4L9.375 150.6c-12.5-12.5-12.5-32.75 0-45.25s32.75-12.5 45.25 0L160 210.8l105.4-105.4c12.5-12.5 32.75-12.5 45.25 0s12.5 32.75 0 45.25l-105.4 105.4L310.6 361.4z\"><\/path><\/svg><\/button><\/div><\/div><\/div>\n<\/div>\n<\/div>\n<\/div>\n\n\n\n<div class=\"wp-block-uagb-container card-hover uagb-block-bdc53c5a\">\n<div class=\"wp-block-uagb-image alignleft uagb-block-69bcd893 wp-block-uagb-image--layout-default wp-block-uagb-image--effect-static wp-block-uagb-image--align-left image-hover\"><figure class=\"wp-block-uagb-image__figure\"><img decoding=\"async\" srcset=\"https:\/\/msa-matratzen.de\/wp-content\/uploads\/2025\/02\/Grey-Line-Dynamic-2-1024x613.webp ,https:\/\/msa-matratzen.de\/wp-content\/uploads\/2025\/02\/Grey-Line-Dynamic-2-scaled.webp 780w, https:\/\/msa-matratzen.de\/wp-content\/uploads\/2025\/02\/Grey-Line-Dynamic-2-scaled.webp 360w\" sizes=\"auto, (max-width: 480px) 150px\" src=\"https:\/\/msa-matratzen.de\/wp-content\/uploads\/2025\/02\/Grey-Line-Dynamic-2-1024x613.webp\" alt=\"Grey Line Dynamic\" class=\"uag-image-9543\" width=\"178\" height=\"100\" title=\"Grey Line Dynamic\" loading=\"lazy\" role=\"img\"\/><\/figure><\/div>\n\n\n\n<div class=\"wp-block-uagb-container uagb-block-889d5af8\">\n<p class=\"title-hover has-jost-font-family wp-block-paragraph\" style=\"font-size:14px;font-style:normal;font-weight:400;text-transform:uppercase\">Grey Line<\/p>\n<\/div>\n\n\n\n<div class=\"wp-block-uagb-container product-text-list-container uag-hide-desktop uag-hide-tab uag-hide-mob uagb-block-a0576fe4\">\n<div class=\"wp-block-uagb-icon-list uagb-block-0c1ede9c uag-hide-desktop uag-hide-tab uag-hide-mob\"><div class=\"uagb-icon-list__wrap\">\n<div class=\"wp-block-uagb-icon-list-child uagb-block-60adedea\"><span class=\"uagb-icon-list__source-wrap\"><svg xmlns=\"https:\/\/www.w3.org\/2000\/svg\" viewBox=\"0 0 448 512\"><path d=\"M400 288h-352c-17.69 0-32-14.32-32-32.01s14.31-31.99 32-31.99h352c17.69 0 32 14.3 32 31.99S417.7 288 400 288z\"><\/path><\/svg><\/span><span class=\"uagb-icon-list__label\">Comfort PU<\/span><\/div>\n<\/div><\/div>\n\n\n\n<div class=\"wp-block-uagb-container uag-hide-desktop uag-hide-tab uag-hide-mob uagb-block-f0d5c7ed\">      \n\t\t\t<div class=\"uagb-icon-wrapper uagb-block-bba11bc2  wp-block-uagb-icon--has-margin    \"\n\t\t\tstyle=\"\" >\n\t\t\t\t\t\t\t\t<div class='uagb-icon-margin-wrapper'>\n\t\t\t\t\t\t\t\t\t<span class=\"uagb-svg-wrapper\" \n\t\t\t\t\t aria-label=\"minus\"\t\t\t\t\ttabindex=\"0\">\t\t\n\t\t\t\t\t\t\t\t\t\t<svg xmlns=\"https:\/\/www.w3.org\/2000\/svg\" viewBox= \"0 0 448 512\" role=\"graphics-symbol\" aria-hidden=\"false\" aria-label=\"\"><path d=\"M400 288h-352c-17.69 0-32-14.32-32-32.01s14.31-31.99 32-31.99h352c17.69 0 32 14.3 32 31.99S417.7 288 400 288z\"><\/path><\/svg>\n\t\t\t\t\t\t\t\t\t<\/span>\n\t\t\t\t\t\t\t\t<\/div>\n\t\t\t\t\t\t\t<\/div>\n\t\t\t\n\n\n<button \n  type=\"button\"\n  class=\"open-my-modal\"\n  data-modal-id=\"4ca01fee\"\n  style=\"\n    color: var(--White, #FFF);\n    font-family: Jost;\n    font-size: 14px;\n    font-style: normal;\n    font-weight: 400;\n    line-height: normal;\n    background: none;\n    border: none;\n    cursor: pointer;\npadding: 0;\n  \"\n>\n  Comfort KS\n<\/button>\n<\/div>\n<\/div>\n<\/div>\n\n\n\n<div class=\"wp-block-uagb-container card-hoverr uagb-block-b7a3dc6a\">\n<div class=\"wp-block-uagb-image alignleft uagb-block-bb2f5056 wp-block-uagb-image--layout-default wp-block-uagb-image--effect-static wp-block-uagb-image--align-left image-hover\"><figure class=\"wp-block-uagb-image__figure\"><img decoding=\"async\" srcset=\"https:\/\/msa-matratzen.de\/wp-content\/uploads\/2025\/02\/Neon-2-in-1.webp ,https:\/\/msa-matratzen.de\/wp-content\/uploads\/2025\/02\/Neon-2-in-1.webp 780w, https:\/\/msa-matratzen.de\/wp-content\/uploads\/2025\/02\/Neon-2-in-1.webp 360w\" sizes=\"auto, (max-width: 480px) 150px\" src=\"https:\/\/msa-matratzen.de\/wp-content\/uploads\/2025\/02\/Neon-2-in-1.webp\" alt=\"Neon 2 in 1\" class=\"uag-image-9465\" width=\"178\" height=\"100\" title=\"Neon 2 in 1\" loading=\"lazy\" role=\"img\"\/><\/figure><\/div>\n\n\n\n<div class=\"wp-block-uagb-container uagb-block-724f3292\">\n<p class=\"title-hover has-jost-font-family wp-block-paragraph\" style=\"font-size:14px;font-style:normal;font-weight:400;text-transform:uppercase\">neon<\/p>\n<\/div>\n\n\n\n<div class=\"wp-block-uagb-container product-text-list-container uagb-block-8aeda648\">\n<div class=\"wp-block-uagb-icon-list uagb-block-0f796ba4 uag-hide-desktop uag-hide-tab uag-hide-mob\"><div class=\"uagb-icon-list__wrap\">\n<div class=\"wp-block-uagb-icon-list-child uagb-block-18dad97a\"><span class=\"uagb-icon-list__source-wrap\"><svg xmlns=\"https:\/\/www.w3.org\/2000\/svg\" viewBox=\"0 0 448 512\"><path d=\"M400 288h-352c-17.69 0-32-14.32-32-32.01s14.31-31.99 32-31.99h352c17.69 0 32 14.3 32 31.99S417.7 288 400 288z\"><\/path><\/svg><\/span><span class=\"uagb-icon-list__label\">Comfort PU<\/span><\/div>\n<\/div><\/div>\n\n\n\n<div class=\"wp-block-uagb-container uag-hide-desktop uag-hide-tab uag-hide-mob uagb-block-f6d40a36\">      \n\t\t\t<div class=\"uagb-icon-wrapper uagb-block-ac7d6a09  wp-block-uagb-icon--has-margin    \"\n\t\t\tstyle=\"\" >\n\t\t\t\t\t\t\t\t<div class='uagb-icon-margin-wrapper'>\n\t\t\t\t\t\t\t\t\t<span class=\"uagb-svg-wrapper\" \n\t\t\t\t\t aria-label=\"minus\"\t\t\t\t\ttabindex=\"0\">\t\t\n\t\t\t\t\t\t\t\t\t\t<svg xmlns=\"https:\/\/www.w3.org\/2000\/svg\" viewBox= \"0 0 448 512\" role=\"graphics-symbol\" aria-hidden=\"false\" aria-label=\"\"><path d=\"M400 288h-352c-17.69 0-32-14.32-32-32.01s14.31-31.99 32-31.99h352c17.69 0 32 14.3 32 31.99S417.7 288 400 288z\"><\/path><\/svg>\n\t\t\t\t\t\t\t\t\t<\/span>\n\t\t\t\t\t\t\t\t<\/div>\n\t\t\t\t\t\t\t<\/div>\n\t\t\t\n\n\n<button \n  type=\"button\"\n  class=\"open-my-modal\"\n  data-modal-id=\"4ca01fee\"\n  style=\"\n    color: var(--White, #FFF);\n    font-family: Jost;\n    font-size: 14px;\n    font-style: normal;\n    font-weight: 400;\n    line-height: normal;\n    background: none;\n    border: none;\n    cursor: pointer;\npadding: 0;\n  \"\n>\n  Comfort KS\n<\/button>\n<\/div>\n<\/div>\n<\/div>\n\n\n\n<div class=\"wp-block-uagb-container card-hover uagb-block-68420b97\">\n<div class=\"wp-block-uagb-image alignleft uagb-block-14f424b2 wp-block-uagb-image--layout-default wp-block-uagb-image--effect-static wp-block-uagb-image--align-left image-hover\"><figure class=\"wp-block-uagb-image__figure\"><img decoding=\"async\" srcset=\"https:\/\/msa-matratzen.de\/wp-content\/uploads\/2025\/02\/Optima-TFK-Star.webp ,https:\/\/msa-matratzen.de\/wp-content\/uploads\/2025\/02\/Optima-TFK-Star.webp 780w, https:\/\/msa-matratzen.de\/wp-content\/uploads\/2025\/02\/Optima-TFK-Star.webp 360w\" sizes=\"auto, (max-width: 480px) 150px\" src=\"https:\/\/msa-matratzen.de\/wp-content\/uploads\/2025\/02\/Optima-TFK-Star.webp\" alt=\"Optima TFK Star\" class=\"uag-image-9468\" width=\"178\" height=\"100\" title=\"Optima TFK Star\" loading=\"lazy\" role=\"img\"\/><\/figure><\/div>\n\n\n\n<div class=\"wp-block-uagb-container uagb-block-24f0b23a\">\n<p class=\"title-hover has-jost-font-family wp-block-paragraph\" style=\"font-size:14px;font-style:normal;font-weight:400;text-transform:uppercase\">optima tfk<\/p>\n<\/div>\n\n\n\n<div class=\"wp-block-uagb-container product-text-list-container uagb-block-b33734c1\">\n<div class=\"wp-block-uagb-icon-list uagb-block-439f0d31 uag-hide-desktop uag-hide-tab uag-hide-mob\"><div class=\"uagb-icon-list__wrap\">\n<div class=\"wp-block-uagb-icon-list-child uagb-block-7a509558\"><span class=\"uagb-icon-list__source-wrap\"><svg xmlns=\"https:\/\/www.w3.org\/2000\/svg\" viewBox=\"0 0 448 512\"><path d=\"M400 288h-352c-17.69 0-32-14.32-32-32.01s14.31-31.99 32-31.99h352c17.69 0 32 14.3 32 31.99S417.7 288 400 288z\"><\/path><\/svg><\/span><span class=\"uagb-icon-list__label\">Comfort PU<\/span><\/div>\n<\/div><\/div>\n\n\n\n<div class=\"wp-block-uagb-container uag-hide-desktop uag-hide-tab uag-hide-mob uagb-block-51432dd4\">      \n\t\t\t<div class=\"uagb-icon-wrapper uagb-block-1cd6a4cf  wp-block-uagb-icon--has-margin    \"\n\t\t\tstyle=\"\" >\n\t\t\t\t\t\t\t\t<div class='uagb-icon-margin-wrapper'>\n\t\t\t\t\t\t\t\t\t<span class=\"uagb-svg-wrapper\" \n\t\t\t\t\t aria-label=\"minus\"\t\t\t\t\ttabindex=\"0\">\t\t\n\t\t\t\t\t\t\t\t\t\t<svg xmlns=\"https:\/\/www.w3.org\/2000\/svg\" viewBox= \"0 0 448 512\" role=\"graphics-symbol\" aria-hidden=\"false\" aria-label=\"\"><path d=\"M400 288h-352c-17.69 0-32-14.32-32-32.01s14.31-31.99 32-31.99h352c17.69 0 32 14.3 32 31.99S417.7 288 400 288z\"><\/path><\/svg>\n\t\t\t\t\t\t\t\t\t<\/span>\n\t\t\t\t\t\t\t\t<\/div>\n\t\t\t\t\t\t\t<\/div>\n\t\t\t\n\n\n<button \n  type=\"button\"\n  class=\"open-my-modal\"\n  data-modal-id=\"4ca01fee\"\n  style=\"\n    color: var(--White, #FFF);\n    font-family: Jost;\n    font-size: 14px;\n    font-style: normal;\n    font-weight: 400;\n    line-height: normal;\n    background: none;\n    border: none;\n    cursor: pointer;\npadding: 0;\n  \"\n>\n  Comfort KS\n<\/button>\n<\/div>\n<\/div>\n<\/div>\n\n\n\n<div class=\"wp-block-uagb-container card-hover uagb-block-cbed8a98\">\n<div class=\"wp-block-uagb-image alignleft uagb-block-3dd992ad wp-block-uagb-image--layout-default wp-block-uagb-image--effect-static wp-block-uagb-image--align-left image-hover\"><figure class=\"wp-block-uagb-image__figure\"><img decoding=\"async\" srcset=\"https:\/\/msa-matratzen.de\/wp-content\/uploads\/2025\/02\/Prima.webp ,https:\/\/msa-matratzen.de\/wp-content\/uploads\/2025\/02\/Prima.webp 780w, https:\/\/msa-matratzen.de\/wp-content\/uploads\/2025\/02\/Prima.webp 360w\" sizes=\"auto, (max-width: 480px) 150px\" src=\"https:\/\/msa-matratzen.de\/wp-content\/uploads\/2025\/02\/Prima.webp\" alt=\"Prima\" class=\"uag-image-9469\" width=\"178\" height=\"100\" title=\"Prima\" loading=\"lazy\" role=\"img\"\/><\/figure><\/div>\n\n\n\n<div class=\"wp-block-uagb-container uagb-block-8885ea8d\">\n<p class=\"title-hover has-jost-font-family wp-block-paragraph\" style=\"font-size:14px;font-style:normal;font-weight:400;text-transform:uppercase\">Prima<\/p>\n<\/div>\n\n\n\n<div class=\"wp-block-uagb-container product-text-list-container uagb-block-d25689c5\">\n<div class=\"wp-block-uagb-icon-list uagb-block-1bf9208a uag-hide-desktop uag-hide-tab uag-hide-mob\"><div class=\"uagb-icon-list__wrap\">\n<div class=\"wp-block-uagb-icon-list-child uagb-block-740647a3\"><span class=\"uagb-icon-list__source-wrap\"><svg xmlns=\"https:\/\/www.w3.org\/2000\/svg\" viewBox=\"0 0 448 512\"><path d=\"M400 288h-352c-17.69 0-32-14.32-32-32.01s14.31-31.99 32-31.99h352c17.69 0 32 14.3 32 31.99S417.7 288 400 288z\"><\/path><\/svg><\/span><span class=\"uagb-icon-list__label\">Comfort PU<\/span><\/div>\n<\/div><\/div>\n\n\n\n<div class=\"wp-block-uagb-container uag-hide-desktop uag-hide-tab uag-hide-mob uagb-block-57388e64\">      \n\t\t\t<div class=\"uagb-icon-wrapper uagb-block-e6e4e6f5  wp-block-uagb-icon--has-margin    \"\n\t\t\tstyle=\"\" >\n\t\t\t\t\t\t\t\t<div class='uagb-icon-margin-wrapper'>\n\t\t\t\t\t\t\t\t\t<span class=\"uagb-svg-wrapper\" \n\t\t\t\t\t aria-label=\"minus\"\t\t\t\t\ttabindex=\"0\">\t\t\n\t\t\t\t\t\t\t\t\t\t<svg xmlns=\"https:\/\/www.w3.org\/2000\/svg\" viewBox= \"0 0 448 512\" role=\"graphics-symbol\" aria-hidden=\"false\" aria-label=\"\"><path d=\"M400 288h-352c-17.69 0-32-14.32-32-32.01s14.31-31.99 32-31.99h352c17.69 0 32 14.3 32 31.99S417.7 288 400 288z\"><\/path><\/svg>\n\t\t\t\t\t\t\t\t\t<\/span>\n\t\t\t\t\t\t\t\t<\/div>\n\t\t\t\t\t\t\t<\/div>\n\t\t\t\n\n\n<button \n  type=\"button\"\n  class=\"open-my-modal\"\n  data-modal-id=\"4ca01fee\"\n  style=\"\n    color: var(--White, #FFF);\n    font-family: Jost;\n    font-size: 14px;\n    font-style: normal;\n    font-weight: 400;\n    line-height: normal;\n    background: none;\n    border: none;\n    cursor: pointer;\npadding: 0;\n  \"\n>\n  Comfort KS\n<\/button>\n<\/div>\n<\/div>\n<\/div>\n\n\n\n<div class=\"wp-block-uagb-container card-hover uagb-block-27d4dfd0\">\n<div class=\"wp-block-uagb-image alignleft uagb-block-03a9fd4c wp-block-uagb-image--layout-default wp-block-uagb-image--effect-static wp-block-uagb-image--align-left image-hover\"><figure class=\"wp-block-uagb-image__figure\"><img decoding=\"async\" srcset=\"https:\/\/msa-matratzen.de\/wp-content\/uploads\/2025\/02\/Ruby-2-in-1.webp ,https:\/\/msa-matratzen.de\/wp-content\/uploads\/2025\/02\/Ruby-2-in-1.webp 780w, https:\/\/msa-matratzen.de\/wp-content\/uploads\/2025\/02\/Ruby-2-in-1.webp 360w\" sizes=\"auto, (max-width: 480px) 150px\" src=\"https:\/\/msa-matratzen.de\/wp-content\/uploads\/2025\/02\/Ruby-2-in-1.webp\" alt=\"Ruby 2 in 1\" class=\"uag-image-9471\" width=\"178\" height=\"100\" title=\"Ruby 2 in 1\" loading=\"lazy\" role=\"img\"\/><\/figure><\/div>\n\n\n\n<div class=\"wp-block-uagb-container uagb-block-d581e698\">\n<p class=\"title-hover has-jost-font-family wp-block-paragraph\" style=\"font-size:14px;font-style:normal;font-weight:400;text-transform:uppercase\">Ruby<\/p>\n<\/div>\n\n\n\n<div class=\"wp-block-uagb-container product-text-list-container uagb-block-f17664e5\">\n<div class=\"wp-block-uagb-icon-list uagb-block-6fa1699c uag-hide-desktop uag-hide-tab uag-hide-mob\"><div class=\"uagb-icon-list__wrap\">\n<div class=\"wp-block-uagb-icon-list-child uagb-block-e2f11dcb\"><span class=\"uagb-icon-list__source-wrap\"><svg xmlns=\"https:\/\/www.w3.org\/2000\/svg\" viewBox=\"0 0 448 512\"><path d=\"M400 288h-352c-17.69 0-32-14.32-32-32.01s14.31-31.99 32-31.99h352c17.69 0 32 14.3 32 31.99S417.7 288 400 288z\"><\/path><\/svg><\/span><span class=\"uagb-icon-list__label\">Comfort PU<\/span><\/div>\n<\/div><\/div>\n\n\n\n<div class=\"wp-block-uagb-container uag-hide-desktop uag-hide-tab uag-hide-mob uagb-block-bc7f09ec\">      \n\t\t\t<div class=\"uagb-icon-wrapper uagb-block-5cfbefcc  wp-block-uagb-icon--has-margin    \"\n\t\t\tstyle=\"\" >\n\t\t\t\t\t\t\t\t<div class='uagb-icon-margin-wrapper'>\n\t\t\t\t\t\t\t\t\t<span class=\"uagb-svg-wrapper\" \n\t\t\t\t\t aria-label=\"minus\"\t\t\t\t\ttabindex=\"0\">\t\t\n\t\t\t\t\t\t\t\t\t\t<svg xmlns=\"https:\/\/www.w3.org\/2000\/svg\" viewBox= \"0 0 448 512\" role=\"graphics-symbol\" aria-hidden=\"false\" aria-label=\"\"><path d=\"M400 288h-352c-17.69 0-32-14.32-32-32.01s14.31-31.99 32-31.99h352c17.69 0 32 14.3 32 31.99S417.7 288 400 288z\"><\/path><\/svg>\n\t\t\t\t\t\t\t\t\t<\/span>\n\t\t\t\t\t\t\t\t<\/div>\n\t\t\t\t\t\t\t<\/div>\n\t\t\t\n\n\n<button \n  type=\"button\"\n  class=\"open-my-modal\"\n  data-modal-id=\"4ca01fee\"\n  style=\"\n    color: var(--White, #FFF);\n    font-family: Jost;\n    font-size: 14px;\n    font-style: normal;\n    font-weight: 400;\n    line-height: normal;\n    background: none;\n    border: none;\n    cursor: pointer;\npadding: 0;\n  \"\n>\n  Comfort KS\n<\/button>\n<\/div>\n<\/div>\n<\/div>\n\n\n\n<div class=\"wp-block-uagb-container card-hover uagb-block-60195d59\">\n<div class=\"wp-block-uagb-image alignleft uagb-block-bdceca59 wp-block-uagb-image--layout-default wp-block-uagb-image--effect-static wp-block-uagb-image--align-left image-hover\"><figure class=\"wp-block-uagb-image__figure\"><img decoding=\"async\" srcset=\"https:\/\/msa-matratzen.de\/wp-content\/uploads\/2025\/02\/SynergyOceanBlue.webp ,https:\/\/msa-matratzen.de\/wp-content\/uploads\/2025\/02\/SynergyOceanBlue.webp 780w, https:\/\/msa-matratzen.de\/wp-content\/uploads\/2025\/02\/SynergyOceanBlue.webp 360w\" sizes=\"auto, (max-width: 480px) 150px\" src=\"https:\/\/msa-matratzen.de\/wp-content\/uploads\/2025\/02\/SynergyOceanBlue.webp\" alt=\"Synergy Ocean Blue\" class=\"uag-image-9472\" width=\"178\" height=\"100\" title=\"SynergyOceanBlue\" loading=\"lazy\" role=\"img\"\/><\/figure><\/div>\n\n\n\n<div class=\"wp-block-uagb-container uagb-block-59ad9aa4\">\n<p class=\"title-hover has-jost-font-family wp-block-paragraph\" style=\"font-size:14px;font-style:normal;font-weight:400;text-transform:uppercase\">Synergy<\/p>\n<\/div>\n\n\n\n<div class=\"wp-block-uagb-container product-text-list-container uagb-block-2087c703\">\n<div class=\"wp-block-uagb-icon-list uagb-block-00ae2401 uag-hide-desktop uag-hide-tab uag-hide-mob\"><div class=\"uagb-icon-list__wrap\">\n<div class=\"wp-block-uagb-icon-list-child uagb-block-744a25f3\"><span class=\"uagb-icon-list__source-wrap\"><svg xmlns=\"https:\/\/www.w3.org\/2000\/svg\" viewBox=\"0 0 448 512\"><path d=\"M400 288h-352c-17.69 0-32-14.32-32-32.01s14.31-31.99 32-31.99h352c17.69 0 32 14.3 32 31.99S417.7 288 400 288z\"><\/path><\/svg><\/span><span class=\"uagb-icon-list__label\">Comfort PU<\/span><\/div>\n<\/div><\/div>\n\n\n\n<div class=\"wp-block-uagb-container uag-hide-desktop uag-hide-tab uag-hide-mob uagb-block-457841d9\">      \n\t\t\t<div class=\"uagb-icon-wrapper uagb-block-89045def  wp-block-uagb-icon--has-margin    \"\n\t\t\tstyle=\"\" >\n\t\t\t\t\t\t\t\t<div class='uagb-icon-margin-wrapper'>\n\t\t\t\t\t\t\t\t\t<span class=\"uagb-svg-wrapper\" \n\t\t\t\t\t aria-label=\"minus\"\t\t\t\t\ttabindex=\"0\">\t\t\n\t\t\t\t\t\t\t\t\t\t<svg xmlns=\"https:\/\/www.w3.org\/2000\/svg\" viewBox= \"0 0 448 512\" role=\"graphics-symbol\" aria-hidden=\"false\" aria-label=\"\"><path d=\"M400 288h-352c-17.69 0-32-14.32-32-32.01s14.31-31.99 32-31.99h352c17.69 0 32 14.3 32 31.99S417.7 288 400 288z\"><\/path><\/svg>\n\t\t\t\t\t\t\t\t\t<\/span>\n\t\t\t\t\t\t\t\t<\/div>\n\t\t\t\t\t\t\t<\/div>\n\t\t\t\n\n\n<button \n  type=\"button\"\n  class=\"open-my-modal\"\n  data-modal-id=\"4ca01fee\"\n  style=\"\n    color: var(--White, #FFF);\n    font-family: Jost;\n    font-size: 14px;\n    font-style: normal;\n    font-weight: 400;\n    line-height: normal;\n    background: none;\n    border: none;\n    cursor: pointer;\npadding: 0;\n  \"\n>\n  Comfort KS\n<\/button>\n<\/div>\n<\/div>\n<\/div>\n\n\n\n<div class=\"wp-block-uagb-container card-hover uagb-block-46edf222\">\n<div class=\"wp-block-uagb-image alignleft uagb-block-2b3355b0 wp-block-uagb-image--layout-default wp-block-uagb-image--effect-static wp-block-uagb-image--align-left image-hover\"><figure class=\"wp-block-uagb-image__figure\"><img decoding=\"async\" srcset=\"https:\/\/msa-matratzen.de\/wp-content\/uploads\/2025\/02\/S4.webp ,https:\/\/msa-matratzen.de\/wp-content\/uploads\/2025\/02\/S4.webp 780w, https:\/\/msa-matratzen.de\/wp-content\/uploads\/2025\/02\/S4.webp 360w\" sizes=\"auto, (max-width: 480px) 150px\" src=\"https:\/\/msa-matratzen.de\/wp-content\/uploads\/2025\/02\/S4.webp\" alt=\"S4\" class=\"uag-image-9475\" width=\"178\" height=\"100\" title=\"S4\" loading=\"lazy\" role=\"img\"\/><\/figure><\/div>\n\n\n\n<div class=\"wp-block-uagb-container uagb-block-d73eb402\">\n<p class=\"title-hover has-jost-font-family wp-block-paragraph\" style=\"font-size:14px;font-style:normal;font-weight:400;text-transform:uppercase\">S4<\/p>\n<\/div>\n\n\n\n<div class=\"wp-block-uagb-container product-text-list-container uagb-block-d8d0cd0e\">\n<div class=\"wp-block-uagb-icon-list uagb-block-f2019d5a uag-hide-desktop uag-hide-tab uag-hide-mob\"><div class=\"uagb-icon-list__wrap\">\n<div class=\"wp-block-uagb-icon-list-child uagb-block-734309da\"><span class=\"uagb-icon-list__source-wrap\"><svg xmlns=\"https:\/\/www.w3.org\/2000\/svg\" viewBox=\"0 0 448 512\"><path d=\"M400 288h-352c-17.69 0-32-14.32-32-32.01s14.31-31.99 32-31.99h352c17.69 0 32 14.3 32 31.99S417.7 288 400 288z\"><\/path><\/svg><\/span><span class=\"uagb-icon-list__label\">Comfort PU<\/span><\/div>\n<\/div><\/div>\n\n\n\n<div class=\"wp-block-uagb-container uag-hide-desktop uag-hide-tab uag-hide-mob uagb-block-4f56802f\">      \n\t\t\t<div class=\"uagb-icon-wrapper uagb-block-de6d793c  wp-block-uagb-icon--has-margin    \"\n\t\t\tstyle=\"\" >\n\t\t\t\t\t\t\t\t<div class='uagb-icon-margin-wrapper'>\n\t\t\t\t\t\t\t\t\t<span class=\"uagb-svg-wrapper\" \n\t\t\t\t\t aria-label=\"minus\"\t\t\t\t\ttabindex=\"0\">\t\t\n\t\t\t\t\t\t\t\t\t\t<svg xmlns=\"https:\/\/www.w3.org\/2000\/svg\" viewBox= \"0 0 448 512\" role=\"graphics-symbol\" aria-hidden=\"false\" aria-label=\"\"><path d=\"M400 288h-352c-17.69 0-32-14.32-32-32.01s14.31-31.99 32-31.99h352c17.69 0 32 14.3 32 31.99S417.7 288 400 288z\"><\/path><\/svg>\n\t\t\t\t\t\t\t\t\t<\/span>\n\t\t\t\t\t\t\t\t<\/div>\n\t\t\t\t\t\t\t<\/div>\n\t\t\t\n\n\n<button \n  type=\"button\"\n  class=\"open-my-modal\"\n  data-modal-id=\"4ca01fee\"\n  style=\"\n    color: var(--White, #FFF);\n    font-family: Jost;\n    font-size: 14px;\n    font-style: normal;\n    font-weight: 400;\n    line-height: normal;\n    background: none;\n    border: none;\n    cursor: pointer;\npadding: 0;\n  \"\n>\n  Comfort KS\n<\/button>\n<\/div>\n<\/div>\n<\/div>\n\n\n\n<div class=\"wp-block-uagb-container card-hover uagb-block-01b32806\">\n<div class=\"wp-block-uagb-image alignleft uagb-block-f4c827ab wp-block-uagb-image--layout-default wp-block-uagb-image--effect-static wp-block-uagb-image--align-left image-hover\"><figure class=\"wp-block-uagb-image__figure\"><img decoding=\"async\" srcset=\"https:\/\/msa-matratzen.de\/wp-content\/uploads\/2025\/02\/TFK-Kern-18.webp ,https:\/\/msa-matratzen.de\/wp-content\/uploads\/2025\/02\/TFK-Kern-18.webp 780w, https:\/\/msa-matratzen.de\/wp-content\/uploads\/2025\/02\/TFK-Kern-18.webp 360w\" sizes=\"auto, (max-width: 480px) 150px\" src=\"https:\/\/msa-matratzen.de\/wp-content\/uploads\/2025\/02\/TFK-Kern-18.webp\" alt=\"TFK Kern 18\" class=\"uag-image-9476\" width=\"178\" height=\"100\" title=\"TFK Kern 18\" loading=\"lazy\" role=\"img\"\/><\/figure><\/div>\n\n\n\n<div class=\"wp-block-uagb-container uagb-block-db9cb93c\">\n<p class=\"title-hover has-jost-font-family wp-block-paragraph\" style=\"font-size:14px;font-style:normal;font-weight:400;text-transform:uppercase\">Tfk Kern<\/p>\n<\/div>\n\n\n\n<div class=\"wp-block-uagb-container product-text-list-container uagb-block-41648b35\">\n<div class=\"wp-block-uagb-icon-list uagb-block-06a6fc9e uag-hide-desktop uag-hide-tab uag-hide-mob\"><div class=\"uagb-icon-list__wrap\">\n<div class=\"wp-block-uagb-icon-list-child uagb-block-ac19f780\"><span class=\"uagb-icon-list__source-wrap\"><svg xmlns=\"https:\/\/www.w3.org\/2000\/svg\" viewBox=\"0 0 448 512\"><path d=\"M400 288h-352c-17.69 0-32-14.32-32-32.01s14.31-31.99 32-31.99h352c17.69 0 32 14.3 32 31.99S417.7 288 400 288z\"><\/path><\/svg><\/span><span class=\"uagb-icon-list__label\">Comfort PU<\/span><\/div>\n<\/div><\/div>\n\n\n\n<div class=\"wp-block-uagb-container uag-hide-desktop uag-hide-tab uag-hide-mob uagb-block-83ce4841\">      \n\t\t\t<div class=\"uagb-icon-wrapper uagb-block-d95793b0  wp-block-uagb-icon--has-margin    \"\n\t\t\tstyle=\"\" >\n\t\t\t\t\t\t\t\t<div class='uagb-icon-margin-wrapper'>\n\t\t\t\t\t\t\t\t\t<span class=\"uagb-svg-wrapper\" \n\t\t\t\t\t aria-label=\"minus\"\t\t\t\t\ttabindex=\"0\">\t\t\n\t\t\t\t\t\t\t\t\t\t<svg xmlns=\"https:\/\/www.w3.org\/2000\/svg\" viewBox= \"0 0 448 512\" role=\"graphics-symbol\" aria-hidden=\"false\" aria-label=\"\"><path d=\"M400 288h-352c-17.69 0-32-14.32-32-32.01s14.31-31.99 32-31.99h352c17.69 0 32 14.3 32 31.99S417.7 288 400 288z\"><\/path><\/svg>\n\t\t\t\t\t\t\t\t\t<\/span>\n\t\t\t\t\t\t\t\t<\/div>\n\t\t\t\t\t\t\t<\/div>\n\t\t\t\n\n\n<button \n  type=\"button\"\n  class=\"open-my-modal\"\n  data-modal-id=\"4ca01fee\"\n  style=\"\n    color: var(--White, #FFF);\n    font-family: Jost;\n    font-size: 14px;\n    font-style: normal;\n    font-weight: 400;\n    line-height: normal;\n    background: none;\n    border: none;\n    cursor: pointer;\npadding: 0;\n  \"\n>\n  Comfort KS\n<\/button>\n<\/div>\n<\/div>\n<\/div>\n\n\n\n<div class=\"wp-block-uagb-container card-hover uagb-block-f9a41a5b\">\n<div class=\"wp-block-uagb-image alignleft uagb-block-33b8824a wp-block-uagb-image--layout-default wp-block-uagb-image--effect-static wp-block-uagb-image--align-left image-hover\"><figure class=\"wp-block-uagb-image__figure\"><img decoding=\"async\" srcset=\"https:\/\/msa-matratzen.de\/wp-content\/uploads\/2025\/02\/Tornado2in1.webp ,https:\/\/msa-matratzen.de\/wp-content\/uploads\/2025\/02\/Tornado2in1.webp 780w, https:\/\/msa-matratzen.de\/wp-content\/uploads\/2025\/02\/Tornado2in1.webp 360w\" sizes=\"auto, (max-width: 480px) 150px\" src=\"https:\/\/msa-matratzen.de\/wp-content\/uploads\/2025\/02\/Tornado2in1.webp\" alt=\"Tornado 2 in 1\" class=\"uag-image-9478\" width=\"178\" height=\"100\" title=\"Tornado2in1\" loading=\"lazy\" role=\"img\"\/><\/figure><\/div>\n\n\n\n<div class=\"wp-block-uagb-container uagb-block-25bcb8ac\">\n<p class=\"title-hover has-jost-font-family wp-block-paragraph\" style=\"font-size:14px;font-style:normal;font-weight:400;text-transform:uppercase\">Tornado<\/p>\n<\/div>\n\n\n\n<div class=\"wp-block-uagb-container product-text-list-container uagb-block-5947d0b7\">\n<div class=\"wp-block-uagb-icon-list uagb-block-6348026e uag-hide-desktop uag-hide-tab uag-hide-mob\"><div class=\"uagb-icon-list__wrap\">\n<div class=\"wp-block-uagb-icon-list-child uagb-block-18c884ad\"><span class=\"uagb-icon-list__source-wrap\"><svg xmlns=\"https:\/\/www.w3.org\/2000\/svg\" viewBox=\"0 0 448 512\"><path d=\"M400 288h-352c-17.69 0-32-14.32-32-32.01s14.31-31.99 32-31.99h352c17.69 0 32 14.3 32 31.99S417.7 288 400 288z\"><\/path><\/svg><\/span><span class=\"uagb-icon-list__label\">Comfort PU<\/span><\/div>\n<\/div><\/div>\n\n\n\n<div class=\"wp-block-uagb-container uag-hide-desktop uag-hide-tab uag-hide-mob uagb-block-46633bbf\">      \n\t\t\t<div class=\"uagb-icon-wrapper uagb-block-5f82d6c3  wp-block-uagb-icon--has-margin    \"\n\t\t\tstyle=\"\" >\n\t\t\t\t\t\t\t\t<div class='uagb-icon-margin-wrapper'>\n\t\t\t\t\t\t\t\t\t<span class=\"uagb-svg-wrapper\" \n\t\t\t\t\t aria-label=\"minus\"\t\t\t\t\ttabindex=\"0\">\t\t\n\t\t\t\t\t\t\t\t\t\t<svg xmlns=\"https:\/\/www.w3.org\/2000\/svg\" viewBox= \"0 0 448 512\" role=\"graphics-symbol\" aria-hidden=\"false\" aria-label=\"\"><path d=\"M400 288h-352c-17.69 0-32-14.32-32-32.01s14.31-31.99 32-31.99h352c17.69 0 32 14.3 32 31.99S417.7 288 400 288z\"><\/path><\/svg>\n\t\t\t\t\t\t\t\t\t<\/span>\n\t\t\t\t\t\t\t\t<\/div>\n\t\t\t\t\t\t\t<\/div>\n\t\t\t\n\n\n<button \n  type=\"button\"\n  class=\"open-my-modal\"\n  data-modal-id=\"4ca01fee\"\n  style=\"\n    color: var(--White, #FFF);\n    font-family: Jost;\n    font-size: 14px;\n    font-style: normal;\n    font-weight: 400;\n    line-height: normal;\n    background: none;\n    border: none;\n    cursor: pointer;\npadding: 0;\n  \"\n>\n  Comfort KS\n<\/button>\n<\/div>\n<\/div>\n<\/div>\n<\/div>\n<\/div>\n<\/div>\n\n\n\n<div style=\"height:100px\" aria-hidden=\"true\" class=\"wp-block-spacer uag-hide-mob\"><\/div>\n\n\n\n<div style=\"height:50px\" aria-hidden=\"true\" class=\"wp-block-spacer uag-hide-desktop uag-hide-tab\"><\/div>\n\n\n\n<div class=\"wp-block-uagb-container uagb-block-93952529 alignfull uagb-is-root-container\">\n<h1 class=\"wp-block-heading has-text-color has-link-color has-jost-font-family wp-elements-1e9e095578a744dc6ea5a432e9db02c6\" style=\"color:#151515;margin-top:0px;margin-bottom:0px;font-size:40px;font-style:normal;font-weight:400;line-height:1.1\">Merkmale<\/h1>\n\n\n\n<div class=\"wp-block-group features-grid uag-hide-mob is-layout-grid wp-container-core-group-is-layout-bea18d8a wp-block-group-is-layout-grid\" style=\"border-style:none;border-width:0px;border-radius:0px;min-height:0px\">\n<div class=\"wp-block-uagb-container uagb-block-048d11fb\">\n<div class=\"wp-block-uagb-image uagb-block-80672396 wp-block-uagb-image--layout-default wp-block-uagb-image--effect-static wp-block-uagb-image--align-none\"><figure class=\"wp-block-uagb-image__figure\"><img decoding=\"async\" srcset=\"https:\/\/msa-matratzen.de\/wp-content\/uploads\/2025\/02\/pill-rollmat-1-1.svg ,https:\/\/msa-matratzen.de\/wp-content\/uploads\/2025\/02\/pill-rollmat-1-1.svg 780w, https:\/\/msa-matratzen.de\/wp-content\/uploads\/2025\/02\/pill-rollmat-1-1.svg 360w\" sizes=\"auto, (max-width: 480px) 150px\" src=\"https:\/\/msa-matratzen.de\/wp-content\/uploads\/2025\/02\/pill-rollmat-1-1.svg\" alt=\"pill-rollmat\" class=\"uag-image-7589\" width=\"41\" height=\"32\" title=\"pill-rollmat\" loading=\"lazy\" role=\"img\"\/><\/figure><\/div>\n\n\n\n<p class=\"has-jost-font-family wp-block-paragraph\" style=\"font-size:16px;font-style:normal;font-weight:400\">ROLLMAT\u2011Technologie \u2014 Matratzen\u2011Roll Technologie, die 100\u202f% Qualit\u00e4t gew\u00e4hrleistet<\/p>\n<\/div>\n\n\n\n<div class=\"wp-block-uagb-container uagb-block-048d11fb\">\n<div class=\"wp-block-uagb-image uagb-block-80672396 wp-block-uagb-image--layout-default wp-block-uagb-image--effect-static wp-block-uagb-image--align-none\"><figure class=\"wp-block-uagb-image__figure\"><img decoding=\"async\" srcset=\"https:\/\/msa-matratzen.de\/wp-content\/uploads\/2025\/02\/pill-eurolatex-1.svg ,https:\/\/msa-matratzen.de\/wp-content\/uploads\/2025\/02\/pill-eurolatex-1.svg 780w, https:\/\/msa-matratzen.de\/wp-content\/uploads\/2025\/02\/pill-eurolatex-1.svg 360w\" sizes=\"auto, (max-width: 480px) 150px\" src=\"https:\/\/msa-matratzen.de\/wp-content\/uploads\/2025\/02\/pill-eurolatex-1.svg\" alt=\"pill-eurolatex\" class=\"uag-image-7588\" width=\"41\" height=\"32\" title=\"pill-eurolatex\" loading=\"lazy\" role=\"img\"\/><\/figure><\/div>\n\n\n\n<p class=\"has-jost-font-family wp-block-paragraph\" style=\"font-size:16px;font-style:normal;font-weight:400\">100\u202f% Latex sorgt f\u00fcr hohe R\u00fcckstellkraft und Elastizit\u00e4t<\/p>\n<\/div>\n\n\n\n<div class=\"wp-block-uagb-container uagb-block-048d11fb\">\n<div class=\"wp-block-uagb-image uagb-block-80672396 wp-block-uagb-image--layout-default wp-block-uagb-image--effect-static wp-block-uagb-image--align-none\"><figure class=\"wp-block-uagb-image__figure\"><img decoding=\"async\" srcset=\"https:\/\/msa-matratzen.de\/wp-content\/uploads\/2025\/02\/pill-sleepclean-1-1.svg ,https:\/\/msa-matratzen.de\/wp-content\/uploads\/2025\/02\/pill-sleepclean-1-1.svg 780w, https:\/\/msa-matratzen.de\/wp-content\/uploads\/2025\/02\/pill-sleepclean-1-1.svg 360w\" sizes=\"auto, (max-width: 480px) 150px\" src=\"https:\/\/msa-matratzen.de\/wp-content\/uploads\/2025\/02\/pill-sleepclean-1-1.svg\" alt=\"pill-sleepclean\" class=\"uag-image-7587\" width=\"41\" height=\"32\" title=\"pill-sleepclean \" loading=\"lazy\" role=\"img\"\/><\/figure><\/div>\n\n\n\n<p class=\"has-jost-font-family wp-block-paragraph\" style=\"font-size:16px;font-style:normal;font-weight:400\">Sleep Clean\u2011Bezug erm\u00f6glicht einfache Matratzenpflege<\/p>\n<\/div>\n\n\n\n<div class=\"wp-block-uagb-container uagb-block-048d11fb\">\n<div class=\"wp-block-uagb-image uagb-block-80672396 wp-block-uagb-image--layout-default wp-block-uagb-image--effect-static wp-block-uagb-image--align-none\"><figure class=\"wp-block-uagb-image__figure\"><img decoding=\"async\" srcset=\"https:\/\/msa-matratzen.de\/wp-content\/uploads\/2025\/02\/pill-medizone-1-1.svg ,https:\/\/msa-matratzen.de\/wp-content\/uploads\/2025\/02\/pill-medizone-1-1.svg 780w, https:\/\/msa-matratzen.de\/wp-content\/uploads\/2025\/02\/pill-medizone-1-1.svg 360w\" sizes=\"auto, (max-width: 480px) 150px\" src=\"https:\/\/msa-matratzen.de\/wp-content\/uploads\/2025\/02\/pill-medizone-1-1.svg\" alt=\"pill-medizone\" class=\"uag-image-7586\" width=\"41\" height=\"32\" title=\"pill-medizone\" loading=\"lazy\" role=\"img\"\/><\/figure><\/div>\n\n\n\n<p class=\"has-jost-font-family wp-block-paragraph\" style=\"font-size:16px;font-style:normal;font-weight:400\">Medizone R1000 und R2200 \u2013 Taschenfederkern\u2011Systeme f\u00fcr orthop\u00e4dische Unterst\u00fctzung<\/p>\n<\/div>\n\n\n\n<div class=\"wp-block-uagb-container uagb-block-048d11fb\">\n<div class=\"wp-block-uagb-image uagb-block-80672396 wp-block-uagb-image--layout-default wp-block-uagb-image--effect-static wp-block-uagb-image--align-none\"><figure class=\"wp-block-uagb-image__figure\"><img decoding=\"async\" srcset=\"https:\/\/msa-matratzen.de\/wp-content\/uploads\/2025\/02\/pill-viscoschaum-1.svg ,https:\/\/msa-matratzen.de\/wp-content\/uploads\/2025\/02\/pill-viscoschaum-1.svg 780w, https:\/\/msa-matratzen.de\/wp-content\/uploads\/2025\/02\/pill-viscoschaum-1.svg 360w\" sizes=\"auto, (max-width: 480px) 150px\" src=\"https:\/\/msa-matratzen.de\/wp-content\/uploads\/2025\/02\/pill-viscoschaum-1.svg\" alt=\"pill-viscoschaum\" class=\"uag-image-7585\" width=\"41\" height=\"32\" title=\"pill-viscoschaum\" loading=\"lazy\" role=\"img\"\/><\/figure><\/div>\n\n\n\n<p class=\"has-jost-font-family wp-block-paragraph\" style=\"font-size:16px;font-style:normal;font-weight:400\">Visco Foam \u2014 Hightech\u2011Memory\u2011Schaum f\u00fcr ein schwereloses Liegegef\u00fchl<\/p>\n<\/div>\n\n\n\n<div class=\"wp-block-uagb-container uagb-block-048d11fb\">\n<div class=\"wp-block-uagb-image uagb-block-80672396 wp-block-uagb-image--layout-default wp-block-uagb-image--effect-static wp-block-uagb-image--align-none\"><figure class=\"wp-block-uagb-image__figure\"><img decoding=\"async\" srcset=\"https:\/\/msa-matratzen.de\/wp-content\/uploads\/2025\/02\/pill-viscogel-1.svg ,https:\/\/msa-matratzen.de\/wp-content\/uploads\/2025\/02\/pill-viscogel-1.svg 780w, https:\/\/msa-matratzen.de\/wp-content\/uploads\/2025\/02\/pill-viscogel-1.svg 360w\" sizes=\"auto, (max-width: 480px) 150px\" src=\"https:\/\/msa-matratzen.de\/wp-content\/uploads\/2025\/02\/pill-viscogel-1.svg\" alt=\"pill-viscogel\" class=\"uag-image-7584\" width=\"41\" height=\"32\" title=\"pill-viscogel\" loading=\"lazy\" role=\"img\"\/><\/figure><\/div>\n\n\n\n<p class=\"has-jost-font-family wp-block-paragraph\" style=\"font-size:16px;font-style:normal;font-weight:400\">ViscoGel \u2014 revolution\u00e4res Material mit k\u00fchlender Wirkung und Memory\u2011Effekt<\/p>\n<\/div>\n\n\n\n<div class=\"wp-block-uagb-container uagb-block-3cb03d77\">\n<div class=\"wp-block-uagb-image uagb-block-3a0f7e73 wp-block-uagb-image--layout-default wp-block-uagb-image--effect-static wp-block-uagb-image--align-none\"><figure class=\"wp-block-uagb-image__figure\"><img decoding=\"async\" srcset=\"https:\/\/msa-matratzen.de\/wp-content\/uploads\/2025\/02\/pill-doublecover-1.svg ,https:\/\/msa-matratzen.de\/wp-content\/uploads\/2025\/02\/pill-doublecover-1.svg 780w, https:\/\/msa-matratzen.de\/wp-content\/uploads\/2025\/02\/pill-doublecover-1.svg 360w\" sizes=\"auto, (max-width: 480px) 150px\" src=\"https:\/\/msa-matratzen.de\/wp-content\/uploads\/2025\/02\/pill-doublecover-1.svg\" alt=\"pill-doublecover\" class=\"uag-image-7583\" width=\"41\" height=\"32\" title=\"pill-doublecover\" loading=\"lazy\" role=\"img\"\/><\/figure><\/div>\n\n\n\n<p class=\"has-jost-font-family wp-block-paragraph\" style=\"font-size:16px;font-style:normal;font-weight:400\">Doppel Bezugssystem \u2014 Nutzung der Matratze w\u00e4hrend des Waschens m\u00f6glich<\/p>\n<\/div>\n\n\n\n<div class=\"wp-block-uagb-container uagb-block-903de249\">\n<div class=\"wp-block-uagb-image uagb-block-a4dbc6ae wp-block-uagb-image--layout-default wp-block-uagb-image--effect-static wp-block-uagb-image--align-none\"><figure class=\"wp-block-uagb-image__figure\"><img decoding=\"async\" srcset=\"https:\/\/msa-matratzen.de\/wp-content\/uploads\/2025\/02\/pill-tricover-1-1.svg ,https:\/\/msa-matratzen.de\/wp-content\/uploads\/2025\/02\/pill-tricover-1-1.svg 780w, https:\/\/msa-matratzen.de\/wp-content\/uploads\/2025\/02\/pill-tricover-1-1.svg 360w\" sizes=\"auto, (max-width: 480px) 150px\" src=\"https:\/\/msa-matratzen.de\/wp-content\/uploads\/2025\/02\/pill-tricover-1-1.svg\" alt=\"pill-tricover\" class=\"uag-image-7582\" width=\"41\" height=\"32\" title=\"pill-tricover\" loading=\"lazy\" role=\"img\"\/><\/figure><\/div>\n\n\n\n<p class=\"has-jost-font-family wp-block-paragraph\" style=\"font-size:16px;font-style:normal;font-weight:400\">Tricover\u2011System \u2014 interner Schutzbezug zur Verl\u00e4ngerung der Lebensdauer<\/p>\n<\/div>\n\n\n\n<div class=\"wp-block-uagb-container uagb-block-ff915491\">\n<div class=\"wp-block-uagb-image uagb-block-4ce3cead wp-block-uagb-image--layout-default wp-block-uagb-image--effect-static wp-block-uagb-image--align-none\"><figure class=\"wp-block-uagb-image__figure\"><img decoding=\"async\" srcset=\"https:\/\/msa-matratzen.de\/wp-content\/uploads\/2025\/02\/pill-7zone-1-1.svg ,https:\/\/msa-matratzen.de\/wp-content\/uploads\/2025\/02\/pill-7zone-1-1.svg 780w, https:\/\/msa-matratzen.de\/wp-content\/uploads\/2025\/02\/pill-7zone-1-1.svg 360w\" sizes=\"auto, (max-width: 480px) 150px\" src=\"https:\/\/msa-matratzen.de\/wp-content\/uploads\/2025\/02\/pill-7zone-1-1.svg\" alt=\"pill-7zone\" class=\"uag-image-7577\" width=\"41\" height=\"32\" title=\"pill-7zone\" loading=\"lazy\" role=\"img\"\/><\/figure><\/div>\n\n\n\n<p class=\"has-jost-font-family wp-block-paragraph\" style=\"font-size:16px;font-style:normal;font-weight:400\">7\u2011Zonen\u2011Taschenfederkern<\/p>\n<\/div>\n\n\n\n<div class=\"wp-block-uagb-container uagb-block-8da16ca6\">\n<div class=\"wp-block-uagb-image uagb-block-048192dd wp-block-uagb-image--layout-default wp-block-uagb-image--effect-static wp-block-uagb-image--align-none\"><figure class=\"wp-block-uagb-image__figure\"><img decoding=\"async\" srcset=\"https:\/\/msa-matratzen.de\/wp-content\/uploads\/2025\/02\/pill-reissverschluss-1-1.svg ,https:\/\/msa-matratzen.de\/wp-content\/uploads\/2025\/02\/pill-reissverschluss-1-1.svg 780w, https:\/\/msa-matratzen.de\/wp-content\/uploads\/2025\/02\/pill-reissverschluss-1-1.svg 360w\" sizes=\"auto, (max-width: 480px) 150px\" src=\"https:\/\/msa-matratzen.de\/wp-content\/uploads\/2025\/02\/pill-reissverschluss-1-1.svg\" alt=\"pill-reissverschluss\" class=\"uag-image-7581\" width=\"41\" height=\"32\" title=\"pill-reissverschluss\" loading=\"lazy\" role=\"img\"\/><\/figure><\/div>\n\n\n\n<p class=\"has-jost-font-family wp-block-paragraph\" style=\"font-size:16px;font-style:normal;font-weight:400\">Bezug mit Rei\u00dfverschluss<\/p>\n<\/div>\n\n\n\n<div class=\"wp-block-uagb-container uagb-block-4df102bd\">\n<div class=\"wp-block-uagb-image uagb-block-3a54ab57 wp-block-uagb-image--layout-default wp-block-uagb-image--effect-static wp-block-uagb-image--align-none\"><figure class=\"wp-block-uagb-image__figure\"><img decoding=\"async\" srcset=\"https:\/\/msa-matratzen.de\/wp-content\/uploads\/2025\/02\/pill-oekotex.svg ,https:\/\/msa-matratzen.de\/wp-content\/uploads\/2025\/02\/pill-oekotex.svg 780w, https:\/\/msa-matratzen.de\/wp-content\/uploads\/2025\/02\/pill-oekotex.svg 360w\" sizes=\"auto, (max-width: 480px) 150px\" src=\"https:\/\/msa-matratzen.de\/wp-content\/uploads\/2025\/02\/pill-oekotex.svg\" alt=\"pill-oekotex\" class=\"uag-image-7580\" width=\"41\" height=\"32\" title=\"pill-oekotex\" loading=\"lazy\" role=\"img\"\/><\/figure><\/div>\n\n\n\n<p class=\"has-jost-font-family wp-block-paragraph\" style=\"font-size:16px;font-style:normal;font-weight:400\">Garantierte Sicherheit des Bezugsmaterials<\/p>\n<\/div>\n\n\n\n<div class=\"wp-block-uagb-container uagb-block-ffa93d84\">\n<div class=\"wp-block-uagb-image uagb-block-8314bee2 wp-block-uagb-image--layout-default wp-block-uagb-image--effect-static wp-block-uagb-image--align-none\"><figure class=\"wp-block-uagb-image__figure\"><img decoding=\"async\" srcset=\"https:\/\/msa-matratzen.de\/wp-content\/uploads\/2025\/02\/pill-deutschesmarket-1-1.svg ,https:\/\/msa-matratzen.de\/wp-content\/uploads\/2025\/02\/pill-deutschesmarket-1-1.svg 780w, https:\/\/msa-matratzen.de\/wp-content\/uploads\/2025\/02\/pill-deutschesmarket-1-1.svg 360w\" sizes=\"auto, (max-width: 480px) 150px\" src=\"https:\/\/msa-matratzen.de\/wp-content\/uploads\/2025\/02\/pill-deutschesmarket-1-1.svg\" alt=\"pill-deutschesmarket\" class=\"uag-image-7578\" width=\"41\" height=\"32\" title=\"pill-deutschesmarket\" loading=\"lazy\" role=\"img\"\/><\/figure><\/div>\n\n\n\n<p class=\"has-jost-font-family wp-block-paragraph\" style=\"font-size:16px;font-style:normal;font-weight:400\">Produkt in Deutscher Qualit\u00e4t<\/p>\n<\/div>\n<\/div>\n\n\n\n<div class=\"wp-block-uagb-container my-slick-slider uag-hide-desktop uag-hide-tab uagb-block-0a180745\">\n<div class=\"wp-block-uagb-container slick-slide uagb-block-64a9f5ab\">\n<div class=\"wp-block-uagb-container uagb-block-64ed6493\">\n<div class=\"wp-block-uagb-image uagb-block-d0437f14 wp-block-uagb-image--layout-default wp-block-uagb-image--effect-static wp-block-uagb-image--align-none\"><figure class=\"wp-block-uagb-image__figure\"><img decoding=\"async\" srcset=\"https:\/\/msa-matratzen.de\/wp-content\/uploads\/2025\/02\/pill-rollmat-1-1.svg ,https:\/\/msa-matratzen.de\/wp-content\/uploads\/2025\/02\/pill-rollmat-1-1.svg 780w, https:\/\/msa-matratzen.de\/wp-content\/uploads\/2025\/02\/pill-rollmat-1-1.svg 360w\" sizes=\"auto, (max-width: 480px) 150px\" src=\"https:\/\/msa-matratzen.de\/wp-content\/uploads\/2025\/02\/pill-rollmat-1-1.svg\" alt=\"pill-rollmat\" class=\"uag-image-7589\" width=\"41\" height=\"32\" title=\"pill-rollmat\" loading=\"lazy\" role=\"img\"\/><\/figure><\/div>\n\n\n\n<p class=\"has-jost-font-family wp-block-paragraph\" style=\"font-size:16px;font-style:normal;font-weight:400\">ROLLMAT\u2011Technologie \u2014 Matratzen\u2011Roll Technologie, die 100\u202f% Qualit\u00e4t gew\u00e4hrleistet<\/p>\n<\/div>\n<\/div>\n\n\n\n<div class=\"wp-block-uagb-container slick-slide uagb-block-2df116f7\">\n<div class=\"wp-block-uagb-container uagb-block-26877266\">\n<div class=\"wp-block-uagb-image uagb-block-c1d67dc5 wp-block-uagb-image--layout-default wp-block-uagb-image--effect-static wp-block-uagb-image--align-none\"><figure class=\"wp-block-uagb-image__figure\"><img decoding=\"async\" srcset=\"https:\/\/msa-matratzen.de\/wp-content\/uploads\/2025\/02\/pill-eurolatex-1.svg ,https:\/\/msa-matratzen.de\/wp-content\/uploads\/2025\/02\/pill-eurolatex-1.svg 780w, https:\/\/msa-matratzen.de\/wp-content\/uploads\/2025\/02\/pill-eurolatex-1.svg 360w\" sizes=\"auto, (max-width: 480px) 150px\" src=\"https:\/\/msa-matratzen.de\/wp-content\/uploads\/2025\/02\/pill-eurolatex-1.svg\" alt=\"pill-eurolatex\" class=\"uag-image-7588\" width=\"41\" height=\"32\" title=\"pill-eurolatex\" loading=\"lazy\" role=\"img\"\/><\/figure><\/div>\n\n\n\n<p class=\"has-jost-font-family wp-block-paragraph\" style=\"font-size:16px;font-style:normal;font-weight:400\">100\u202f% Latex sorgt f\u00fcr hohe R\u00fcckstellkraft und Elastizit\u00e4t<\/p>\n<\/div>\n<\/div>\n\n\n\n<div class=\"wp-block-uagb-container slick-slide uagb-block-a119c9a9\">\n<div class=\"wp-block-uagb-container uagb-block-384bff82\">\n<div class=\"wp-block-uagb-image uagb-block-9e610e05 wp-block-uagb-image--layout-default wp-block-uagb-image--effect-static wp-block-uagb-image--align-none\"><figure class=\"wp-block-uagb-image__figure\"><img decoding=\"async\" srcset=\"https:\/\/msa-matratzen.de\/wp-content\/uploads\/2025\/02\/pill-sleepclean-1-1.svg ,https:\/\/msa-matratzen.de\/wp-content\/uploads\/2025\/02\/pill-sleepclean-1-1.svg 780w, https:\/\/msa-matratzen.de\/wp-content\/uploads\/2025\/02\/pill-sleepclean-1-1.svg 360w\" sizes=\"auto, (max-width: 480px) 150px\" src=\"https:\/\/msa-matratzen.de\/wp-content\/uploads\/2025\/02\/pill-sleepclean-1-1.svg\" alt=\"pill-sleepclean\" class=\"uag-image-7587\" width=\"41\" height=\"32\" title=\"pill-sleepclean\" loading=\"lazy\" role=\"img\"\/><\/figure><\/div>\n\n\n\n<p class=\"has-jost-font-family wp-block-paragraph\" style=\"font-size:16px;font-style:normal;font-weight:400\">Sleep Clean\u2011Bezug erm\u00f6glicht einfache Matratzenpflege<\/p>\n<\/div>\n<\/div>\n\n\n\n<div class=\"wp-block-uagb-container slick-slide uagb-block-bd741e6c\">\n<div class=\"wp-block-uagb-container uagb-block-1e3d9a09\">\n<div class=\"wp-block-uagb-image uagb-block-93af831e wp-block-uagb-image--layout-default wp-block-uagb-image--effect-static wp-block-uagb-image--align-none\"><figure class=\"wp-block-uagb-image__figure\"><img decoding=\"async\" srcset=\"https:\/\/msa-matratzen.de\/wp-content\/uploads\/2025\/02\/pill-medizone-1-1.svg ,https:\/\/msa-matratzen.de\/wp-content\/uploads\/2025\/02\/pill-medizone-1-1.svg 780w, https:\/\/msa-matratzen.de\/wp-content\/uploads\/2025\/02\/pill-medizone-1-1.svg 360w\" sizes=\"auto, (max-width: 480px) 150px\" src=\"https:\/\/msa-matratzen.de\/wp-content\/uploads\/2025\/02\/pill-medizone-1-1.svg\" alt=\"pill-medizone\" class=\"uag-image-7586\" width=\"41\" height=\"32\" title=\"pill-medizone\" loading=\"lazy\" role=\"img\"\/><\/figure><\/div>\n\n\n\n<p class=\"has-jost-font-family wp-block-paragraph\" style=\"font-size:16px;font-style:normal;font-weight:400\">Medizone R1000 und R2200 \u2013 Taschenfederkern\u2011Systeme f\u00fcr orthop\u00e4dische Unterst\u00fctzung<\/p>\n<\/div>\n<\/div>\n\n\n\n<div class=\"wp-block-uagb-container slick-slide uagb-block-9809862a\">\n<div class=\"wp-block-uagb-container uagb-block-54b077c1\">\n<div class=\"wp-block-uagb-image uagb-block-954cf0b8 wp-block-uagb-image--layout-default wp-block-uagb-image--effect-static wp-block-uagb-image--align-none\"><figure class=\"wp-block-uagb-image__figure\"><img decoding=\"async\" srcset=\"https:\/\/msa-matratzen.de\/wp-content\/uploads\/2025\/02\/pill-viscoschaum-1.svg ,https:\/\/msa-matratzen.de\/wp-content\/uploads\/2025\/02\/pill-viscoschaum-1.svg 780w, https:\/\/msa-matratzen.de\/wp-content\/uploads\/2025\/02\/pill-viscoschaum-1.svg 360w\" sizes=\"auto, (max-width: 480px) 150px\" src=\"https:\/\/msa-matratzen.de\/wp-content\/uploads\/2025\/02\/pill-viscoschaum-1.svg\" alt=\"pill-viscoschaum\" class=\"uag-image-7585\" width=\"41\" height=\"32\" title=\"pill-viscoschaum\" loading=\"lazy\" role=\"img\"\/><\/figure><\/div>\n\n\n\n<p class=\"has-jost-font-family wp-block-paragraph\" style=\"font-size:16px;font-style:normal;font-weight:400\">Visco Foam \u2014 Hightech\u2011Memory\u2011Schaum f\u00fcr ein schwereloses Liegegef\u00fchl<\/p>\n<\/div>\n<\/div>\n\n\n\n<div class=\"wp-block-uagb-container slick-slide uagb-block-6e9c3d87\">\n<div class=\"wp-block-uagb-container uagb-block-b2f3b21e\">\n<div class=\"wp-block-uagb-image uagb-block-d4f3a517 wp-block-uagb-image--layout-default wp-block-uagb-image--effect-static wp-block-uagb-image--align-none\"><figure class=\"wp-block-uagb-image__figure\"><img decoding=\"async\" srcset=\"https:\/\/msa-matratzen.de\/wp-content\/uploads\/2025\/02\/pill-viscogel-1.svg ,https:\/\/msa-matratzen.de\/wp-content\/uploads\/2025\/02\/pill-viscogel-1.svg 780w, https:\/\/msa-matratzen.de\/wp-content\/uploads\/2025\/02\/pill-viscogel-1.svg 360w\" sizes=\"auto, (max-width: 480px) 150px\" src=\"https:\/\/msa-matratzen.de\/wp-content\/uploads\/2025\/02\/pill-viscogel-1.svg\" alt=\"pill-viscogel\" class=\"uag-image-7584\" width=\"41\" height=\"32\" title=\"pill-viscogel\" loading=\"lazy\" role=\"img\"\/><\/figure><\/div>\n\n\n\n<p class=\"has-jost-font-family wp-block-paragraph\" style=\"font-size:16px;font-style:normal;font-weight:400\">ViscoGel \u2014 revolution\u00e4res Material mit k\u00fchlender Wirkung und Memory\u2011Effekt<\/p>\n<\/div>\n<\/div>\n\n\n\n<div class=\"wp-block-uagb-container slick-slide uagb-block-1c597a5d\">\n<div class=\"wp-block-uagb-container uagb-block-d1514d16\">\n<div class=\"wp-block-uagb-image uagb-block-d8c29af3 wp-block-uagb-image--layout-default wp-block-uagb-image--effect-static wp-block-uagb-image--align-none\"><figure class=\"wp-block-uagb-image__figure\"><img decoding=\"async\" srcset=\"https:\/\/msa-matratzen.de\/wp-content\/uploads\/2025\/02\/pill-doublecover-1.svg ,https:\/\/msa-matratzen.de\/wp-content\/uploads\/2025\/02\/pill-doublecover-1.svg 780w, https:\/\/msa-matratzen.de\/wp-content\/uploads\/2025\/02\/pill-doublecover-1.svg 360w\" sizes=\"auto, (max-width: 480px) 150px\" src=\"https:\/\/msa-matratzen.de\/wp-content\/uploads\/2025\/02\/pill-doublecover-1.svg\" alt=\"pill-doublecover\" class=\"uag-image-7583\" width=\"41\" height=\"32\" title=\"pill-doublecover\" loading=\"lazy\" role=\"img\"\/><\/figure><\/div>\n\n\n\n<p class=\"has-jost-font-family wp-block-paragraph\" style=\"font-size:16px;font-style:normal;font-weight:400\">Doppel Bezugssystem \u2014 Nutzung der Matratze w\u00e4hrend des Waschens m\u00f6glich<\/p>\n<\/div>\n<\/div>\n\n\n\n<div class=\"wp-block-uagb-container slick-slide uagb-block-b3f610eb\">\n<div class=\"wp-block-uagb-container uagb-block-a838ebc5\">\n<div class=\"wp-block-uagb-image uagb-block-b1ac1158 wp-block-uagb-image--layout-default wp-block-uagb-image--effect-static wp-block-uagb-image--align-none\"><figure class=\"wp-block-uagb-image__figure\"><img decoding=\"async\" srcset=\"https:\/\/msa-matratzen.de\/wp-content\/uploads\/2025\/02\/pill-tricover-1-1.svg ,https:\/\/msa-matratzen.de\/wp-content\/uploads\/2025\/02\/pill-tricover-1-1.svg 780w, https:\/\/msa-matratzen.de\/wp-content\/uploads\/2025\/02\/pill-tricover-1-1.svg 360w\" sizes=\"auto, (max-width: 480px) 150px\" src=\"https:\/\/msa-matratzen.de\/wp-content\/uploads\/2025\/02\/pill-tricover-1-1.svg\" alt=\"pill-tricover\" class=\"uag-image-7582\" width=\"41\" height=\"32\" title=\"pill-tricover\" loading=\"lazy\" role=\"img\"\/><\/figure><\/div>\n\n\n\n<p class=\"has-jost-font-family wp-block-paragraph\" style=\"font-size:16px;font-style:normal;font-weight:400\">Tricover\u2011System \u2014 interner Schutzbezug zur Verl\u00e4ngerung der Lebensdauer<\/p>\n<\/div>\n<\/div>\n\n\n\n<div class=\"wp-block-uagb-container slick-slide uagb-block-12f19186\">\n<div class=\"wp-block-uagb-container uagb-block-ae0946fd\">\n<div class=\"wp-block-uagb-image uagb-block-280b947d wp-block-uagb-image--layout-default wp-block-uagb-image--effect-static wp-block-uagb-image--align-none\"><figure class=\"wp-block-uagb-image__figure\"><img decoding=\"async\" srcset=\"https:\/\/msa-matratzen.de\/wp-content\/uploads\/2025\/02\/pill-7zone-1-1.svg ,https:\/\/msa-matratzen.de\/wp-content\/uploads\/2025\/02\/pill-7zone-1-1.svg 780w, https:\/\/msa-matratzen.de\/wp-content\/uploads\/2025\/02\/pill-7zone-1-1.svg 360w\" sizes=\"auto, (max-width: 480px) 150px\" src=\"https:\/\/msa-matratzen.de\/wp-content\/uploads\/2025\/02\/pill-7zone-1-1.svg\" alt=\"pill-7zone\" class=\"uag-image-7577\" width=\"41\" height=\"32\" title=\"pill-7zone\" loading=\"lazy\" role=\"img\"\/><\/figure><\/div>\n\n\n\n<p class=\"has-jost-font-family wp-block-paragraph\" style=\"font-size:16px;font-style:normal;font-weight:400\">7\u2011Zonen\u2011Taschenfederkern<\/p>\n<\/div>\n<\/div>\n\n\n\n<div class=\"wp-block-uagb-container slick-slide uagb-block-002e0be8\">\n<div class=\"wp-block-uagb-container uagb-block-87ecc5f6\">\n<div class=\"wp-block-uagb-image uagb-block-a991186f wp-block-uagb-image--layout-default wp-block-uagb-image--effect-static wp-block-uagb-image--align-none\"><figure class=\"wp-block-uagb-image__figure\"><img decoding=\"async\" srcset=\"https:\/\/msa-matratzen.de\/wp-content\/uploads\/2025\/02\/pill-reissverschluss-1-1.svg ,https:\/\/msa-matratzen.de\/wp-content\/uploads\/2025\/02\/pill-reissverschluss-1-1.svg 780w, https:\/\/msa-matratzen.de\/wp-content\/uploads\/2025\/02\/pill-reissverschluss-1-1.svg 360w\" sizes=\"auto, (max-width: 480px) 150px\" src=\"https:\/\/msa-matratzen.de\/wp-content\/uploads\/2025\/02\/pill-reissverschluss-1-1.svg\" alt=\"pill-reissverschluss\" class=\"uag-image-7581\" width=\"41\" height=\"32\" title=\"pill-reissverschluss\" loading=\"lazy\" role=\"img\"\/><\/figure><\/div>\n\n\n\n<p class=\"has-jost-font-family wp-block-paragraph\" style=\"font-size:16px;font-style:normal;font-weight:400\">Bezug mit Rei\u00dfverschluss<\/p>\n<\/div>\n<\/div>\n\n\n\n<div class=\"wp-block-uagb-container slick-slide uagb-block-aee0a800\">\n<div class=\"wp-block-uagb-container uagb-block-90fda317\">\n<div class=\"wp-block-uagb-image uagb-block-28ce9727 wp-block-uagb-image--layout-default wp-block-uagb-image--effect-static wp-block-uagb-image--align-none\"><figure class=\"wp-block-uagb-image__figure\"><img decoding=\"async\" srcset=\"https:\/\/msa-matratzen.de\/wp-content\/uploads\/2025\/02\/pill-oekotex.svg ,https:\/\/msa-matratzen.de\/wp-content\/uploads\/2025\/02\/pill-oekotex.svg 780w, https:\/\/msa-matratzen.de\/wp-content\/uploads\/2025\/02\/pill-oekotex.svg 360w\" sizes=\"auto, (max-width: 480px) 150px\" src=\"https:\/\/msa-matratzen.de\/wp-content\/uploads\/2025\/02\/pill-oekotex.svg\" alt=\"pill-oekotex\" class=\"uag-image-7580\" width=\"41\" height=\"32\" title=\"pill-oekotex\" loading=\"lazy\" role=\"img\"\/><\/figure><\/div>\n\n\n\n<p class=\"has-jost-font-family wp-block-paragraph\" style=\"font-size:16px;font-style:normal;font-weight:400\">Garantierte Sicherheit des Bezugsmaterials<\/p>\n<\/div>\n<\/div>\n\n\n\n<div class=\"wp-block-uagb-container slick-slide uagb-block-1fb1e2ed\">\n<div class=\"wp-block-uagb-container uagb-block-8aea7fe0\">\n<div class=\"wp-block-uagb-image uagb-block-7599050e wp-block-uagb-image--layout-default wp-block-uagb-image--effect-static wp-block-uagb-image--align-none\"><figure class=\"wp-block-uagb-image__figure\"><img decoding=\"async\" srcset=\"https:\/\/msa-matratzen.de\/wp-content\/uploads\/2025\/02\/pill-deutschesmarket-1-1.svg ,https:\/\/msa-matratzen.de\/wp-content\/uploads\/2025\/02\/pill-deutschesmarket-1-1.svg 780w, https:\/\/msa-matratzen.de\/wp-content\/uploads\/2025\/02\/pill-deutschesmarket-1-1.svg 360w\" sizes=\"auto, (max-width: 480px) 150px\" src=\"https:\/\/msa-matratzen.de\/wp-content\/uploads\/2025\/02\/pill-deutschesmarket-1-1.svg\" alt=\"pill-deutschesmarket\" class=\"uag-image-7578\" width=\"41\" height=\"32\" title=\"pill-deutschesmarket\" loading=\"lazy\" role=\"img\"\/><\/figure><\/div>\n\n\n\n<p class=\"has-jost-font-family wp-block-paragraph\" style=\"font-size:16px;font-style:normal;font-weight:400\">Produkt in Deutscher Qualit\u00e4t<\/p>\n<\/div>\n<\/div>\n<\/div>\n<\/div>\n\n\n\n<div style=\"height:100px\" aria-hidden=\"true\" class=\"wp-block-spacer uag-hide-mob\"><\/div>\n\n\n\n<div style=\"height:20px\" aria-hidden=\"true\" class=\"wp-block-spacer uag-hide-desktop uag-hide-tab\"><\/div>\n\n\n\n<div class=\"wp-block-uagb-container uagb-block-d4ad2b0f alignfull uagb-is-root-container\">\n<h1 class=\"wp-block-heading has-text-color has-link-color has-jost-font-family wp-elements-22b3e5607b531d520f3915d9ded40112\" style=\"color:#151515;margin-top:0px;margin-bottom:0px;font-size:40px;font-style:normal;font-weight:400;line-height:1.1\">Materialoptionen<\/h1>\n\n\n\n<div class=\"wp-block-uagb-container uag-hide-mob uagb-block-761b4493\">\n<div class=\"wp-block-uagb-container uagb-block-392c8d72 alignfull uagb-is-root-container\">\n<div class=\"wp-block-uagb-container uagb-block-5307db7d\">\n<div class=\"wp-block-uagb-container uagb-block-c47093f4\">\n<div class=\"wp-block-uagb-container four-featured-item uagb-block-df9e3098\">\n<div class=\"wp-block-uagb-container uagb-block-8505a1be\">\n<h3 class=\"wp-block-heading has-jost-font-family\" style=\"margin-top:0px;margin-right:0px;margin-bottom:0px;margin-left:0px;padding-top:0px;padding-right:0px;padding-bottom:0px;padding-left:0px;font-size:20px;font-style:normal;font-weight:400;text-transform:uppercase\">Memory\u2011Schaum<\/h3>\n\n\n\n<p class=\"has-text-color has-link-color has-sf-pro-display-font-family wp-elements-f1e894c475946debb47f518c578d4cfa wp-block-paragraph\" style=\"color:#505050;font-size:16px;font-style:normal;font-weight:400\">Passt sich Ihre K\u00f6rperform an und entlasteet Druckpunkte<\/p>\n<\/div>\n\n\n\n<div class=\"wp-block-uagb-container uagb-block-9fd063b1\">\n<div class=\"wp-block-uagb-image alignleft uagb-block-e4d1d18f wp-block-uagb-image--layout-default wp-block-uagb-image--effect-static wp-block-uagb-image--align-left four-featured-image\"><figure class=\"wp-block-uagb-image__figure\"><img decoding=\"async\" srcset=\"https:\/\/msa-matratzen.de\/wp-content\/uploads\/2025\/03\/MemoryFoam.webp ,https:\/\/msa-matratzen.de\/wp-content\/uploads\/2025\/03\/MemoryFoam.webp 780w, https:\/\/msa-matratzen.de\/wp-content\/uploads\/2025\/03\/MemoryFoam.webp 360w\" sizes=\"auto, (max-width: 480px) 150px\" src=\"https:\/\/msa-matratzen.de\/wp-content\/uploads\/2025\/03\/MemoryFoam.webp\" alt=\"Memory Foam\" class=\"uag-image-9724\" width=\"318\" height=\"200\" title=\"Memory Foam\" loading=\"lazy\" role=\"img\"\/><\/figure><\/div>\n<\/div>\n<\/div>\n\n\n\n<div class=\"wp-block-uagb-container four-featured-item uagb-block-6eb4174a\">\n<div class=\"wp-block-uagb-container uagb-block-c9380554\">\n<h3 class=\"wp-block-heading has-jost-font-family\" style=\"margin-top:0px;margin-right:0px;margin-bottom:0px;margin-left:0px;padding-top:0px;padding-right:0px;padding-bottom:0px;padding-left:0px;font-size:20px;font-style:normal;font-weight:400;text-transform:uppercase\">Latex<\/h3>\n\n\n\n<p class=\"has-text-color has-link-color has-sf-pro-display-font-family wp-elements-a16909510381653c6fa50bd30e5a0ef7 wp-block-paragraph\" style=\"color:#505050;font-size:16px;font-style:normal;font-weight:400\">Nat\u00fcrlich, atmungsaktiv und umweltfreundlich f\u00fcr erh\u00f6hten Komfort.<\/p>\n<\/div>\n\n\n\n<div class=\"wp-block-uagb-container uagb-block-f664212b\">\n<div class=\"wp-block-uagb-image alignleft uagb-block-d7acde30 wp-block-uagb-image--layout-default wp-block-uagb-image--effect-static wp-block-uagb-image--align-left four-featured-image\"><figure class=\"wp-block-uagb-image__figure\"><img decoding=\"async\" srcset=\"https:\/\/msa-matratzen.de\/wp-content\/uploads\/2025\/03\/Latex.webp ,https:\/\/msa-matratzen.de\/wp-content\/uploads\/2025\/03\/Latex.webp 780w, https:\/\/msa-matratzen.de\/wp-content\/uploads\/2025\/03\/Latex.webp 360w\" sizes=\"auto, (max-width: 480px) 150px\" src=\"https:\/\/msa-matratzen.de\/wp-content\/uploads\/2025\/03\/Latex.webp\" alt=\"Latex\" class=\"uag-image-9723\" width=\"318\" height=\"200\" title=\"Latex\" loading=\"lazy\" role=\"img\"\/><\/figure><\/div>\n<\/div>\n<\/div>\n<\/div>\n\n\n\n<div class=\"wp-block-uagb-container uagb-block-198f959f\">\n<div class=\"wp-block-uagb-container four-featured-item uagb-block-5f9c5a22\">\n<div class=\"wp-block-uagb-container uagb-block-e5eec380\">\n<h3 class=\"wp-block-heading has-jost-font-family\" style=\"margin-top:0px;margin-right:0px;margin-bottom:0px;margin-left:0px;padding-top:0px;padding-right:0px;padding-bottom:0px;padding-left:0px;font-size:20px;font-style:normal;font-weight:400;text-transform:uppercase\">Taschenfederkern<\/h3>\n\n\n\n<p class=\"has-text-color has-link-color has-sf-pro-display-font-family wp-elements-11f6eecfed4427210a16b11dfb20244c wp-block-paragraph\" style=\"color:#505050;font-size:16px;font-style:normal;font-weight:400\">Einzelne Federn f\u00fcr \u00fcberlegene Unterst\u00fctzung und Bewegung in Isolation<\/p>\n<\/div>\n\n\n\n<div class=\"wp-block-uagb-container uagb-block-a1840467\">\n<div class=\"wp-block-uagb-image alignleft uagb-block-19dcc9d4 wp-block-uagb-image--layout-default wp-block-uagb-image--effect-static wp-block-uagb-image--align-left four-featured-image\"><figure class=\"wp-block-uagb-image__figure\"><img decoding=\"async\" srcset=\"https:\/\/msa-matratzen.de\/wp-content\/uploads\/2025\/03\/PocketSprings.webp ,https:\/\/msa-matratzen.de\/wp-content\/uploads\/2025\/03\/PocketSprings.webp 780w, https:\/\/msa-matratzen.de\/wp-content\/uploads\/2025\/03\/PocketSprings.webp 360w\" sizes=\"auto, (max-width: 480px) 150px\" src=\"https:\/\/msa-matratzen.de\/wp-content\/uploads\/2025\/03\/PocketSprings.webp\" alt=\"Pocket Springs\" class=\"uag-image-9722\" width=\"318\" height=\"200\" title=\"PocketSprings\" loading=\"lazy\" role=\"img\"\/><\/figure><\/div>\n<\/div>\n<\/div>\n\n\n\n<div class=\"wp-block-uagb-container four-featured-item uagb-block-2e65bb8b\">\n<div class=\"wp-block-uagb-container uagb-block-83b76c34\">\n<h3 class=\"wp-block-heading has-jost-font-family\" style=\"margin-top:0px;margin-right:0px;margin-bottom:0px;margin-left:0px;padding-top:0px;padding-right:0px;padding-bottom:0px;padding-left:0px;font-size:20px;font-style:normal;font-weight:400;text-transform:uppercase\">Schaumstoff<\/h3>\n\n\n\n<p class=\"has-text-color has-link-color has-sf-pro-display-font-family wp-elements-55284378c8ff83561e27972b20cd6f11 wp-block-paragraph\" style=\"color:#505050;font-size:16px;font-style:normal;font-weight:400\">Weich, st\u00fctzend und langlebig f\u00fcr konstanten Komfort.<\/p>\n<\/div>\n\n\n\n<div class=\"wp-block-uagb-container uagb-block-789bcd30\">\n<div class=\"wp-block-uagb-image alignleft uagb-block-55422c1a wp-block-uagb-image--layout-default wp-block-uagb-image--effect-static wp-block-uagb-image--align-left four-featured-image\"><figure class=\"wp-block-uagb-image__figure\"><img decoding=\"async\" srcset=\"https:\/\/msa-matratzen.de\/wp-content\/uploads\/2025\/03\/Foam.webp ,https:\/\/msa-matratzen.de\/wp-content\/uploads\/2025\/03\/Foam.webp 780w, https:\/\/msa-matratzen.de\/wp-content\/uploads\/2025\/03\/Foam.webp 360w\" sizes=\"auto, (max-width: 480px) 150px\" src=\"https:\/\/msa-matratzen.de\/wp-content\/uploads\/2025\/03\/Foam.webp\" alt=\"Foam\" class=\"uag-image-9725\" width=\"318\" height=\"200\" title=\"Foam\" loading=\"lazy\" role=\"img\"\/><\/figure><\/div>\n<\/div>\n<\/div>\n<\/div>\n<\/div>\n<\/div>\n\n\n\n<div class=\"wp-block-uagb-container uagb-block-6c8508cc alignfull uagb-is-root-container\">\n<div class=\"wp-block-uagb-container uagb-block-3d8e78f1\">\n<div class=\"wp-block-uagb-container uagb-block-44758278\">\n<div class=\"wp-block-uagb-container four-featured-item uagb-block-798a5326\">\n<div class=\"wp-block-uagb-container uagb-block-e75eeebb\">\n<h3 class=\"wp-block-heading has-jost-font-family\" style=\"margin-top:0px;margin-right:0px;margin-bottom:0px;margin-left:0px;padding-top:0px;padding-right:0px;padding-bottom:0px;padding-left:0px;font-size:20px;font-style:normal;font-weight:400;text-transform:uppercase\">Kokosfaser<\/h3>\n\n\n\n<p class=\"has-text-color has-link-color has-sf-pro-display-font-family wp-elements-227b5189f7c47d4c070fa23175f4933f wp-block-paragraph\" style=\"color:#505050;font-size:16px;font-style:normal;font-weight:400\">Nat\u00fcrliche Kokosfaser f\u00fcr festen Halt und optimale Atmungsaktivit\u00e4t.<\/p>\n<\/div>\n\n\n\n<div class=\"wp-block-uagb-container uagb-block-b9f53731\">\n<div class=\"wp-block-uagb-image alignleft uagb-block-98f039e6 wp-block-uagb-image--layout-default wp-block-uagb-image--effect-static wp-block-uagb-image--align-left four-featured-image\"><figure class=\"wp-block-uagb-image__figure\"><img decoding=\"async\" srcset=\"https:\/\/msa-matratzen.de\/wp-content\/uploads\/2025\/03\/Coir.webp ,https:\/\/msa-matratzen.de\/wp-content\/uploads\/2025\/03\/Coir.webp 780w, https:\/\/msa-matratzen.de\/wp-content\/uploads\/2025\/03\/Coir.webp 360w\" sizes=\"auto, (max-width: 480px) 150px\" src=\"https:\/\/msa-matratzen.de\/wp-content\/uploads\/2025\/03\/Coir.webp\" alt=\"Coir\" class=\"uag-image-9721\" width=\"318\" height=\"200\" title=\"Coir\" loading=\"lazy\" role=\"img\"\/><\/figure><\/div>\n<\/div>\n<\/div>\n\n\n\n<div class=\"wp-block-uagb-container four-featured-item uagb-block-42be90e0\">\n<div class=\"wp-block-uagb-container uagb-block-f936a07e\">\n<h3 class=\"wp-block-heading has-jost-font-family\" style=\"margin-top:0px;margin-right:0px;margin-bottom:0px;margin-left:0px;padding-top:0px;padding-right:0px;padding-bottom:0px;padding-left:0px;font-size:20px;font-style:normal;font-weight:400;text-transform:uppercase\">Hanf<\/h3>\n\n\n\n<p class=\"has-text-color has-link-color has-sf-pro-display-font-family wp-elements-533901f1d37f340ee83718221d8a630c wp-block-paragraph\" style=\"color:#505050;font-size:16px;font-style:normal;font-weight:400\">Nachhaltig und langlebig f\u00fcr zus\u00e4tzliche Festigkeit und Komfort<\/p>\n<\/div>\n\n\n\n<div class=\"wp-block-uagb-container uagb-block-14521264\">\n<div class=\"wp-block-uagb-image alignleft uagb-block-4a0b1760 wp-block-uagb-image--layout-default wp-block-uagb-image--effect-static wp-block-uagb-image--align-left four-featured-image\"><figure class=\"wp-block-uagb-image__figure\"><img decoding=\"async\" srcset=\"https:\/\/msa-matratzen.de\/wp-content\/uploads\/2025\/03\/Hemp.webp ,https:\/\/msa-matratzen.de\/wp-content\/uploads\/2025\/03\/Hemp.webp 780w, https:\/\/msa-matratzen.de\/wp-content\/uploads\/2025\/03\/Hemp.webp 360w\" sizes=\"auto, (max-width: 480px) 150px\" src=\"https:\/\/msa-matratzen.de\/wp-content\/uploads\/2025\/03\/Hemp.webp\" alt=\"Hemp\" class=\"uag-image-9720\" width=\"318\" height=\"200\" title=\"Hemp\" loading=\"lazy\" role=\"img\"\/><\/figure><\/div>\n<\/div>\n<\/div>\n<\/div>\n\n\n\n<div class=\"wp-block-uagb-container uagb-block-9594f512\">\n<div class=\"wp-block-uagb-container four-featured-item uagb-block-bcb58c26\">\n<div class=\"wp-block-uagb-container uagb-block-0c294634\">\n<h3 class=\"wp-block-heading has-jost-font-family\" style=\"margin-top:0px;margin-right:0px;margin-bottom:0px;margin-left:0px;padding-top:0px;padding-right:0px;padding-bottom:0px;padding-left:0px;font-size:20px;font-style:normal;font-weight:400;text-transform:uppercase\">Flachs<\/h3>\n\n\n\n<p class=\"has-text-color has-link-color has-sf-pro-display-font-family wp-elements-9f05e72dec014b7ac7ae116506a457f3 wp-block-paragraph\" style=\"color:#505050;font-size:16px;font-style:normal;font-weight:400\">Umweltfreundlich und feuchtigkeitsregulierend f\u00fcr nat\u00fcrlichen Komfort.<\/p>\n<\/div>\n\n\n\n<div class=\"wp-block-uagb-container uagb-block-e01278dd\">\n<div class=\"wp-block-uagb-image alignleft uagb-block-fc744b48 wp-block-uagb-image--layout-default wp-block-uagb-image--effect-static wp-block-uagb-image--align-left four-featured-image\"><figure class=\"wp-block-uagb-image__figure\"><img decoding=\"async\" srcset=\"https:\/\/msa-matratzen.de\/wp-content\/uploads\/2025\/03\/Flax.webp ,https:\/\/msa-matratzen.de\/wp-content\/uploads\/2025\/03\/Flax.webp 780w, https:\/\/msa-matratzen.de\/wp-content\/uploads\/2025\/03\/Flax.webp 360w\" sizes=\"auto, (max-width: 480px) 150px\" src=\"https:\/\/msa-matratzen.de\/wp-content\/uploads\/2025\/03\/Flax.webp\" alt=\"Flax\" class=\"uag-image-9719\" width=\"318\" height=\"200\" title=\"Flax\" loading=\"lazy\" role=\"img\"\/><\/figure><\/div>\n<\/div>\n<\/div>\n\n\n\n<div class=\"wp-block-uagb-container four-featured-item uagb-block-64fbd898\">\n<div class=\"wp-block-uagb-container uagb-block-49f233c4\">\n<h3 class=\"wp-block-heading has-jost-font-family\" style=\"margin-top:0px;margin-right:0px;margin-bottom:0px;margin-left:0px;padding-top:0px;padding-right:0px;padding-bottom:0px;padding-left:0px;font-size:20px;font-style:normal;font-weight:400;text-transform:uppercase\">Airfoam<\/h3>\n\n\n\n<p class=\"has-text-color has-link-color has-sf-pro-display-font-family wp-elements-481e13d1cc3910ef0d3ad12f54a5be82 wp-block-paragraph\" style=\"color:#505050;font-size:16px;font-style:normal;font-weight:400\">Leicht und atmungsaktiv f\u00fcr ein k\u00fchles, gepolstertes Liegegef\u00fchl.<\/p>\n<\/div>\n\n\n\n<div class=\"wp-block-uagb-container uagb-block-167708dd\">\n<div class=\"wp-block-uagb-image alignleft uagb-block-759627ea wp-block-uagb-image--layout-default wp-block-uagb-image--effect-static wp-block-uagb-image--align-left four-featured-image\"><figure class=\"wp-block-uagb-image__figure\"><img decoding=\"async\" srcset=\"https:\/\/msa-matratzen.de\/wp-content\/uploads\/2025\/03\/Airfoam.webp ,https:\/\/msa-matratzen.de\/wp-content\/uploads\/2025\/03\/Airfoam.webp 780w, https:\/\/msa-matratzen.de\/wp-content\/uploads\/2025\/03\/Airfoam.webp 360w\" sizes=\"auto, (max-width: 480px) 150px\" src=\"https:\/\/msa-matratzen.de\/wp-content\/uploads\/2025\/03\/Airfoam.webp\" alt=\"Airfoam\" class=\"uag-image-9718\" width=\"318\" height=\"200\" title=\"Airfoam\" loading=\"lazy\" role=\"img\"\/><\/figure><\/div>\n<\/div>\n<\/div>\n<\/div>\n<\/div>\n<\/div>\n<\/div>\n\n\n\n<div class=\"wp-block-uagb-container uag-hide-desktop uag-hide-tab uagb-block-c0aa40ee\">\n<div class=\"wp-block-uagb-slider product-swiper uagb-block-3fa2ad89 uagb-slider-container\"><div class=\"uagb-slides uagb-swiper\"><div class=\"swiper-wrapper\">\n<div class=\"wp-block-uagb-slider-child uagb-slider-child-wrap swiper-slide uagb-block-cbacec9e\"><div class=\"swiper-content\">\n<div class=\"wp-block-uagb-container uagb-block-a32ed834\">\n<div class=\"wp-block-uagb-container uagb-block-7094a069\">\n<h3 class=\"wp-block-heading has-jost-font-family\" style=\"margin-top:0px;margin-right:0px;margin-bottom:0px;margin-left:0px;padding-top:0px;padding-right:0px;padding-bottom:0px;padding-left:0px;font-size:20px;font-style:normal;font-weight:400;text-transform:uppercase\">Memory\u2011Schaum<\/h3>\n\n\n\n<p class=\"has-text-color has-link-color has-sf-pro-display-font-family wp-elements-e3258175aa2cee27b1de5e00ca26a53d wp-block-paragraph\" style=\"color:#505050;font-size:16px;font-style:normal;font-weight:400\">Passt sich Ihre K\u00f6rperform an und entlastet Druckpunkte.<\/p>\n<\/div>\n\n\n\n<div class=\"wp-block-uagb-container uagb-block-058bf175\">\n<div class=\"wp-block-uagb-image alignleft uagb-block-7d9eb3d5 wp-block-uagb-image--layout-default wp-block-uagb-image--effect-static wp-block-uagb-image--align-left material-option-slide\"><figure class=\"wp-block-uagb-image__figure\"><img decoding=\"async\" srcset=\"https:\/\/msa-matratzen.de\/wp-content\/uploads\/2025\/03\/MemoryFoam.webp ,https:\/\/msa-matratzen.de\/wp-content\/uploads\/2025\/03\/MemoryFoam.webp 780w, https:\/\/msa-matratzen.de\/wp-content\/uploads\/2025\/03\/MemoryFoam.webp 360w\" sizes=\"auto, (max-width: 480px) 150px\" src=\"https:\/\/msa-matratzen.de\/wp-content\/uploads\/2025\/03\/MemoryFoam.webp\" alt=\"Memory Foam\" class=\"uag-image-9724\" width=\"318\" height=\"200\" title=\"Memory Foam\" loading=\"lazy\" role=\"img\"\/><\/figure><\/div>\n<\/div>\n<\/div>\n<\/div><\/div>\n\n\n\n<div class=\"wp-block-uagb-slider-child uagb-slider-child-wrap swiper-slide uagb-block-7fa3cefe\"><div class=\"swiper-content\">\n<div class=\"wp-block-uagb-container uagb-block-1b04f7eb\">\n<div class=\"wp-block-uagb-container uagb-block-78fbdc1e\">\n<h3 class=\"wp-block-heading has-jost-font-family\" style=\"margin-top:0px;margin-right:0px;margin-bottom:0px;margin-left:0px;padding-top:0px;padding-right:0px;padding-bottom:0px;padding-left:0px;font-size:20px;font-style:normal;font-weight:400;text-transform:uppercase\">Latex<\/h3>\n\n\n\n<p class=\"has-text-color has-link-color has-sf-pro-display-font-family wp-elements-a16909510381653c6fa50bd30e5a0ef7 wp-block-paragraph\" style=\"color:#505050;font-size:16px;font-style:normal;font-weight:400\">Nat\u00fcrlich, atmungsaktiv und umweltfreundlich f\u00fcr erh\u00f6hten Komfort.<\/p>\n<\/div>\n\n\n\n<div class=\"wp-block-uagb-container uagb-block-2b43481e\">\n<div class=\"wp-block-uagb-image alignleft uagb-block-287d4f88 wp-block-uagb-image--layout-default wp-block-uagb-image--effect-static wp-block-uagb-image--align-left material-option-slide\"><figure class=\"wp-block-uagb-image__figure\"><img decoding=\"async\" srcset=\"https:\/\/msa-matratzen.de\/wp-content\/uploads\/2025\/03\/Latex.webp ,https:\/\/msa-matratzen.de\/wp-content\/uploads\/2025\/03\/Latex.webp 780w, https:\/\/msa-matratzen.de\/wp-content\/uploads\/2025\/03\/Latex.webp 360w\" sizes=\"auto, (max-width: 480px) 150px\" src=\"https:\/\/msa-matratzen.de\/wp-content\/uploads\/2025\/03\/Latex.webp\" alt=\"Latex\" class=\"uag-image-9723\" width=\"318\" height=\"200\" title=\"Latex\" loading=\"lazy\" role=\"img\"\/><\/figure><\/div>\n<\/div>\n<\/div>\n<\/div><\/div>\n\n\n\n<div class=\"wp-block-uagb-slider-child uagb-slider-child-wrap swiper-slide uagb-block-d074c589\"><div class=\"swiper-content\">\n<div class=\"wp-block-uagb-container uagb-block-f210bc4f\">\n<div class=\"wp-block-uagb-container uagb-block-5549d92f\">\n<h3 class=\"wp-block-heading has-jost-font-family\" style=\"margin-top:0px;margin-right:0px;margin-bottom:0px;margin-left:0px;padding-top:0px;padding-right:0px;padding-bottom:0px;padding-left:0px;font-size:20px;font-style:normal;font-weight:400;text-transform:uppercase\">Taschenfederkern<\/h3>\n\n\n\n<p class=\"has-text-color has-link-color has-sf-pro-display-font-family wp-elements-d35e5fa5ff92f88a03351ad277f30e80 wp-block-paragraph\" style=\"color:#505050;font-size:16px;font-style:normal;font-weight:400\">Einzelne Federn f\u00fcr \u00fcberlegene Unterst\u00fctzung und Bewegung in Isolation.<\/p>\n<\/div>\n\n\n\n<div class=\"wp-block-uagb-container uagb-block-814ab80d\">\n<div class=\"wp-block-uagb-image alignleft uagb-block-933db1f3 wp-block-uagb-image--layout-default wp-block-uagb-image--effect-static wp-block-uagb-image--align-left material-option-slide\"><figure class=\"wp-block-uagb-image__figure\"><img decoding=\"async\" srcset=\"https:\/\/msa-matratzen.de\/wp-content\/uploads\/2025\/03\/PocketSprings.webp ,https:\/\/msa-matratzen.de\/wp-content\/uploads\/2025\/03\/PocketSprings.webp 780w, https:\/\/msa-matratzen.de\/wp-content\/uploads\/2025\/03\/PocketSprings.webp 360w\" sizes=\"auto, (max-width: 480px) 150px\" src=\"https:\/\/msa-matratzen.de\/wp-content\/uploads\/2025\/03\/PocketSprings.webp\" alt=\"Pocket Springs\" class=\"uag-image-9722\" width=\"318\" height=\"200\" title=\"PocketSprings\" loading=\"lazy\" role=\"img\"\/><\/figure><\/div>\n<\/div>\n<\/div>\n<\/div><\/div>\n\n\n\n<div class=\"wp-block-uagb-slider-child uagb-slider-child-wrap swiper-slide uagb-block-c065cc1e\"><div class=\"swiper-content\">\n<div class=\"wp-block-uagb-container uagb-block-4aadcd23\">\n<div class=\"wp-block-uagb-container uagb-block-49c709ad\">\n<h3 class=\"wp-block-heading has-jost-font-family\" style=\"margin-top:0px;margin-right:0px;margin-bottom:0px;margin-left:0px;padding-top:0px;padding-right:0px;padding-bottom:0px;padding-left:0px;font-size:20px;font-style:normal;font-weight:400;text-transform:uppercase\">Schaumstoff<\/h3>\n\n\n\n<p class=\"has-text-color has-link-color has-sf-pro-display-font-family wp-elements-55284378c8ff83561e27972b20cd6f11 wp-block-paragraph\" style=\"color:#505050;font-size:16px;font-style:normal;font-weight:400\">Weich, st\u00fctzend und langlebig f\u00fcr konstanten Komfort.<\/p>\n<\/div>\n\n\n\n<div class=\"wp-block-uagb-container uagb-block-16efb882\">\n<div class=\"wp-block-uagb-image alignleft uagb-block-24cdae92 wp-block-uagb-image--layout-default wp-block-uagb-image--effect-static wp-block-uagb-image--align-left material-option-slide\"><figure class=\"wp-block-uagb-image__figure\"><img decoding=\"async\" srcset=\"https:\/\/msa-matratzen.de\/wp-content\/uploads\/2025\/03\/Foam.webp ,https:\/\/msa-matratzen.de\/wp-content\/uploads\/2025\/03\/Foam.webp 780w, https:\/\/msa-matratzen.de\/wp-content\/uploads\/2025\/03\/Foam.webp 360w\" sizes=\"auto, (max-width: 480px) 150px\" src=\"https:\/\/msa-matratzen.de\/wp-content\/uploads\/2025\/03\/Foam.webp\" alt=\"Foam\" class=\"uag-image-9725\" width=\"318\" height=\"200\" title=\"Foam\" loading=\"lazy\" role=\"img\"\/><\/figure><\/div>\n<\/div>\n<\/div>\n<\/div><\/div>\n\n\n\n<div class=\"wp-block-uagb-slider-child uagb-slider-child-wrap swiper-slide uagb-block-35dec67d\"><div class=\"swiper-content\">\n<div class=\"wp-block-uagb-container uagb-block-fb5a16e4\">\n<div class=\"wp-block-uagb-container uagb-block-9ee59d2a\">\n<h3 class=\"wp-block-heading has-jost-font-family\" style=\"margin-top:0px;margin-right:0px;margin-bottom:0px;margin-left:0px;padding-top:0px;padding-right:0px;padding-bottom:0px;padding-left:0px;font-size:20px;font-style:normal;font-weight:400;text-transform:uppercase\">Kokosfaser<\/h3>\n\n\n\n<p class=\"has-text-color has-link-color has-sf-pro-display-font-family wp-elements-227b5189f7c47d4c070fa23175f4933f wp-block-paragraph\" style=\"color:#505050;font-size:16px;font-style:normal;font-weight:400\">Nat\u00fcrliche Kokosfaser f\u00fcr festen Halt und optimale Atmungsaktivit\u00e4t.<\/p>\n<\/div>\n\n\n\n<div class=\"wp-block-uagb-container uagb-block-42c6eeac\">\n<div class=\"wp-block-uagb-image alignleft uagb-block-130d28e3 wp-block-uagb-image--layout-default wp-block-uagb-image--effect-static wp-block-uagb-image--align-left material-option-slide\"><figure class=\"wp-block-uagb-image__figure\"><img decoding=\"async\" srcset=\"https:\/\/msa-matratzen.de\/wp-content\/uploads\/2025\/03\/Coir.webp ,https:\/\/msa-matratzen.de\/wp-content\/uploads\/2025\/03\/Coir.webp 780w, https:\/\/msa-matratzen.de\/wp-content\/uploads\/2025\/03\/Coir.webp 360w\" sizes=\"auto, (max-width: 480px) 150px\" src=\"https:\/\/msa-matratzen.de\/wp-content\/uploads\/2025\/03\/Coir.webp\" alt=\"Coir\" class=\"uag-image-9721\" width=\"318\" height=\"200\" title=\"Coir\" loading=\"lazy\" role=\"img\"\/><\/figure><\/div>\n<\/div>\n<\/div>\n<\/div><\/div>\n\n\n\n<div class=\"wp-block-uagb-slider-child uagb-slider-child-wrap swiper-slide uagb-block-fb69a976\"><div class=\"swiper-content\">\n<div class=\"wp-block-uagb-container uagb-block-7050dc3e\">\n<div class=\"wp-block-uagb-container uagb-block-ed5506f0\">\n<h3 class=\"wp-block-heading has-jost-font-family\" style=\"margin-top:0px;margin-right:0px;margin-bottom:0px;margin-left:0px;padding-top:0px;padding-right:0px;padding-bottom:0px;padding-left:0px;font-size:20px;font-style:normal;font-weight:400;text-transform:uppercase\">Hanf<\/h3>\n\n\n\n<p class=\"has-text-color has-link-color has-sf-pro-display-font-family wp-elements-78075f9d469b28acb814634715ed2e90 wp-block-paragraph\" style=\"color:#505050;font-size:16px;font-style:normal;font-weight:400\">Nachhaltig und langlebig f\u00fcr zus\u00e4tzliche Festigkeit und Komfort.<\/p>\n<\/div>\n\n\n\n<div class=\"wp-block-uagb-container uagb-block-c7ca12fd\">\n<div class=\"wp-block-uagb-image alignleft uagb-block-98dbc8c6 wp-block-uagb-image--layout-default wp-block-uagb-image--effect-static wp-block-uagb-image--align-left material-option-slide\"><figure class=\"wp-block-uagb-image__figure\"><img decoding=\"async\" srcset=\"https:\/\/msa-matratzen.de\/wp-content\/uploads\/2025\/03\/Hemp.webp ,https:\/\/msa-matratzen.de\/wp-content\/uploads\/2025\/03\/Hemp.webp 780w, https:\/\/msa-matratzen.de\/wp-content\/uploads\/2025\/03\/Hemp.webp 360w\" sizes=\"auto, (max-width: 480px) 150px\" src=\"https:\/\/msa-matratzen.de\/wp-content\/uploads\/2025\/03\/Hemp.webp\" alt=\"Hemp\" class=\"uag-image-9720\" width=\"318\" height=\"200\" title=\"Hemp\" loading=\"lazy\" role=\"img\"\/><\/figure><\/div>\n<\/div>\n<\/div>\n<\/div><\/div>\n\n\n\n<div class=\"wp-block-uagb-slider-child uagb-slider-child-wrap swiper-slide uagb-block-34c2d1f7\"><div class=\"swiper-content\">\n<div class=\"wp-block-uagb-container uagb-block-782306b5\">\n<div class=\"wp-block-uagb-container uagb-block-03b9f479\">\n<h3 class=\"wp-block-heading has-jost-font-family\" style=\"margin-top:0px;margin-right:0px;margin-bottom:0px;margin-left:0px;padding-top:0px;padding-right:0px;padding-bottom:0px;padding-left:0px;font-size:20px;font-style:normal;font-weight:400;text-transform:uppercase\">Flachs<\/h3>\n\n\n\n<p class=\"has-text-color has-link-color has-sf-pro-display-font-family wp-elements-9f05e72dec014b7ac7ae116506a457f3 wp-block-paragraph\" style=\"color:#505050;font-size:16px;font-style:normal;font-weight:400\">Umweltfreundlich und feuchtigkeitsregulierend f\u00fcr nat\u00fcrlichen Komfort.<\/p>\n<\/div>\n\n\n\n<div class=\"wp-block-uagb-container uagb-block-84d508b6\">\n<div class=\"wp-block-uagb-image alignleft uagb-block-ff14bacd wp-block-uagb-image--layout-default wp-block-uagb-image--effect-static wp-block-uagb-image--align-left material-option-slide\"><figure class=\"wp-block-uagb-image__figure\"><img decoding=\"async\" srcset=\"https:\/\/msa-matratzen.de\/wp-content\/uploads\/2025\/03\/Flax.webp ,https:\/\/msa-matratzen.de\/wp-content\/uploads\/2025\/03\/Flax.webp 780w, https:\/\/msa-matratzen.de\/wp-content\/uploads\/2025\/03\/Flax.webp 360w\" sizes=\"auto, (max-width: 480px) 150px\" src=\"https:\/\/msa-matratzen.de\/wp-content\/uploads\/2025\/03\/Flax.webp\" alt=\"Flax\" class=\"uag-image-9719\" width=\"318\" height=\"200\" title=\"Flax\" loading=\"lazy\" role=\"img\"\/><\/figure><\/div>\n<\/div>\n<\/div>\n<\/div><\/div>\n\n\n\n<div class=\"wp-block-uagb-slider-child uagb-slider-child-wrap swiper-slide uagb-block-5b2ada8b\"><div class=\"swiper-content\">\n<div class=\"wp-block-uagb-container uagb-block-fa82d271\">\n<div class=\"wp-block-uagb-container uagb-block-b9c46821\">\n<h3 class=\"wp-block-heading has-jost-font-family\" style=\"margin-top:0px;margin-right:0px;margin-bottom:0px;margin-left:0px;padding-top:0px;padding-right:0px;padding-bottom:0px;padding-left:0px;font-size:20px;font-style:normal;font-weight:400;text-transform:uppercase\">Airfoam<\/h3>\n\n\n\n<p class=\"has-text-color has-link-color has-sf-pro-display-font-family wp-elements-ffd874a3da89b5643c789820aaeadda6 wp-block-paragraph\" style=\"color:#505050;font-size:16px;font-style:normal;font-weight:400\">Leicht und atmungsaktiv f\u00fcr ein k\u00fchles, gepolstertes Liegegef\u00fch<\/p>\n<\/div>\n\n\n\n<div class=\"wp-block-uagb-container uagb-block-7c9f8d37\">\n<div class=\"wp-block-uagb-image alignleft uagb-block-351c1ede wp-block-uagb-image--layout-default wp-block-uagb-image--effect-static wp-block-uagb-image--align-left material-option-slide\"><figure class=\"wp-block-uagb-image__figure\"><img decoding=\"async\" srcset=\"https:\/\/msa-matratzen.de\/wp-content\/uploads\/2025\/03\/Airfoam.webp ,https:\/\/msa-matratzen.de\/wp-content\/uploads\/2025\/03\/Airfoam.webp 780w, https:\/\/msa-matratzen.de\/wp-content\/uploads\/2025\/03\/Airfoam.webp 360w\" sizes=\"auto, (max-width: 480px) 150px\" src=\"https:\/\/msa-matratzen.de\/wp-content\/uploads\/2025\/03\/Airfoam.webp\" alt=\"Airfoam\" class=\"uag-image-9718\" width=\"318\" height=\"200\" title=\"Airfoam\" loading=\"lazy\" role=\"img\"\/><\/figure><\/div>\n<\/div>\n<\/div>\n<\/div><\/div>\n<\/div><\/div><div class=\"swiper-pagination\"><\/div><div class=\"swiper-button-prev\"><\/div><div class=\"swiper-button-next\"><\/div><\/div>\n<\/div>\n<\/div>\n\n\n\n<div style=\"height:100px\" aria-hidden=\"true\" class=\"wp-block-spacer uag-hide-mob\"><\/div>\n\n\n\n<div style=\"height:50px\" aria-hidden=\"true\" class=\"wp-block-spacer uag-hide-desktop uag-hide-tab\"><\/div>\n\n\n\n<div class=\"wp-block-uagb-container uagb-block-1608a59a alignfull uagb-is-root-container\">\n<h1 class=\"wp-block-heading has-text-color has-link-color has-jost-font-family wp-elements-96d22d2535ff9273d1e9418060114ae5\" style=\"color:#151515;margin-top:0px;margin-bottom:0px;font-size:40px;font-style:normal;font-weight:400;line-height:1.1\">Gr\u00f6\u00dfenoptionen<\/h1>\n\n\n\n<div class=\"wp-block-uagb-container uag-hide-mob uagb-block-55835a39\">\n<div class=\"wp-block-uagb-container uagb-block-8f85a284\">\n<div class=\"wp-block-uagb-container uagb-block-0e52bbf6\">\n<div class=\"wp-block-uagb-image alignleft uagb-block-4199c094 wp-block-uagb-image--layout-default wp-block-uagb-image--effect-static wp-block-uagb-image--align-left uag-hide-mob\"><figure class=\"wp-block-uagb-image__figure\"><img decoding=\"async\" srcset=\"https:\/\/msa-matratzen.de\/wp-content\/uploads\/2025\/02\/Frame-1948758602.png ,https:\/\/msa-matratzen.de\/wp-content\/uploads\/2025\/02\/Frame-1948758602.png 780w, https:\/\/msa-matratzen.de\/wp-content\/uploads\/2025\/02\/Frame-1948758602.png 360w\" sizes=\"auto, (max-width: 480px) 150px\" src=\"https:\/\/msa-matratzen.de\/wp-content\/uploads\/2025\/02\/Frame-1948758602.png\" alt=\"Gr\u00f6\u00dfenoptionen\" class=\"uag-image-8872\" width=\"821\" height=\"379\" title=\"Gr\u00f6\u00dfenoptionen\" loading=\"lazy\" role=\"img\"\/><\/figure><\/div>\n<\/div>\n\n\n\n<div class=\"wp-block-uagb-container uagb-block-b7f55052 alignfull uagb-is-root-container\">\n<h1 class=\"wp-block-heading has-text-color has-link-color has-jost-font-family wp-elements-0d7567d00d3771644c2f2a45c38bcbb1\" style=\"color:#151515;margin-top:0px;margin-bottom:0px;font-size:40px;font-style:normal;font-weight:400;line-height:1.1\">H\u00e4rtegrade<\/h1>\n\n\n\n<div class=\"wp-block-uagb-container direction-column uagb-block-12a1e614\">\n<div class=\"wp-block-uagb-container uagb-block-0147a367\">\n<div class=\"wp-block-uagb-container uagb-block-3d2bd709\">\n<div class=\"wp-block-kadence-icon kt-svg-icons kt-svg-icons12351_c8d776-00 alignnone\">\n<div class=\"wp-block-kadence-single-icon kt-svg-style-default kt-svg-icon-wrap kt-svg-item-12351_8b1ca8-88\"><span class=\"kb-svg-icon-wrap kb-svg-icon-ic_star\"><svg viewBox=\"0 0 8 8\"  fill=\"currentColor\" xmlns=\"http:\/\/www.w3.org\/2000\/svg\"  aria-hidden=\"true\"><path d=\"M4 0l-1 3h-3l2.5 2-1 3 2.5-2 2.5 2-1-3 2.5-2h-3l-1-3z\"\/><\/svg><\/span><\/div>\n\n\n\n<div class=\"wp-block-kadence-single-icon kt-svg-style-default kt-svg-icon-wrap kt-svg-item-12351_dba9fa-80\"><span class=\"kb-svg-icon-wrap kb-svg-icon-ic_star\"><svg viewBox=\"0 0 8 8\"  fill=\"currentColor\" xmlns=\"http:\/\/www.w3.org\/2000\/svg\"  aria-hidden=\"true\"><path d=\"M4 0l-1 3h-3l2.5 2-1 3 2.5-2 2.5 2-1-3 2.5-2h-3l-1-3z\"\/><\/svg><\/span><\/div>\n<\/div>\n\n\n\n<p class=\"has-text-color has-link-color has-jost-font-family wp-elements-096fc8dd2f5c22b45721dd7fb6cabcc6 wp-block-paragraph\" style=\"color:#505050;font-size:20px;font-style:normal;font-weight:400\">Medium Weich (H2)<\/p>\n<\/div>\n\n\n\n<div class=\"wp-block-uagb-container uagb-block-7c29c3a1\">\n<div class=\"wp-block-kadence-icon kt-svg-icons kt-svg-icons12351_3099b2-58 alignnone\">\n<div class=\"wp-block-kadence-single-icon kt-svg-style-default kt-svg-icon-wrap kt-svg-item-12351_20f520-90\"><span class=\"kb-svg-icon-wrap kb-svg-icon-ic_star\"><svg viewBox=\"0 0 8 8\"  fill=\"currentColor\" xmlns=\"http:\/\/www.w3.org\/2000\/svg\"  aria-hidden=\"true\"><path d=\"M4 0l-1 3h-3l2.5 2-1 3 2.5-2 2.5 2-1-3 2.5-2h-3l-1-3z\"\/><\/svg><\/span><\/div>\n\n\n\n<div class=\"wp-block-kadence-single-icon kt-svg-style-default kt-svg-icon-wrap kt-svg-item-12351_08b806-72\"><span class=\"kb-svg-icon-wrap kb-svg-icon-ic_star\"><svg viewBox=\"0 0 8 8\"  fill=\"currentColor\" xmlns=\"http:\/\/www.w3.org\/2000\/svg\"  aria-hidden=\"true\"><path d=\"M4 0l-1 3h-3l2.5 2-1 3 2.5-2 2.5 2-1-3 2.5-2h-3l-1-3z\"\/><\/svg><\/span><\/div>\n\n\n\n<div class=\"wp-block-kadence-single-icon kt-svg-style-default kt-svg-icon-wrap kt-svg-item-12351_b3c406-c1\"><span class=\"kb-svg-icon-wrap kb-svg-icon-ic_star\"><svg viewBox=\"0 0 8 8\"  fill=\"currentColor\" xmlns=\"http:\/\/www.w3.org\/2000\/svg\"  aria-hidden=\"true\"><path d=\"M4 0l-1 3h-3l2.5 2-1 3 2.5-2 2.5 2-1-3 2.5-2h-3l-1-3z\"\/><\/svg><\/span><\/div>\n<\/div>\n\n\n\n<p class=\"has-text-color has-link-color has-jost-font-family wp-elements-c2f64eaa1baaefe7467cd9584abe883c wp-block-paragraph\" style=\"color:#505050;font-size:20px;font-style:normal;font-weight:400\">Medium (H3)<\/p>\n<\/div>\n<\/div>\n\n\n\n<div class=\"wp-block-uagb-container uagb-block-e6a0379b\">\n<div class=\"wp-block-uagb-container uagb-block-1b0c84a3\">\n<div class=\"wp-block-kadence-icon kt-svg-icons kt-svg-icons12351_a888ff-0e alignnone\">\n<div class=\"wp-block-kadence-single-icon kt-svg-style-default kt-svg-icon-wrap kt-svg-item-12351_387c01-66\"><span class=\"kb-svg-icon-wrap kb-svg-icon-ic_star\"><svg viewBox=\"0 0 8 8\"  fill=\"currentColor\" xmlns=\"http:\/\/www.w3.org\/2000\/svg\"  aria-hidden=\"true\"><path d=\"M4 0l-1 3h-3l2.5 2-1 3 2.5-2 2.5 2-1-3 2.5-2h-3l-1-3z\"\/><\/svg><\/span><\/div>\n\n\n\n<div class=\"wp-block-kadence-single-icon kt-svg-style-default kt-svg-icon-wrap kt-svg-item-12351_e37c8c-52\"><span class=\"kb-svg-icon-wrap kb-svg-icon-ic_star\"><svg viewBox=\"0 0 8 8\"  fill=\"currentColor\" xmlns=\"http:\/\/www.w3.org\/2000\/svg\"  aria-hidden=\"true\"><path d=\"M4 0l-1 3h-3l2.5 2-1 3 2.5-2 2.5 2-1-3 2.5-2h-3l-1-3z\"\/><\/svg><\/span><\/div>\n\n\n\n<div class=\"wp-block-kadence-single-icon kt-svg-style-default kt-svg-icon-wrap kt-svg-item-12351_475f3d-40\"><span class=\"kb-svg-icon-wrap kb-svg-icon-ic_star\"><svg viewBox=\"0 0 8 8\"  fill=\"currentColor\" xmlns=\"http:\/\/www.w3.org\/2000\/svg\"  aria-hidden=\"true\"><path d=\"M4 0l-1 3h-3l2.5 2-1 3 2.5-2 2.5 2-1-3 2.5-2h-3l-1-3z\"\/><\/svg><\/span><\/div>\n\n\n\n<div class=\"wp-block-kadence-single-icon kt-svg-style-default kt-svg-icon-wrap kt-svg-item-12351_f1d4b0-ec\"><span class=\"kb-svg-icon-wrap kb-svg-icon-ic_star\"><svg viewBox=\"0 0 8 8\"  fill=\"currentColor\" xmlns=\"http:\/\/www.w3.org\/2000\/svg\"  aria-hidden=\"true\"><path d=\"M4 0l-1 3h-3l2.5 2-1 3 2.5-2 2.5 2-1-3 2.5-2h-3l-1-3z\"\/><\/svg><\/span><\/div>\n<\/div>\n\n\n\n<p class=\"has-text-color has-link-color has-jost-font-family wp-elements-0d5cef3873fdaa21f0fef26a1a2be83d wp-block-paragraph\" style=\"color:#505050;font-size:20px;font-style:normal;font-weight:400\">Medium Hart (H4)<\/p>\n<\/div>\n\n\n\n<div class=\"wp-block-uagb-container uagb-block-9c76b562\">\n<div class=\"wp-block-kadence-icon kt-svg-icons kt-svg-icons12351_01afe8-7f alignnone\">\n<div class=\"wp-block-kadence-single-icon kt-svg-style-default kt-svg-icon-wrap kt-svg-item-12351_a89fd8-a6\"><span class=\"kb-svg-icon-wrap kb-svg-icon-ic_star\"><svg viewBox=\"0 0 8 8\"  fill=\"currentColor\" xmlns=\"http:\/\/www.w3.org\/2000\/svg\"  aria-hidden=\"true\"><path d=\"M4 0l-1 3h-3l2.5 2-1 3 2.5-2 2.5 2-1-3 2.5-2h-3l-1-3z\"\/><\/svg><\/span><\/div>\n\n\n\n<div class=\"wp-block-kadence-single-icon kt-svg-style-default kt-svg-icon-wrap kt-svg-item-12351_f92387-66\"><span class=\"kb-svg-icon-wrap kb-svg-icon-ic_star\"><svg viewBox=\"0 0 8 8\"  fill=\"currentColor\" xmlns=\"http:\/\/www.w3.org\/2000\/svg\"  aria-hidden=\"true\"><path d=\"M4 0l-1 3h-3l2.5 2-1 3 2.5-2 2.5 2-1-3 2.5-2h-3l-1-3z\"\/><\/svg><\/span><\/div>\n\n\n\n<div class=\"wp-block-kadence-single-icon kt-svg-style-default kt-svg-icon-wrap kt-svg-item-12351_bba8dd-fe\"><span class=\"kb-svg-icon-wrap kb-svg-icon-ic_star\"><svg viewBox=\"0 0 8 8\"  fill=\"currentColor\" xmlns=\"http:\/\/www.w3.org\/2000\/svg\"  aria-hidden=\"true\"><path d=\"M4 0l-1 3h-3l2.5 2-1 3 2.5-2 2.5 2-1-3 2.5-2h-3l-1-3z\"\/><\/svg><\/span><\/div>\n\n\n\n<div class=\"wp-block-kadence-single-icon kt-svg-style-default kt-svg-icon-wrap kt-svg-item-12351_0b6dc8-4b\"><span class=\"kb-svg-icon-wrap kb-svg-icon-ic_star\"><svg viewBox=\"0 0 8 8\"  fill=\"currentColor\" xmlns=\"http:\/\/www.w3.org\/2000\/svg\"  aria-hidden=\"true\"><path d=\"M4 0l-1 3h-3l2.5 2-1 3 2.5-2 2.5 2-1-3 2.5-2h-3l-1-3z\"\/><\/svg><\/span><\/div>\n\n\n\n<div class=\"wp-block-kadence-single-icon kt-svg-style-default kt-svg-icon-wrap kt-svg-item-12351_112b04-b1\"><span class=\"kb-svg-icon-wrap kb-svg-icon-ic_star\"><svg viewBox=\"0 0 8 8\"  fill=\"currentColor\" xmlns=\"http:\/\/www.w3.org\/2000\/svg\"  aria-hidden=\"true\"><path d=\"M4 0l-1 3h-3l2.5 2-1 3 2.5-2 2.5 2-1-3 2.5-2h-3l-1-3z\"\/><\/svg><\/span><\/div>\n<\/div>\n\n\n\n<p class=\"has-text-color has-link-color has-jost-font-family wp-elements-c2c862f687246c2a401635d205270104 wp-block-paragraph\" style=\"color:#505050;font-size:20px;font-style:normal;font-weight:400\">Hart (H5)<\/p>\n<\/div>\n<\/div>\n<\/div>\n<\/div>\n<\/div>\n<\/div>\n\n\n\n<div class=\"wp-block-uagb-image uagb-block-5a91b7ab wp-block-uagb-image--layout-default wp-block-uagb-image--effect-static wp-block-uagb-image--align-none uag-hide-desktop uag-hide-tab\"><figure class=\"wp-block-uagb-image__figure\"><img decoding=\"async\" srcset=\"https:\/\/msa-matratzen.de\/wp-content\/uploads\/2025\/02\/Frame-1948758567-1.jpg ,https:\/\/msa-matratzen.de\/wp-content\/uploads\/2025\/02\/Frame-1948758567-1.jpg 780w, https:\/\/msa-matratzen.de\/wp-content\/uploads\/2025\/02\/Frame-1948758567-1.jpg 360w\" sizes=\"auto, (max-width: 480px) 150px\" src=\"https:\/\/msa-matratzen.de\/wp-content\/uploads\/2025\/02\/Frame-1948758567-1.jpg\" alt=\"Gr\u00f6\u00dfenoptionen\" class=\"uag-image-7702\" width=\"405\" height=\"849\" title=\"Gr\u00f6\u00dfenoptionen\" loading=\"lazy\" role=\"img\"\/><\/figure><\/div>\n<\/div>\n\n\n\n<div style=\"height:64px\" aria-hidden=\"true\" class=\"wp-block-spacer uag-hide-mob\"><\/div>\n\n\n\n<div style=\"height:50px\" aria-hidden=\"true\" class=\"wp-block-spacer uag-hide-desktop uag-hide-tab\"><\/div>\n\n\n\n<div class=\"wp-block-uagb-container uag-hide-desktop uag-hide-tab uagb-block-f72a2b88 alignfull uagb-is-root-container\">\n<h1 class=\"wp-block-heading has-text-color has-link-color has-jost-font-family wp-elements-fbac002c8064b0f9e953d2349987a320\" style=\"color:#151515;margin-top:0px;margin-bottom:0px;font-size:40px;font-style:normal;font-weight:400;line-height:1.1\">Comfort Levels<\/h1>\n\n\n\n<div class=\"wp-block-uagb-container uagb-block-4b2f5177\">\n<div class=\"wp-block-uagb-container uagb-block-aa274122\">\n<div class=\"wp-block-kadence-icon kt-svg-icons kt-svg-icons12351_6c1412-9d alignnone\">\n<div class=\"wp-block-kadence-single-icon kt-svg-style-default kt-svg-icon-wrap kt-svg-item-12351_9597b9-b1\"><span class=\"kb-svg-icon-wrap kb-svg-icon-ic_star\"><svg viewBox=\"0 0 8 8\"  fill=\"currentColor\" xmlns=\"http:\/\/www.w3.org\/2000\/svg\"  aria-hidden=\"true\"><path d=\"M4 0l-1 3h-3l2.5 2-1 3 2.5-2 2.5 2-1-3 2.5-2h-3l-1-3z\"\/><\/svg><\/span><\/div>\n\n\n\n<div class=\"wp-block-kadence-single-icon kt-svg-style-default kt-svg-icon-wrap kt-svg-item-12351_47bb92-73\"><span class=\"kb-svg-icon-wrap kb-svg-icon-ic_star\"><svg viewBox=\"0 0 8 8\"  fill=\"currentColor\" xmlns=\"http:\/\/www.w3.org\/2000\/svg\"  aria-hidden=\"true\"><path d=\"M4 0l-1 3h-3l2.5 2-1 3 2.5-2 2.5 2-1-3 2.5-2h-3l-1-3z\"\/><\/svg><\/span><\/div>\n<\/div>\n\n\n\n<p class=\"has-text-color has-link-color has-jost-font-family wp-elements-096fc8dd2f5c22b45721dd7fb6cabcc6 wp-block-paragraph\" style=\"color:#505050;font-size:20px;font-style:normal;font-weight:400\">Medium Weich (H2)<\/p>\n<\/div>\n\n\n\n<div class=\"wp-block-uagb-container uagb-block-d3c394b2\">\n<div class=\"wp-block-kadence-icon kt-svg-icons kt-svg-icons12351_75322a-6e alignnone\">\n<div class=\"wp-block-kadence-single-icon kt-svg-style-default kt-svg-icon-wrap kt-svg-item-12351_f9d577-6b\"><span class=\"kb-svg-icon-wrap kb-svg-icon-ic_star\"><svg viewBox=\"0 0 8 8\"  fill=\"currentColor\" xmlns=\"http:\/\/www.w3.org\/2000\/svg\"  aria-hidden=\"true\"><path d=\"M4 0l-1 3h-3l2.5 2-1 3 2.5-2 2.5 2-1-3 2.5-2h-3l-1-3z\"\/><\/svg><\/span><\/div>\n\n\n\n<div class=\"wp-block-kadence-single-icon kt-svg-style-default kt-svg-icon-wrap kt-svg-item-12351_86dfad-ba\"><span class=\"kb-svg-icon-wrap kb-svg-icon-ic_star\"><svg viewBox=\"0 0 8 8\"  fill=\"currentColor\" xmlns=\"http:\/\/www.w3.org\/2000\/svg\"  aria-hidden=\"true\"><path d=\"M4 0l-1 3h-3l2.5 2-1 3 2.5-2 2.5 2-1-3 2.5-2h-3l-1-3z\"\/><\/svg><\/span><\/div>\n\n\n\n<div class=\"wp-block-kadence-single-icon kt-svg-style-default kt-svg-icon-wrap kt-svg-item-12351_c9b6eb-d1\"><span class=\"kb-svg-icon-wrap kb-svg-icon-ic_star\"><svg viewBox=\"0 0 8 8\"  fill=\"currentColor\" xmlns=\"http:\/\/www.w3.org\/2000\/svg\"  aria-hidden=\"true\"><path d=\"M4 0l-1 3h-3l2.5 2-1 3 2.5-2 2.5 2-1-3 2.5-2h-3l-1-3z\"\/><\/svg><\/span><\/div>\n<\/div>\n\n\n\n<p class=\"has-text-color has-link-color has-jost-font-family wp-elements-c2f64eaa1baaefe7467cd9584abe883c wp-block-paragraph\" style=\"color:#505050;font-size:20px;font-style:normal;font-weight:400\">Medium (H3)<\/p>\n<\/div>\n\n\n\n<div class=\"wp-block-uagb-container uagb-block-cb1fa1e1\">\n<div class=\"wp-block-kadence-icon kt-svg-icons kt-svg-icons12351_fc54fd-e4 alignnone\">\n<div class=\"wp-block-kadence-single-icon kt-svg-style-default kt-svg-icon-wrap kt-svg-item-12351_44bc89-37\"><span class=\"kb-svg-icon-wrap kb-svg-icon-ic_star\"><svg viewBox=\"0 0 8 8\"  fill=\"currentColor\" xmlns=\"http:\/\/www.w3.org\/2000\/svg\"  aria-hidden=\"true\"><path d=\"M4 0l-1 3h-3l2.5 2-1 3 2.5-2 2.5 2-1-3 2.5-2h-3l-1-3z\"\/><\/svg><\/span><\/div>\n\n\n\n<div class=\"wp-block-kadence-single-icon kt-svg-style-default kt-svg-icon-wrap kt-svg-item-12351_2d7fc5-55\"><span class=\"kb-svg-icon-wrap kb-svg-icon-ic_star\"><svg viewBox=\"0 0 8 8\"  fill=\"currentColor\" xmlns=\"http:\/\/www.w3.org\/2000\/svg\"  aria-hidden=\"true\"><path d=\"M4 0l-1 3h-3l2.5 2-1 3 2.5-2 2.5 2-1-3 2.5-2h-3l-1-3z\"\/><\/svg><\/span><\/div>\n\n\n\n<div class=\"wp-block-kadence-single-icon kt-svg-style-default kt-svg-icon-wrap kt-svg-item-12351_03e511-84\"><span class=\"kb-svg-icon-wrap kb-svg-icon-ic_star\"><svg viewBox=\"0 0 8 8\"  fill=\"currentColor\" xmlns=\"http:\/\/www.w3.org\/2000\/svg\"  aria-hidden=\"true\"><path d=\"M4 0l-1 3h-3l2.5 2-1 3 2.5-2 2.5 2-1-3 2.5-2h-3l-1-3z\"\/><\/svg><\/span><\/div>\n\n\n\n<div class=\"wp-block-kadence-single-icon kt-svg-style-default kt-svg-icon-wrap kt-svg-item-12351_606cb0-eb\"><span class=\"kb-svg-icon-wrap kb-svg-icon-ic_star\"><svg viewBox=\"0 0 8 8\"  fill=\"currentColor\" xmlns=\"http:\/\/www.w3.org\/2000\/svg\"  aria-hidden=\"true\"><path d=\"M4 0l-1 3h-3l2.5 2-1 3 2.5-2 2.5 2-1-3 2.5-2h-3l-1-3z\"\/><\/svg><\/span><\/div>\n<\/div>\n\n\n\n<p class=\"has-text-color has-link-color has-jost-font-family wp-elements-0d5cef3873fdaa21f0fef26a1a2be83d wp-block-paragraph\" style=\"color:#505050;font-size:20px;font-style:normal;font-weight:400\">Medium Hart (H4)<\/p>\n<\/div>\n\n\n\n<div class=\"wp-block-uagb-container uagb-block-70bdab20\">\n<div class=\"wp-block-kadence-icon kt-svg-icons kt-svg-icons12351_47cd18-03 alignnone\">\n<div class=\"wp-block-kadence-single-icon kt-svg-style-default kt-svg-icon-wrap kt-svg-item-12351_867ffd-4c\"><span class=\"kb-svg-icon-wrap kb-svg-icon-ic_star\"><svg viewBox=\"0 0 8 8\"  fill=\"currentColor\" xmlns=\"http:\/\/www.w3.org\/2000\/svg\"  aria-hidden=\"true\"><path d=\"M4 0l-1 3h-3l2.5 2-1 3 2.5-2 2.5 2-1-3 2.5-2h-3l-1-3z\"\/><\/svg><\/span><\/div>\n\n\n\n<div class=\"wp-block-kadence-single-icon kt-svg-style-default kt-svg-icon-wrap kt-svg-item-12351_c49093-5d\"><span class=\"kb-svg-icon-wrap kb-svg-icon-ic_star\"><svg viewBox=\"0 0 8 8\"  fill=\"currentColor\" xmlns=\"http:\/\/www.w3.org\/2000\/svg\"  aria-hidden=\"true\"><path d=\"M4 0l-1 3h-3l2.5 2-1 3 2.5-2 2.5 2-1-3 2.5-2h-3l-1-3z\"\/><\/svg><\/span><\/div>\n\n\n\n<div class=\"wp-block-kadence-single-icon kt-svg-style-default kt-svg-icon-wrap kt-svg-item-12351_8df5b9-51\"><span class=\"kb-svg-icon-wrap kb-svg-icon-ic_star\"><svg viewBox=\"0 0 8 8\"  fill=\"currentColor\" xmlns=\"http:\/\/www.w3.org\/2000\/svg\"  aria-hidden=\"true\"><path d=\"M4 0l-1 3h-3l2.5 2-1 3 2.5-2 2.5 2-1-3 2.5-2h-3l-1-3z\"\/><\/svg><\/span><\/div>\n\n\n\n<div class=\"wp-block-kadence-single-icon kt-svg-style-default kt-svg-icon-wrap kt-svg-item-12351_2a00a5-90\"><span class=\"kb-svg-icon-wrap kb-svg-icon-ic_star\"><svg viewBox=\"0 0 8 8\"  fill=\"currentColor\" xmlns=\"http:\/\/www.w3.org\/2000\/svg\"  aria-hidden=\"true\"><path d=\"M4 0l-1 3h-3l2.5 2-1 3 2.5-2 2.5 2-1-3 2.5-2h-3l-1-3z\"\/><\/svg><\/span><\/div>\n\n\n\n<div class=\"wp-block-kadence-single-icon kt-svg-style-default kt-svg-icon-wrap kt-svg-item-12351_e8b36f-96\"><span class=\"kb-svg-icon-wrap kb-svg-icon-ic_star\"><svg viewBox=\"0 0 8 8\"  fill=\"currentColor\" xmlns=\"http:\/\/www.w3.org\/2000\/svg\"  aria-hidden=\"true\"><path d=\"M4 0l-1 3h-3l2.5 2-1 3 2.5-2 2.5 2-1-3 2.5-2h-3l-1-3z\"\/><\/svg><\/span><\/div>\n<\/div>\n\n\n\n<p class=\"has-text-color has-link-color has-jost-font-family wp-elements-c2c862f687246c2a401635d205270104 wp-block-paragraph\" style=\"color:#505050;font-size:20px;font-style:normal;font-weight:400\">Hart (H5)<\/p>\n<\/div>\n<\/div>\n<\/div>\n\n\n\n<div style=\"height:100px\" aria-hidden=\"true\" class=\"wp-block-spacer uag-hide-desktop uag-hide-tab uag-hide-mob\"><\/div>\n\n\n\n<div style=\"height:50px\" aria-hidden=\"true\" class=\"wp-block-spacer uag-hide-desktop uag-hide-tab\"><\/div>\n\n\n\n<div class=\"wp-block-uagb-container uagb-block-929739c1 alignfull uagb-is-root-container\">\n<h1 class=\"wp-block-heading has-text-color has-link-color has-jost-font-family wp-elements-988d016f1dacb28f5069a19ebca50868\" style=\"color:#151515;margin-top:0px;margin-bottom:0px;font-size:40px;font-style:normal;font-weight:400;line-height:1.1\">Haltbarkeit<\/h1>\n\n\n\n<div class=\"wp-block-uagb-container uagb-block-ef3fa53c\">\n<div class=\"wp-block-uagb-container uagb-block-5986c582\">\n<div class=\"wp-block-uagb-container product-durability uagb-block-0395c633\">\n<p class=\"has-custom-accent-custom-color has-text-color has-link-color has-jost-font-family wp-elements-91c0423bb1b510e177643b50af90452e wp-block-paragraph\" style=\"font-size:20px;font-style:normal;font-weight:400;line-height:1.1\">2 Jahre<\/p>\n\n\n\n<p class=\"has-text-color has-link-color has-sf-pro-display-font-family wp-elements-67d13af5edc68a9b64039d4a78da163b wp-block-paragraph\" style=\"color:#505050;font-size:16px;font-style:normal;font-weight:400;line-height:1.4\">Mindest Garantiezeitraum f\u00fcr eine Matratze.<\/p>\n<\/div>\n\n\n\n<div class=\"wp-block-uagb-container product-durability uagb-block-265c7785\">\n<p class=\"has-custom-accent-custom-color has-text-color has-link-color has-jost-font-family wp-elements-b2193f771571cdd6013f1915afbc1835 wp-block-paragraph\" style=\"font-size:20px;font-style:normal;font-weight:400;line-height:1.1\">5 Jahre<\/p>\n\n\n\n<p class=\"has-text-color has-link-color has-sf-pro-display-font-family wp-elements-41a6953fde99b5936a00d11f6c5b40ff wp-block-paragraph\" style=\"color:#505050;font-size:16px;font-style:normal;font-weight:400;line-height:1.4\">Mindest Garantiezeitraum f\u00fcr ein Federkernsyste<\/p>\n<\/div>\n\n\n\n<div class=\"wp-block-uagb-container product-durability uagb-block-f80cb572\">\n<p class=\"has-custom-accent-custom-color has-text-color has-link-color has-jost-font-family wp-elements-4c4d9d58ac8c2c182780d2900e1aee03 wp-block-paragraph\" style=\"font-size:20px;font-style:normal;font-weight:400;line-height:1.1\">10 Jahre<\/p>\n\n\n\n<p class=\"has-text-color has-link-color has-sf-pro-display-font-family wp-elements-d19a3f2b87ec33c5d7c4ff14aa4c1ce3 wp-block-paragraph\" style=\"color:#505050;font-size:16px;font-style:normal;font-weight:400;line-height:1.4\">Garantierte Lebensdauer von bis zu einem Jahrzehnt.<\/p>\n<\/div>\n<\/div>\n\n\n\n<div class=\"wp-block-uagb-container uagb-block-a8c40172\">\n<p class=\"has-text-color has-link-color has-sf-pro-display-font-family wp-elements-9c64e0863d1b60289c2bc8731e6707b9 wp-block-paragraph\" style=\"color:#505050;font-size:16px;font-style:normal;font-weight:400;line-height:1.4\"><mark style=\"background-color:rgba(0, 0, 0, 0)\" class=\"has-inline-color has-custom-accent-custom-color\">*<\/mark> Der Garantiezeitraum des Herstellers kann durch Vereinbarung der Parteien verl\u00e4ngert werden<\/p>\n<\/div>\n<\/div>\n<\/div>\n\n\n\n<div style=\"height:100px\" aria-hidden=\"true\" class=\"wp-block-spacer uag-hide-mob\"><\/div>\n\n\n\n<div style=\"height:50px\" aria-hidden=\"true\" class=\"wp-block-spacer uag-hide-desktop uag-hide-tab\"><\/div>\n\n\n\n<div class=\"wp-block-uagb-container uagb-block-23eb160d alignfull uagb-is-root-container\">\n<div class=\"wp-block-uagb-image alignleft uagb-block-1b61714c wp-block-uagb-image--layout-default wp-block-uagb-image--effect-static wp-block-uagb-image--align-left featured-image\"><figure class=\"wp-block-uagb-image__figure\"><img decoding=\"async\" srcset=\"https:\/\/msa-matratzen.de\/wp-content\/uploads\/2025\/03\/Custom-possibilities-2.jpg ,https:\/\/msa-matratzen.de\/wp-content\/uploads\/2025\/03\/Custom-possibilities-2.jpg 780w, https:\/\/msa-matratzen.de\/wp-content\/uploads\/2025\/03\/Custom-possibilities-2.jpg 360w\" sizes=\"auto, (max-width: 480px) 150px\" src=\"https:\/\/msa-matratzen.de\/wp-content\/uploads\/2025\/03\/Custom-possibilities-2.jpg\" alt=\"Individuelle m\u00f6glichkeiten\" class=\"uag-image-9648\" width=\"652\" height=\"355\" title=\"Individuelle m\u00f6glichkeiten\" loading=\"lazy\" role=\"img\"\/><\/figure><\/div>\n\n\n\n<div class=\"wp-block-uagb-container featured-text-container uagb-block-3e0e888c\">\n<div class=\"wp-block-uagb-container uagb-block-183da1ab\">\n<h1 class=\"wp-block-heading has-text-color has-link-color has-jost-font-family uag-hide-mob wp-elements-2c6b827bdddfd1d5a55b03aec6022fe3\" style=\"color:#151515;margin-top:0px;margin-bottom:0px;font-size:40px;font-style:normal;font-weight:400\">Individuelle M\u00f6glichkeiten<\/h1>\n\n\n\n<p class=\"has-text-align-center has-jost-font-family uag-hide-desktop uag-hide-tab wp-block-paragraph\" style=\"font-size:40px;line-height:1.1\">Individuelle M\u00f6glichkeiten<\/p>\n\n\n\n<p class=\"has-text-color has-link-color has-sf-pro-display-font-family uag-hide-mob wp-elements-7e546f1692c82e496bc197b5b435ad46 wp-block-paragraph\" style=\"color:#505050;font-size:16px;font-style:normal;font-weight:400\">Auf der Suche nach etwas Einzigartigem? Wir bieten vollst\u00e4ndige Individualisierung, um Ihre spezifischen Anforderungen zu erf\u00fcllen. W\u00e4hlen Sie Ihre bevorzugte Gr\u00f6\u00dfe, Ihr Material, Ihren H\u00e4rtegrad und Ihr Design. Unsere Experten arbeiten eng mit Ihnen zusammen, um eine Matratze zu entwickeln, die perfekt auf Ihren Komfort zugeschnitten ist.<\/p>\n\n\n\n<div class=\"wp-block-uagb-container uag-hide-desktop uag-hide-tab uagb-block-504c1d9d\">\n<p class=\"has-text-align-center has-text-color has-link-color has-sf-pro-display-font-family uag-hide-desktop uag-hide-tab wp-elements-4a075da6e0b2a39edc63f531aae0fd0a wp-block-paragraph\" style=\"color:#505050;font-size:16px;font-style:normal;font-weight:400\">Auf der Suche nach etwas Einzigartigem? Wir bieten vollst\u00e4ndige Individualisierung, um Ihre spezifischen Anforderungen zu erf\u00fcllen. W\u00e4hlen Sie Ihre bevorzugte Gr\u00f6\u00dfe, Ihr Material, Ihren H\u00e4rtegrad und Ihr Design. Unsere Experten arbeiten eng mit Ihnen zusammen, um eine Matratze zu entwickeln, die perfekt auf Ihren Komfort zugeschnitten ist.<\/p>\n<\/div>\n<\/div>\n\n\n\n<div class=\"wp-block-uagb-container uagb-block-b94a0f1c\">\n<div class=\"wp-block-uagb-container uagb-block-0bddc7c7\">\n<div class=\"wp-block-kadence-advancedbtn kb-buttons-wrap kb-btns12351_49cff6-4d short-button\"><a class=\"kb-button kt-button button kb-btn12351_788767-e5 kt-btn-size-standard kt-btn-width-type-full kb-btn-global-fill  kt-btn-has-text-true kt-btn-has-svg-false  has-sf-pro-display-font-family button-interaction-styles wp-block-kadence-singlebtn\" href=\"https:\/\/msa-matratzen.de\/contact\/\"><span class=\"kt-btn-inner-text\">Individualisierung anfordern<\/span><\/a><\/div>\n<\/div>\n<\/div>\n<\/div>\n<\/div>\n\n\n\n<div style=\"height:100px\" aria-hidden=\"true\" class=\"wp-block-spacer uag-hide-mob\"><\/div>\n\n\n\n<div style=\"height:50px\" aria-hidden=\"true\" class=\"wp-block-spacer uag-hide-desktop uag-hide-tab\"><\/div>\n","protected":false},"excerpt":{"rendered":"<p>Unsere Produkte Produktkategorien Federkernmatratzen Schaummatratz Hybridmatratzen Komfort KS Komfort PU Grey Line Dynamic GreyLine Grey Line Element GreyLine Grey Line Fusion 2 in 1 GreyLine Grey Line Synesis GreyLine Grey Line Wave GreyLine Hygiene Star Modern KS Modern Visco Neon 2 in 1 Optima TFK AloeVera Optima TFK Hit Optima TFK Star Prima Prima Multi [&hellip;]<\/p>\n","protected":false},"author":1,"featured_media":10292,"parent":0,"menu_order":0,"comment_status":"closed","ping_status":"closed","template":"wp-custom-template-product-pages","meta":{"_crdt_document":"","inline_featured_image":false,"_uag_custom_page_level_css":"\/* Start Products desktop hover *\/\n.product-hover-container {\n    cursor: pointer;\n}\n\n\/* Background color change on hover *\/\n.product-hover-container:hover {\n\/*     background: #EE3121; *\/\n\tjustify-content: center !important;\n}\n\n\/* Default image styling *\/\n.product-image-default {\n    transition: opacity 0.75s ease-in-out;\n\twidth: 286px !important;\n\theight: 135px;\n}\n\n.mattress-item {\n\t\twidth: 286px !important;\n}\n\n\/* Hover image - hidden initially *\/\n.product-image-hover {\n    display: none !important;\n\twidth: 286px !important;\n\theight: 135px;\n    transition: transform 0.75s ease-in-out;\n}\n\n\/* Show hover image, hide default *\/\n.product-hover-container:hover .product-image-hover {\n    display: flex !important;\n\/*     transform: rotate(160deg); *\/\n}\n\n.product-hover-container:hover .product-image-default, .product-hover-container:hover .container-greyline-default-product-image {\n    display: none;\n}\n\n\/* Hide product title on hover *\/\n\/* .product-title-container {\n    transition: opacity 0.5s ease-in-out;\n}\n.product-hover-container:hover .product-title-container {\n    display: none;\n} *\/\n\n\/* End Products desktop hover *\/\n\n\/* START OF Mobile Custom Card HOVER  *\/\n\/* Container\/Card Styling *\/\n.card-hover {\n    cursor: pointer;\n}\n.card-hover:hover {\n    background-color: #151515 !important; \/* Hover card color *\/\n    transform: scale(1.02);\n    box-shadow: 0 10px 20px rgba(0, 0, 0, 0.3);\n}\n  \n\/* hide image on hover *\/\n.card-hover:hover .image-hover {\n    display: none !important;\n    transition: transform 0.5s ease-in-out;\n}\n  \n  \/* Title Styling *\/\n.title-hover {\n    color: #151515; \/* Default title color *\/\n    transition: color 0.5s ease;\n}\n  \n.card-hover:hover .title-hover {\n    color: #EE3121; \/* Hover title color *\/\n}\n\n\/* Hide text list by default *\/\n.product-text-list-container {\n    display: none !important;\n    transition: opacity 0.5s ease-in-out;\n}\n\n\/* Show text list on hover*\/\n.card-hover:hover .product-text-list-container {\n    display: flex !important;\n    transition: opacity 0.5s ease-in-out;\n}\n\n@media only screen and (max-width: 976px) {\n\t .product-grid-container .main-product-grid {\n    grid-template-columns: repeat(3, minmax(0, 1fr));\n    gap: 30px;\n  }\n.product-image-default,\n.product-image-default img,\n.product-image-hover,\n.product-image-hover img {\n  width: 200px !important;\n height: 100px !important;\n\t}\n.product-hover-container {\n   width: 100% !important;\n\tpadding:0 !important;\n\t}\n}\n@media only screen and (min-width: 1000px) and (max-width: 1024px) {\n\t  .main-product-grid .mattress-item {\n    width: 100% !important;\n  }\n\t .product-grid-container .main-product-grid {\n    grid-template-columns: repeat(3, minmax(0, 1fr));\n    gap: 40px;\n  }\n.product-image-default,\n.product-image-default img,\n.product-image-hover,\n.product-image-hover img {\n  width: 250px !important;\n height: 200px !important;\n\t}\n.product-hover-container {\n   width: 100% !important;\n\tpadding:0 !important;\n\t}\n}\n\/* END OF Mobile Custom Card HOVER  *\/\n\n\/* Features Grid *\/\n.features-grid {\n\/* \trow 40 column 16 *\/\n\tgap: 40px 16px;\n}\n\/* .features-grid > :last-child {\n    grid-column: 2 \/ span 2; \n\n    justify-self: center; \n    text-align: center;\n} *\/\n\n\n\/* Custom Vertical Slider *\/\n\/* Ensure each slide is styled properly *\/\n.slick-list {\n\tmax-height: 712px\n}\n\n\/* Style navigation buttons *\/\n.slick-prev, .slick-next {\n    background: none;\n    border: none;\n    position: absolute;\n    left: 50% !important;\n    transform: translateX(-50%);\n    width: fit-content !important;\n    height: fit-content;\n    cursor: pointer;\n    z-index: 10;\n}\n\n.slick-prev {\n    top: 10px;\n}\n\n.slick-next {\n    bottom: 0px;\n}\n\n.slick-vertical .slick-slide {\n\tborder: none !important;\n}\n\n\/* Style arrow icons *\/\n.slick-prev img,\n.slick-next img {\n    width: 16px; \/* Adjust size as needed *\/\n    height: 16px;\n    object-fit: contain;\n}","footnotes":""},"class_list":["post-12351","page","type-page","status-publish","has-post-thumbnail","hentry"],"yoast_head":"<!-- This site is optimized with the Yoast SEO plugin v27.4 - https:\/\/yoast.com\/product\/yoast-seo-wordpress\/ -->\n<title>Produkte - Moderne SchlafArt<\/title>\n<meta name=\"robots\" content=\"index, follow, max-snippet:-1, max-image-preview:large, max-video-preview:-1\" \/>\n<link rel=\"canonical\" href=\"https:\/\/msa-matratzen.de\/de\/products\/\" \/>\n<meta property=\"og:locale\" content=\"de_DE\" \/>\n<meta property=\"og:type\" content=\"article\" \/>\n<meta property=\"og:title\" content=\"Produkte - Moderne SchlafArt\" \/>\n<meta property=\"og:description\" content=\"Unsere Produkte Produktkategorien Federkernmatratzen Schaummatratz Hybridmatratzen Komfort KS Komfort PU Grey Line Dynamic GreyLine Grey Line Element GreyLine Grey Line Fusion 2 in 1 GreyLine Grey Line Synesis GreyLine Grey Line Wave GreyLine Hygiene Star Modern KS Modern Visco Neon 2 in 1 Optima TFK AloeVera Optima TFK Hit Optima TFK Star Prima Prima Multi [&hellip;]\" \/>\n<meta property=\"og:url\" content=\"https:\/\/msa-matratzen.de\/de\/products\/\" \/>\n<meta property=\"og:site_name\" content=\"Moderne SchlafArt\" \/>\n<meta property=\"article:modified_time\" content=\"2025-05-20T04:53:58+00:00\" \/>\n<meta property=\"og:image\" content=\"https:\/\/msa-matratzen.de\/wp-content\/uploads\/2025\/03\/Logo_MSA_mit-Hintergrund_color.jpg\" \/>\n\t<meta property=\"og:image:width\" content=\"1000\" \/>\n\t<meta property=\"og:image:height\" content=\"580\" \/>\n\t<meta property=\"og:image:type\" content=\"image\/jpeg\" \/>\n<meta name=\"twitter:card\" content=\"summary_large_image\" \/>\n<meta name=\"twitter:label1\" content=\"Gesch\u00e4tzte Lesezeit\" \/>\n\t<meta name=\"twitter:data1\" content=\"24\u00a0Minuten\" \/>\n<script type=\"application\/ld+json\" class=\"yoast-schema-graph\">{\"@context\":\"https:\\\/\\\/schema.org\",\"@graph\":[{\"@type\":\"WebPage\",\"@id\":\"https:\\\/\\\/msa-matratzen.de\\\/products\\\/\",\"url\":\"https:\\\/\\\/msa-matratzen.de\\\/products\\\/\",\"name\":\"Produkte - Moderne SchlafArt\",\"isPartOf\":{\"@id\":\"https:\\\/\\\/msa-matratzen.de\\\/#website\"},\"primaryImageOfPage\":{\"@id\":\"https:\\\/\\\/msa-matratzen.de\\\/products\\\/#primaryimage\"},\"image\":{\"@id\":\"https:\\\/\\\/msa-matratzen.de\\\/products\\\/#primaryimage\"},\"thumbnailUrl\":\"https:\\\/\\\/msa-matratzen.de\\\/wp-content\\\/uploads\\\/2025\\\/03\\\/Logo_MSA_mit-Hintergrund_color.jpg\",\"datePublished\":\"2025-05-13T06:06:31+00:00\",\"dateModified\":\"2025-05-20T04:53:58+00:00\",\"breadcrumb\":{\"@id\":\"https:\\\/\\\/msa-matratzen.de\\\/products\\\/#breadcrumb\"},\"inLanguage\":\"de\",\"potentialAction\":[{\"@type\":\"ReadAction\",\"target\":[\"https:\\\/\\\/msa-matratzen.de\\\/products\\\/\"]}]},{\"@type\":\"ImageObject\",\"inLanguage\":\"de\",\"@id\":\"https:\\\/\\\/msa-matratzen.de\\\/products\\\/#primaryimage\",\"url\":\"https:\\\/\\\/msa-matratzen.de\\\/wp-content\\\/uploads\\\/2025\\\/03\\\/Logo_MSA_mit-Hintergrund_color.jpg\",\"contentUrl\":\"https:\\\/\\\/msa-matratzen.de\\\/wp-content\\\/uploads\\\/2025\\\/03\\\/Logo_MSA_mit-Hintergrund_color.jpg\",\"width\":1000,\"height\":580,\"caption\":\"Logo_MSA_mit Hintergrund_color\"},{\"@type\":\"BreadcrumbList\",\"@id\":\"https:\\\/\\\/msa-matratzen.de\\\/products\\\/#breadcrumb\",\"itemListElement\":[{\"@type\":\"ListItem\",\"position\":1,\"name\":\"Main page\",\"item\":\"https:\\\/\\\/msa-matratzen.de\\\/\"},{\"@type\":\"ListItem\",\"position\":2,\"name\":\"Produkte\"}]},{\"@type\":\"WebSite\",\"@id\":\"https:\\\/\\\/msa-matratzen.de\\\/#website\",\"url\":\"https:\\\/\\\/msa-matratzen.de\\\/\",\"name\":\"Moderne SchlafArt\",\"description\":\"\",\"publisher\":{\"@id\":\"https:\\\/\\\/msa-matratzen.de\\\/#organization\"},\"potentialAction\":[{\"@type\":\"SearchAction\",\"target\":{\"@type\":\"EntryPoint\",\"urlTemplate\":\"https:\\\/\\\/msa-matratzen.de\\\/?s={search_term_string}\"},\"query-input\":{\"@type\":\"PropertyValueSpecification\",\"valueRequired\":true,\"valueName\":\"search_term_string\"}}],\"inLanguage\":\"de\"},{\"@type\":\"Organization\",\"@id\":\"https:\\\/\\\/msa-matratzen.de\\\/#organization\",\"name\":\"Moderne SchlafArt\",\"url\":\"https:\\\/\\\/msa-matratzen.de\\\/\",\"logo\":{\"@type\":\"ImageObject\",\"inLanguage\":\"de\",\"@id\":\"https:\\\/\\\/msa-matratzen.de\\\/#\\\/schema\\\/logo\\\/image\\\/\",\"url\":\"https:\\\/\\\/msa-matratzen.de\\\/wp-content\\\/uploads\\\/2025\\\/04\\\/Logo-header-1.png\",\"contentUrl\":\"https:\\\/\\\/msa-matratzen.de\\\/wp-content\\\/uploads\\\/2025\\\/04\\\/Logo-header-1.png\",\"width\":308,\"height\":278,\"caption\":\"Moderne SchlafArt\"},\"image\":{\"@id\":\"https:\\\/\\\/msa-matratzen.de\\\/#\\\/schema\\\/logo\\\/image\\\/\"}}]}<\/script>\n<!-- \/ Yoast SEO plugin. -->","yoast_head_json":{"title":"Produkte - Moderne SchlafArt","robots":{"index":"index","follow":"follow","max-snippet":"max-snippet:-1","max-image-preview":"max-image-preview:large","max-video-preview":"max-video-preview:-1"},"canonical":"https:\/\/msa-matratzen.de\/de\/products\/","og_locale":"de_DE","og_type":"article","og_title":"Produkte - Moderne SchlafArt","og_description":"Unsere Produkte Produktkategorien Federkernmatratzen Schaummatratz Hybridmatratzen Komfort KS Komfort PU Grey Line Dynamic GreyLine Grey Line Element GreyLine Grey Line Fusion 2 in 1 GreyLine Grey Line Synesis GreyLine Grey Line Wave GreyLine Hygiene Star Modern KS Modern Visco Neon 2 in 1 Optima TFK AloeVera Optima TFK Hit Optima TFK Star Prima Prima Multi [&hellip;]","og_url":"https:\/\/msa-matratzen.de\/de\/products\/","og_site_name":"Moderne SchlafArt","article_modified_time":"2025-05-20T04:53:58+00:00","og_image":[{"width":1000,"height":580,"url":"https:\/\/msa-matratzen.de\/wp-content\/uploads\/2025\/03\/Logo_MSA_mit-Hintergrund_color.jpg","type":"image\/jpeg"}],"twitter_card":"summary_large_image","twitter_misc":{"Gesch\u00e4tzte Lesezeit":"24\u00a0Minuten"},"schema":{"@context":"https:\/\/schema.org","@graph":[{"@type":"WebPage","@id":"https:\/\/msa-matratzen.de\/products\/","url":"https:\/\/msa-matratzen.de\/products\/","name":"Produkte - Moderne SchlafArt","isPartOf":{"@id":"https:\/\/msa-matratzen.de\/#website"},"primaryImageOfPage":{"@id":"https:\/\/msa-matratzen.de\/products\/#primaryimage"},"image":{"@id":"https:\/\/msa-matratzen.de\/products\/#primaryimage"},"thumbnailUrl":"https:\/\/msa-matratzen.de\/wp-content\/uploads\/2025\/03\/Logo_MSA_mit-Hintergrund_color.jpg","datePublished":"2025-05-13T06:06:31+00:00","dateModified":"2025-05-20T04:53:58+00:00","breadcrumb":{"@id":"https:\/\/msa-matratzen.de\/products\/#breadcrumb"},"inLanguage":"de","potentialAction":[{"@type":"ReadAction","target":["https:\/\/msa-matratzen.de\/products\/"]}]},{"@type":"ImageObject","inLanguage":"de","@id":"https:\/\/msa-matratzen.de\/products\/#primaryimage","url":"https:\/\/msa-matratzen.de\/wp-content\/uploads\/2025\/03\/Logo_MSA_mit-Hintergrund_color.jpg","contentUrl":"https:\/\/msa-matratzen.de\/wp-content\/uploads\/2025\/03\/Logo_MSA_mit-Hintergrund_color.jpg","width":1000,"height":580,"caption":"Logo_MSA_mit Hintergrund_color"},{"@type":"BreadcrumbList","@id":"https:\/\/msa-matratzen.de\/products\/#breadcrumb","itemListElement":[{"@type":"ListItem","position":1,"name":"Main page","item":"https:\/\/msa-matratzen.de\/"},{"@type":"ListItem","position":2,"name":"Produkte"}]},{"@type":"WebSite","@id":"https:\/\/msa-matratzen.de\/#website","url":"https:\/\/msa-matratzen.de\/","name":"Moderne SchlafArt","description":"","publisher":{"@id":"https:\/\/msa-matratzen.de\/#organization"},"potentialAction":[{"@type":"SearchAction","target":{"@type":"EntryPoint","urlTemplate":"https:\/\/msa-matratzen.de\/?s={search_term_string}"},"query-input":{"@type":"PropertyValueSpecification","valueRequired":true,"valueName":"search_term_string"}}],"inLanguage":"de"},{"@type":"Organization","@id":"https:\/\/msa-matratzen.de\/#organization","name":"Moderne SchlafArt","url":"https:\/\/msa-matratzen.de\/","logo":{"@type":"ImageObject","inLanguage":"de","@id":"https:\/\/msa-matratzen.de\/#\/schema\/logo\/image\/","url":"https:\/\/msa-matratzen.de\/wp-content\/uploads\/2025\/04\/Logo-header-1.png","contentUrl":"https:\/\/msa-matratzen.de\/wp-content\/uploads\/2025\/04\/Logo-header-1.png","width":308,"height":278,"caption":"Moderne SchlafArt"},"image":{"@id":"https:\/\/msa-matratzen.de\/#\/schema\/logo\/image\/"}}]}},"uagb_featured_image_src":{"full":["https:\/\/msa-matratzen.de\/wp-content\/uploads\/2025\/03\/Logo_MSA_mit-Hintergrund_color.jpg",1000,580,false],"thumbnail":["https:\/\/msa-matratzen.de\/wp-content\/uploads\/2025\/03\/Logo_MSA_mit-Hintergrund_color-150x150.jpg",150,150,true],"medium":["https:\/\/msa-matratzen.de\/wp-content\/uploads\/2025\/03\/Logo_MSA_mit-Hintergrund_color-300x174.jpg",300,174,true],"medium_large":["https:\/\/msa-matratzen.de\/wp-content\/uploads\/2025\/03\/Logo_MSA_mit-Hintergrund_color-768x445.jpg",768,445,true],"large":["https:\/\/msa-matratzen.de\/wp-content\/uploads\/2025\/03\/Logo_MSA_mit-Hintergrund_color.jpg",1000,580,false],"1536x1536":["https:\/\/msa-matratzen.de\/wp-content\/uploads\/2025\/03\/Logo_MSA_mit-Hintergrund_color.jpg",1000,580,false],"2048x2048":["https:\/\/msa-matratzen.de\/wp-content\/uploads\/2025\/03\/Logo_MSA_mit-Hintergrund_color.jpg",1000,580,false],"trp-custom-language-flag":["https:\/\/msa-matratzen.de\/wp-content\/uploads\/2025\/03\/Logo_MSA_mit-Hintergrund_color-18x10.jpg",18,10,true]},"uagb_author_info":{"display_name":"supp","author_link":"https:\/\/msa-matratzen.de\/de\/author\/supp\/"},"uagb_comment_info":0,"uagb_excerpt":"Unsere Produkte Produktkategorien Federkernmatratzen Schaummatratz Hybridmatratzen Komfort KS Komfort PU Grey Line Dynamic GreyLine Grey Line Element GreyLine Grey Line Fusion 2 in 1 GreyLine Grey Line Synesis GreyLine Grey Line Wave GreyLine Hygiene Star Modern KS Modern Visco Neon 2 in 1 Optima TFK AloeVera Optima TFK Hit Optima TFK Star Prima Prima Multi&hellip;","_links":{"self":[{"href":"https:\/\/msa-matratzen.de\/de\/wp-json\/wp\/v2\/pages\/12351","targetHints":{"allow":["GET"]}}],"collection":[{"href":"https:\/\/msa-matratzen.de\/de\/wp-json\/wp\/v2\/pages"}],"about":[{"href":"https:\/\/msa-matratzen.de\/de\/wp-json\/wp\/v2\/types\/page"}],"author":[{"embeddable":true,"href":"https:\/\/msa-matratzen.de\/de\/wp-json\/wp\/v2\/users\/1"}],"replies":[{"embeddable":true,"href":"https:\/\/msa-matratzen.de\/de\/wp-json\/wp\/v2\/comments?post=12351"}],"version-history":[{"count":6,"href":"https:\/\/msa-matratzen.de\/de\/wp-json\/wp\/v2\/pages\/12351\/revisions"}],"predecessor-version":[{"id":12912,"href":"https:\/\/msa-matratzen.de\/de\/wp-json\/wp\/v2\/pages\/12351\/revisions\/12912"}],"wp:featuredmedia":[{"embeddable":true,"href":"https:\/\/msa-matratzen.de\/de\/wp-json\/wp\/v2\/media\/10292"}],"wp:attachment":[{"href":"https:\/\/msa-matratzen.de\/de\/wp-json\/wp\/v2\/media?parent=12351"}],"curies":[{"name":"wp","href":"https:\/\/api.w.org\/{rel}","templated":true}]}}